{"id":2438,"date":"2025-12-31T12:14:13","date_gmt":"2025-12-31T11:14:13","guid":{"rendered":"https:\/\/escolaiboix.com\/escuela\/formacion\/master-en-ilustracion-profesional\/"},"modified":"2026-03-28T19:23:47","modified_gmt":"2026-03-28T18:23:47","slug":"master-en-ilustracion-profesional","status":"publish","type":"page","link":"https:\/\/escolaiboix.com\/es\/escuela\/formacion\/master-en-ilustracion-profesional\/","title":{"rendered":"M\u00e1ster en Ilustraci\u00f3n profesional"},"content":{"rendered":"<section class=\"l-section wpb_row Wlbl height_huge color_alternate with_img\" id=\"innHd\"><div class=\"l-section-img\" role=\"img\" aria-label=\"M\u00e1ster en Arte para Animaci\u00f3n y Videojuegos\" data-img-width=\"1920\" data-img-height=\"750\" style=\"background-image: url(https:\/\/escolaiboix.com\/wp-content\/uploads\/2026\/02\/Master-hd.jpg);\"><\/div><div class=\"l-section-overlay\" style=\"background:#929292\"><\/div><div class=\"l-section-h i-cf\"><div class=\"g-cols vc_row via_grid cols_1 laptops-cols_inherit tablets-cols_inherit mobiles-cols_1 valign_top type_default stacking_default\"><div class=\"wpb_column vc_column_container\"><div class=\"vc_column-inner\"><div class=\"wpb_text_column us_custom_05bb8ce0 us_animate_this\"><div class=\"wpb_wrapper\"><h5 style=\"text-align: center;\">M\u00e1ster en<\/h5>\n<\/div><\/div><div class=\"wpb_text_column us_custom_2774bef1\"><div class=\"wpb_wrapper\"><h1 style=\"text-align: center;\">Ilustraci\u00f3n profesional<\/h1>\n<\/div><\/div><div class=\"wpb_text_column us_custom_f70d789f us_animate_this\"><div class=\"wpb_wrapper\"><p style=\"text-align: center;\">Crea y desarrolla ilustraci\u00f3n a nivel profesional<\/p>\n<\/div><\/div><\/div><\/div><\/div><\/div><\/section><section class=\"l-section wpb_row threLn height_small\" id=\"lablGr\"><div class=\"l-section-overlay\" style=\"background:rgba(255,105,0,0.8)\"><\/div><div class=\"l-section-h i-cf\"><div class=\"g-cols vc_row via_grid cols_1 laptops-cols_inherit tablets-cols_inherit mobiles-cols_1 valign_top type_default stacking_default\"><div class=\"wpb_column vc_column_container\"><div class=\"vc_column-inner\"><div class=\"wpb_text_column\"><div class=\"wpb_wrapper\"><p><strong>Inicio:<\/strong> Octubre 2026<\/p>\n<\/div><\/div><div class=\"wpb_text_column\"><div class=\"wpb_wrapper\"><p><strong>Duraci\u00f3n:<\/strong> 15 meses<\/p>\n<\/div><\/div><div class=\"wpb_text_column\"><div class=\"wpb_wrapper\"><p><strong>Edad m\u00ednima:<\/strong> 18 a\u00f1os<\/p>\n<\/div><\/div><div class=\"wpb_text_column\"><div class=\"wpb_wrapper\"><p><strong>Acceso:<\/strong> Selecci\u00f3n por portfolio<\/p>\n<\/div><\/div><div class=\"wpb_text_column\"><div class=\"wpb_wrapper\"><p><strong>Horario:<\/strong> Lu a vi de 10h a 14h<\/p>\n<\/div><\/div><div class=\"wpb_text_column\"><div class=\"wpb_wrapper\"><p><strong>Reserva plaza:<\/strong> 250\u20ac<\/p>\n<\/div><\/div><div class=\"wpb_text_column\"><div class=\"wpb_wrapper\"><p><strong>Matr\u00edcula:<\/strong> 850\u20ac (gratis alumnado graduado en IBOIX Escola)<\/p>\n<\/div><\/div><div class=\"wpb_text_column\"><div class=\"wpb_wrapper\"><p><strong>Pago anual:<\/strong> 4.554 \u20ac o 9 cuotas de 550 \u20ac<\/p>\n<\/div><\/div><\/div><\/div><\/div><\/div><\/section><section class=\"l-section wpb_row us_custom_887a049b Dbl height_medium\" id=\"Desc\"><div class=\"l-section-h i-cf\"><div class=\"g-cols vc_row via_grid cols_2 laptops-cols_inherit tablets-cols_inherit mobiles-cols_1 valign_middle type_default stacking_default\"><div data-us-scroll=\"{&quot;from_initial_position&quot;:&quot;0&quot;,&quot;start_position&quot;:&quot;0%&quot;,&quot;end_position&quot;:&quot;50%&quot;,&quot;delay&quot;:&quot;0.1s&quot;,&quot;translate_y_direction&quot;:&quot;up&quot;,&quot;translate_y_speed&quot;:&quot;0.3x&quot;}\" class=\"wpb_column vc_column_container nfCl has_scroll_effects has_translate_y\"><div class=\"vc_column-inner\"><div class=\"wpb_text_column\"><div class=\"wpb_wrapper\"><h6>Formaci\u00f3n avanzada en ilustraci\u00f3n con inmersi\u00f3n profesional<\/h6>\n<\/div><\/div><div class=\"wpb_text_column\"><div class=\"wpb_wrapper\"><p>El <strong>M\u00e1ster en Ilustraci\u00f3n Profesional de Iboix Escola<\/strong> es un programa avanzado pensado para artistas con una base s\u00f3lida de dibujo que quieren llevar su nivel un paso m\u00e1s all\u00e1 y desarrollar proyectos de ilustraci\u00f3n con criterios reales de industria.<br \/>\nEs un m\u00e1ster orientado exclusivamente al \u00e1mbito art\u00edstico: dibujo, ilustraci\u00f3n, narrativa visual, desarrollo de proyectos editoriales y procesos profesionales dentro del sector de la ilustraci\u00f3n.<\/p>\n<p>El programa combina:<\/p>\n<ul>\n<li>una primera fase de formaci\u00f3n intensiva y especializada<\/li>\n<li>una segunda fase de inmersi\u00f3n profesional dentro de una productora creativa<\/li>\n<\/ul>\n<p>Durante el m\u00e1ster, <strong>el alumnado<\/strong> trabajar\u00e1 en el desarrollo de proyectos reales de ilustraci\u00f3n, tanto propios como colaborativos, con el objetivo de llevarlos hasta un nivel profesional y prepararlos para el mercado.<\/p>\n<p>El objetivo es claro: <strong>formar profesionales de la ilustraci\u00f3n con nivel avanzado y ayudarles a convertir sus ideas en proyectos s\u00f3lidos y preparados para el mundo profesional. <\/strong><\/p>\n<\/div><\/div><div class=\"w-btn-wrapper align_none\"><a class=\"w-btn us-btn-style_1\" href=\"#Prllx\"><span class=\"w-btn-label\">Pide m\u00e1s info ahora<\/span><\/a><\/div><\/div><\/div><div data-us-scroll=\"{&quot;from_initial_position&quot;:&quot;0&quot;,&quot;start_position&quot;:&quot;0%&quot;,&quot;end_position&quot;:&quot;50%&quot;,&quot;delay&quot;:&quot;0.1s&quot;,&quot;scale_direction&quot;:&quot;up&quot;,&quot;scale_speed&quot;:&quot;0.3x&quot;}\" class=\"wpb_column vc_column_container mgCl has_scroll_effects has_scale stretched\"><div class=\"vc_column-inner\"><div class=\"w-image align_none\"><div class=\"w-image-h\"><img decoding=\"async\" width=\"1689\" height=\"2241\" src=\"https:\/\/escolaiboix.com\/wp-content\/uploads\/2026\/03\/So_Mata_TFG_Final-5-1.jpg\" class=\"attachment-full size-full\" alt=\"\" loading=\"lazy\" srcset=\"https:\/\/escolaiboix.com\/wp-content\/uploads\/2026\/03\/So_Mata_TFG_Final-5-1.jpg 1689w, https:\/\/escolaiboix.com\/wp-content\/uploads\/2026\/03\/So_Mata_TFG_Final-5-1-226x300.jpg 226w, https:\/\/escolaiboix.com\/wp-content\/uploads\/2026\/03\/So_Mata_TFG_Final-5-1-772x1024.jpg 772w, https:\/\/escolaiboix.com\/wp-content\/uploads\/2026\/03\/So_Mata_TFG_Final-5-1-600x796.jpg 600w\" sizes=\"auto, (max-width: 1689px) 100vw, 1689px\" \/><\/div><\/div><\/div><\/div><\/div><\/div><\/section><section class=\"l-section wpb_row No-Frm height_medium color_alternate with_img parallax_ver\" id=\"PAbr\"><div class=\"l-section-img\" role=\"img\" aria-label=\"Imagen\" data-img-width=\"1600\" data-img-height=\"1067\" style=\"background-image: url(https:\/\/escolaiboix.com\/wp-content\/uploads\/2026\/03\/EscolaIBOIX_20231005_R5_2328_PhotoCescMaymo.jpg);background-repeat: no-repeat;background-size: auto;\"><\/div><div class=\"l-section-h i-cf\"><div class=\"g-cols vc_row via_grid cols_1 laptops-cols_inherit tablets-cols_inherit mobiles-cols_1 valign_top type_default stacking_default\"><div data-us-scroll=\"{&quot;from_initial_position&quot;:&quot;0&quot;,&quot;start_position&quot;:&quot;0%&quot;,&quot;end_position&quot;:&quot;50%&quot;,&quot;delay&quot;:&quot;0.1s&quot;,&quot;translate_x_direction&quot;:&quot;left&quot;,&quot;translate_x_speed&quot;:&quot;0.5x&quot;}\" class=\"wpb_column vc_column_container has_scroll_effects has_translate_x\"><div class=\"vc_column-inner\"><div class=\"wpb_text_column us_custom_50cc7d67\"><div class=\"wpb_wrapper\"><h2 style=\"text-align: center;\">\u00bfQUIERES M\u00c1S INFORMACI\u00d3N?<\/h2>\n<\/div><\/div><div class=\"wpb_text_column us_custom_3090c82c\"><div class=\"wpb_wrapper\"><p style=\"text-align: center;\">Si no conoces la escuela inscr\u00edbete a las sesiones de Puertas Abiertas o si lo prefieres p\u00eddenos una sesi\u00f3n individualizada y te explicaremos todos los detalles del M\u00e1ster.<\/p>\n<\/div><\/div><div class=\"w-hwrapper valign_middle align_none\" style=\"--hwrapper-gap:35px\"><div class=\"w-btn-wrapper align_left\"><a class=\"w-btn us-btn-style_1\" href=\"https:\/\/escolaiboix.com\/portes-obertes\/\"><span class=\"w-btn-label\">PUERTAS ABIERTAS<\/span><\/a><\/div><div class=\"w-btn-wrapper align_left\"><a class=\"w-btn us-btn-style_1\" href=\"https:\/\/escolaiboix.com\/es\/contacta\/\"><span class=\"w-btn-label\">SESI\u00d3N ONE TO ONE<\/span><\/a><\/div><\/div><\/div><\/div><\/div><\/div><\/section><section class=\"l-section wpb_row us_custom_278d8c57 Dbl height_medium\" id=\"Aula\"><div class=\"l-section-overlay\" style=\"background:#FBF8F4\"><\/div><div class=\"l-section-h i-cf\"><div class=\"g-cols vc_row via_grid cols_2 laptops-cols_inherit tablets-cols_inherit mobiles-cols_1 valign_middle type_default stacking_default\"><div data-us-scroll=\"{&quot;from_initial_position&quot;:&quot;0&quot;,&quot;start_position&quot;:&quot;0%&quot;,&quot;end_position&quot;:&quot;50%&quot;,&quot;delay&quot;:&quot;0.1s&quot;,&quot;translate_x_direction&quot;:&quot;right&quot;,&quot;translate_x_speed&quot;:&quot;0.3x&quot;}\" class=\"wpb_column vc_column_container nfCl has_scroll_effects has_translate_x\"><div class=\"vc_column-inner\"><div class=\"wpb_text_column us_custom_8d5aa4e2\"><div class=\"wpb_wrapper\"><h3>QU\u00c9 HACE DIFERENTE A ESTE M\u00c1STER<\/h3>\n<\/div><\/div><div class=\"wpb_text_column\"><div class=\"wpb_wrapper\"><ul>\n<li>Se puede trabajar en proyectos propios o de terceros siguiendo procesos 100% profesionales<\/li>\n<li>Todo el trabajo es supervisado por un Director de Arte y un Director de Producci\u00f3n<\/li>\n<li>Se acaba con un portfolio pensado para ser presentado a estudios, productoras e incubadoras<\/li>\n<li>No se limita al aula ni a la productora: se participa en eventos de la industria creativa<\/li>\n<li>El programa facilita el acceso a oportunidades de incubaci\u00f3n y convocatorias profesionales<\/li>\n<\/ul>\n<\/div><\/div><\/div><\/div><div data-us-scroll=\"{&quot;from_initial_position&quot;:&quot;0&quot;,&quot;start_position&quot;:&quot;0%&quot;,&quot;end_position&quot;:&quot;50%&quot;,&quot;delay&quot;:&quot;0.1s&quot;,&quot;scale_direction&quot;:&quot;up&quot;,&quot;scale_speed&quot;:&quot;0.3x&quot;}\" class=\"wpb_column vc_column_container mgCl glCl has_scroll_effects has_scale stretched\"><div class=\"vc_column-inner\"><div class=\"w-slider style_none fit_cover nav_none has_ratio count_11\" style=\"--aspect-ratio: 1\/1;\"><div class=\"w-slider-h\" aria-hidden=\"true\"><div class=\"royalSlider\"><div class=\"rsContent\"><a class=\"rsImg\" data-rsw=\"960\" data-rsh=\"792\" href=\"https:\/\/escolaiboix.com\/wp-content\/uploads\/2026\/03\/Una-escola-diferent-galeria-1.jpg\"><span data-alt=\"Una escola diferent\"><\/span><\/a><\/div><div class=\"rsContent\"><a class=\"rsImg\" data-rsw=\"960\" data-rsh=\"792\" href=\"https:\/\/escolaiboix.com\/wp-content\/uploads\/2026\/03\/Una-escola-diferent-galeria-2.jpg\"><span data-alt=\"Una escola diferent IBOIX\"><\/span><\/a><\/div><div class=\"rsContent\"><a class=\"rsImg\" data-rsw=\"960\" data-rsh=\"792\" href=\"https:\/\/escolaiboix.com\/wp-content\/uploads\/2026\/03\/Una-escola-diferent-galeria-3.jpg\"><span data-alt=\"Una escola diferent IBOIX\"><\/span><\/a><\/div><div class=\"rsContent\"><a class=\"rsImg\" data-rsw=\"960\" data-rsh=\"792\" href=\"https:\/\/escolaiboix.com\/wp-content\/uploads\/2026\/03\/Una-escola-diferent-galeria-4.jpg\"><span data-alt=\"Una escola diferent IBOIX\"><\/span><\/a><\/div><div class=\"rsContent\"><a class=\"rsImg\" data-rsw=\"960\" data-rsh=\"792\" href=\"https:\/\/escolaiboix.com\/wp-content\/uploads\/2026\/03\/Una-escola-diferent-galeria-5.jpg\"><span data-alt=\"Una escola diferent IBOIX\"><\/span><\/a><\/div><div class=\"rsContent\"><a class=\"rsImg\" data-rsw=\"960\" data-rsh=\"792\" href=\"https:\/\/escolaiboix.com\/wp-content\/uploads\/2026\/03\/Una-escola-diferent-galeria-6.jpg\"><span data-alt=\"Una escola diferent\"><\/span><\/a><\/div><div class=\"rsContent\"><a class=\"rsImg\" data-rsw=\"960\" data-rsh=\"792\" href=\"https:\/\/escolaiboix.com\/wp-content\/uploads\/2026\/03\/Una-escola-diferent-galeria-7.jpg\"><span data-alt=\"Una escola diferent IBOIX\"><\/span><\/a><\/div><div class=\"rsContent\"><a class=\"rsImg\" data-rsw=\"960\" data-rsh=\"792\" href=\"https:\/\/escolaiboix.com\/wp-content\/uploads\/2026\/03\/Una-escola-diferent-galeria-8.jpg\"><span data-alt=\"Una escola diferent IBOIX\"><\/span><\/a><\/div><div class=\"rsContent\"><a class=\"rsImg\" data-rsw=\"960\" data-rsh=\"792\" href=\"https:\/\/escolaiboix.com\/wp-content\/uploads\/2026\/03\/Una-escola-diferent-galeria-9.jpg\"><span data-alt=\"Una escola diferent IBOIX\"><\/span><\/a><\/div><div class=\"rsContent\"><a class=\"rsImg\" data-rsw=\"960\" data-rsh=\"792\" href=\"https:\/\/escolaiboix.com\/wp-content\/uploads\/2026\/03\/Una-escola-diferent-galeria-10.jpg\"><span data-alt=\"Una escola diferent IBOIX\"><\/span><\/a><\/div><div class=\"rsContent\"><a class=\"rsImg\" data-rsw=\"960\" data-rsh=\"792\" href=\"https:\/\/escolaiboix.com\/wp-content\/uploads\/2026\/03\/Una-escola-diferent-galeria-11.jpg\"><span data-alt=\"Una escola diferent IBOIX\"><\/span><\/a><\/div><\/div><img decoding=\"async\" src=\"https:\/\/escolaiboix.com\/wp-content\/uploads\/2026\/03\/Una-escola-diferent-galeria-1.jpg\" width=\"960\" height=\"792\" alt=\"Una escola diferent\" loading=\"lazy\"><\/div><div class=\"w-slider-json\" onclick='return {&quot;autoScaleSlider&quot;:false,&quot;addActiveClass&quot;:true,&quot;loop&quot;:true,&quot;fadeInLoadedSlide&quot;:false,&quot;slidesSpacing&quot;:0,&quot;imageScalePadding&quot;:0,&quot;numImagesToPreload&quot;:2,&quot;arrowsNav&quot;:true,&quot;arrowsNavAutoHide&quot;:false,&quot;transitionType&quot;:&quot;move&quot;,&quot;transitionSpeed&quot;:250,&quot;block&quot;:{&quot;moveEffect&quot;:&quot;none&quot;,&quot;speed&quot;:300},&quot;thumbs&quot;:{&quot;fitInViewport&quot;:false,&quot;firstMargin&quot;:false,&quot;spacing&quot;:4},&quot;controlNavigation&quot;:&quot;none&quot;}'><\/div><\/div><div class=\"w-vwrapper us_custom_50a4d084 Cta align_center valign_middle\" style=\"--vwrapper-gap:0rem\"><div class=\"wpb_text_column\"><div class=\"wpb_wrapper\"><p>Im\u00e1genes de las instalaciones<\/p>\n<\/div><\/div><\/div><\/div><\/div><\/div><\/div><\/section><section class=\"l-section wpb_row Dbl height_medium\" id=\"Mst\"><div class=\"l-section-h i-cf\"><div class=\"g-cols vc_row via_grid cols_1 laptops-cols_inherit tablets-cols_inherit mobiles-cols_1 valign_top type_default stacking_default\"><div class=\"wpb_column vc_column_container nfCl\"><div class=\"vc_column-inner\"><div class=\"wpb_text_column\"><div class=\"wpb_wrapper\"><h4 style=\"text-align: center;\">C\u00f3mo se trabaja en el M\u00e1ster<\/h4>\n<\/div><\/div><div class=\"g-cols wpb_row us_custom_72fc42ef via_grid cols_2 laptops-cols_inherit tablets-cols_inherit mobiles-cols_1 valign_top type_default stacking_default\" style=\"--columns-gap:3rem;\"><div class=\"wpb_column vc_column_container us_custom_7e20fa79 us_animate_this\"><div class=\"vc_column-inner\"><div class=\"wpb_text_column\"><div class=\"wpb_wrapper\"><h4>FASE 1 &#8211; FORMACI\u00d3N AVANZADA<\/h4>\n<\/div><\/div><div class=\"wpb_text_column\"><div class=\"wpb_wrapper\"><p>De octubre a junio (9 meses)<\/p>\n<p>La Fase 1 est\u00e1 dedicada a elevar el nivel art\u00edstico e introducir al alumnado en los procesos profesionales de la industria. Se trabaja de manera intensiva el dibujo, la ilustraci\u00f3n y el dise\u00f1o visual aplicados a animaci\u00f3n y videojuegos, con metodolog\u00edas y software propios de estudio profesional. <\/p>\n<p><b>\u00c1reas principales de trabajo<\/b><\/p>\n<\/div><\/div><div class=\"w-tabs Acr style_default switch_click accordion\"><div class=\"w-tabs-sections titles-align_none icon_triangle cpos_right\"><div class=\"w-tabs-section\" id=\"x4d3\"><button class=\"w-tabs-section-header\" aria-controls=\"content-x4d3\" aria-expanded=\"false\"><h6 class=\"w-tabs-section-title\">Ilustraci\u00f3n avanzada<\/h6><div class=\"w-tabs-section-control\"><\/div><\/button><div  class=\"w-tabs-section-content\" id=\"content-x4d3\"><div class=\"w-tabs-section-content-h i-cf\"><div class=\"wpb_text_column\"><div class=\"wpb_wrapper\"><p><span>Perfeccionamiento de t\u00e9cnicas de ilustraci\u00f3n avanzada. Se trabajar\u00e1n personajes, entornos y escenas con especial atenci\u00f3n al color, renderizado, textura y calidad de los acabados. <\/span><\/p>\n<\/div><\/div><\/div><\/div><\/div><div class=\"w-tabs-section\" id=\"d6bd\"><button class=\"w-tabs-section-header\" aria-controls=\"content-d6bd\" aria-expanded=\"false\"><h6 class=\"w-tabs-section-title\">Narrativa y guion para ilustradores<\/h6><div class=\"w-tabs-section-control\"><\/div><\/button><div  class=\"w-tabs-section-content\" id=\"content-d6bd\"><div class=\"w-tabs-section-content-h i-cf\"><div class=\"wpb_text_column\"><div class=\"wpb_wrapper\"><p><span>Narrativa visual y guion orientados a la ilustraci\u00f3n. Se desarrollar\u00e1n ideas, estructuras narrativas y secuencias de im\u00e1genes para explicar historias de manera clara, atractiva y efectiva. <\/span><\/p>\n<\/div><\/div><\/div><\/div><\/div><div class=\"w-tabs-section\" id=\"m88e\"><button class=\"w-tabs-section-header\" aria-controls=\"content-m88e\" aria-expanded=\"false\"><h6 class=\"w-tabs-section-title\">Estilo e identidad<\/h6><div class=\"w-tabs-section-control\"><\/div><\/button><div  class=\"w-tabs-section-content\" id=\"content-m88e\"><div class=\"w-tabs-section-content-h i-cf\"><div class=\"wpb_text_column\"><div class=\"wpb_wrapper\"><p><span>Desarrollo de identidad art\u00edstica y estilo propio. A trav\u00e9s de sesiones individuales, cada artista potenciar\u00e1 su estilo y lenguaje visual con criterio profesional y orientaci\u00f3n hacia el mundo laboral. <\/span><\/p>\n<\/div><\/div><\/div><\/div><\/div><div class=\"w-tabs-section\" id=\"gaae\"><button class=\"w-tabs-section-header\" aria-controls=\"content-gaae\" aria-expanded=\"false\"><h6 class=\"w-tabs-section-title\">Color tradicional<\/h6><div class=\"w-tabs-section-control\"><\/div><\/button><div  class=\"w-tabs-section-content\" id=\"content-gaae\"><div class=\"w-tabs-section-content-h i-cf\"><div class=\"wpb_text_column\"><div class=\"wpb_wrapper\"><p><span>Aplicaci\u00f3n del color con t\u00e9cnicas tradicionales sobre papel, utilizando principalmente acuarela y gouache. Se trabajar\u00e1n texturas, transparencias y control del color aplicado a proyectos de ilustraci\u00f3n. <\/span><\/p>\n<\/div><\/div><\/div><\/div><\/div><div class=\"w-tabs-section\" id=\"ac57\"><button class=\"w-tabs-section-header\" aria-controls=\"content-ac57\" aria-expanded=\"false\"><h6 class=\"w-tabs-section-title\">Artes finales<\/h6><div class=\"w-tabs-section-control\"><\/div><\/button><div  class=\"w-tabs-section-content\" id=\"content-ac57\"><div class=\"w-tabs-section-content-h i-cf\"><div class=\"wpb_text_column\"><div class=\"wpb_wrapper\"><p><span>Preparaci\u00f3n de artes finales para imprenta y maquetaci\u00f3n b\u00e1sica. Aprenderemos a preparar documentos, controlar el color, ajustar resoluciones y generar archivos correctos para producci\u00f3n editorial. <\/span><\/p>\n<\/div><\/div><\/div><\/div><\/div><div class=\"w-tabs-section\" id=\"udf8\"><button class=\"w-tabs-section-header\" aria-controls=\"content-udf8\" aria-expanded=\"false\"><h6 class=\"w-tabs-section-title\">Modelo de negocio y derechos de autor<\/h6><div class=\"w-tabs-section-control\"><\/div><\/button><div  class=\"w-tabs-section-content\" id=\"content-udf8\"><div class=\"w-tabs-section-content-h i-cf\"><div class=\"wpb_text_column\"><div class=\"wpb_wrapper\"><p><span>Modelo de negocio para ilustradores. Se trabajar\u00e1n derechos de autor, contratos, licencias de uso y estrategias para gestionar y comercializar profesionalmente la propia obra. <\/span><\/p>\n<\/div><\/div><\/div><\/div><\/div><\/div><\/div><\/div><\/div><div data-us-scroll=\"{&quot;from_initial_position&quot;:&quot;0&quot;,&quot;start_position&quot;:&quot;0%&quot;,&quot;end_position&quot;:&quot;50%&quot;,&quot;delay&quot;:&quot;0.1s&quot;,&quot;translate_x_direction&quot;:&quot;left&quot;,&quot;translate_x_speed&quot;:&quot;0.3x&quot;}\" class=\"wpb_column vc_column_container us_custom_47474b22 us_animate_this has_scroll_effects has_translate_x\"><div class=\"vc_column-inner\"><div class=\"wpb_text_column\"><div class=\"wpb_wrapper\"><h4>FASE 2 &#8211; PROFESSIONAL STUDIO PROGRAM<\/h4>\n<\/div><\/div><div class=\"wpb_text_column\"><div class=\"wpb_wrapper\"><p>De septiembre a febrero (6 meses)<\/p>\n<p>La Fase 2 consiste en una etapa de desarrollo profesional guiado de seis meses dentro de IBOIX Impuls, como parte del programa formativo.<\/p>\n<\/div><\/div><div class=\"w-tabs Acr style_default switch_click accordion\"><div class=\"w-tabs-sections titles-align_none icon_triangle cpos_right\"><div class=\"w-tabs-section\" id=\"y3ed\"><button class=\"w-tabs-section-header\" aria-controls=\"content-y3ed\" aria-expanded=\"false\"><h6 class=\"w-tabs-section-title\">El alumnado se integra en la din\u00e1mica real de una productora creativa:<\/h6><div class=\"w-tabs-section-control\"><\/div><\/button><div  class=\"w-tabs-section-content\" id=\"content-y3ed\"><div class=\"w-tabs-section-content-h i-cf\"><div class=\"wpb_text_column\"><div class=\"wpb_wrapper\"><ul>\n<li>horario regular de trabajo<\/li>\n<li>direcci\u00f3n de arte y coordinaci\u00f3n de producci\u00f3n<\/li>\n<li>reuniones, revisiones y feedback profesional<\/li>\n<li>trabajo con calendarios y ritmos reales de estudio<\/li>\n<\/ul>\n<p>Durante esta etapa, el alumnado puede:<br \/>\n\u2013 integrarse en proyectos impulsados por la productora<br \/>\n\u2013 o desarrollar proyectos propios, que se trabajan para que alcancen est\u00e1ndares profesionales reales dentro de un entorno de producci\u00f3n<\/p>\n<p>Adem\u00e1s, esta fase permite dar continuidad a proyectos personales o colaborativos con potencial, integr\u00e1ndolos dentro del entorno de la productora con direcci\u00f3n de arte, coordinaci\u00f3n de producci\u00f3n y criterios reales de estudio. En ambos casos, se trabaja en equipos, con roles definidos y criterios profesionales. <\/p>\n<p>No es un coworking ni unas pr\u00e1cticas simb\u00f3licas: es una experiencia inmersiva dentro de una productora, con acompa\u00f1amiento constante.<\/p>\n<\/div><\/div><\/div><\/div><\/div><div class=\"w-tabs-section\" id=\"h6d3\"><button class=\"w-tabs-section-header\" aria-controls=\"content-h6d3\" aria-expanded=\"false\"><h6 class=\"w-tabs-section-title\">Desarrollo de proyectos y derechos<\/h6><div class=\"w-tabs-section-control\"><\/div><\/button><div  class=\"w-tabs-section-content\" id=\"content-h6d3\"><div class=\"w-tabs-section-content-h i-cf\"><div class=\"wpb_text_column\"><div class=\"wpb_wrapper\"><p>Todos los proyectos son propiedad de sus creadores y se enmarcan en un contexto profesional real.<\/p>\n<p>Cuando un proyecto muestra potencial de llegar al mercado:<\/p>\n<ul>\n<li>los autores mantienen siempre los derechos morales<\/li>\n<li>los autores conservan un porcentaje de los derechos de explotaci\u00f3n<\/li>\n<li>la productora se reserva una parte de los derechos de explotaci\u00f3n, mediante acuerdo<\/li>\n<li>esta participaci\u00f3n solo se aplica si el proyecto se comercializa<\/li>\n<\/ul>\n<p>Este modelo refleja el funcionamiento habitual de una productora: la productora aporta recursos, infraestructura, direcci\u00f3n de arte y desarrollo profesional, y participa de los posibles ingresos si el proyecto llega al mercado.<\/p>\n<p>Si un proyecto no llega a desarrollo comercial, contin\u00faa siendo propiedad de sus creadores, sin ning\u00fan coste ni penalizaci\u00f3n.<\/p>\n<\/div><\/div><\/div><\/div><\/div><\/div><\/div><\/div><\/div><\/div><\/div><\/div><\/div><\/div><\/section><section class=\"l-section wpb_row height_large\" id=\"Tm\"><div class=\"l-section-overlay\" style=\"background:#FBF8F4\"><\/div><div class=\"l-section-h i-cf\"><div class=\"g-cols vc_row via_grid cols_1 laptops-cols_inherit tablets-cols_inherit mobiles-cols_1 valign_top type_default stacking_default\"><div class=\"wpb_column vc_column_container\"><div class=\"vc_column-inner\"><div class=\"wpb_text_column\"><div class=\"wpb_wrapper\"><h3>Profesorado del m\u00e1ster<\/h3>\n<\/div><\/div><div class=\"wpb_text_column us_custom_44e02295\"><div class=\"wpb_wrapper\"><p>Los mejores profesionales para tus proyectos<\/p>\n<\/div><\/div><div class=\"w-btn-wrapper align_none\"><a class=\"w-btn us-btn-style_2 icon_atleft\" href=\"https:\/\/escolaiboix.com\/es\/escuela\/profesorado\/\"><i class=\"fas fa-user-circle\"><\/i><span class=\"w-btn-label\">Conoce a todo el claustro<\/span><\/a><\/div><div class=\"w-grid us_post_list us_custom_cdf14ffd type_grid layout_417 cols_3 preload_style_spinner with_css_animation\" id=\"us_post_list_e5c6\" style=\"--columns:3;--gap:3px;\"><style>@media (max-width:479px){#us_post_list_e5c6{--columns:2!important}}.layout_417 .w-grid-item-h{}.layout_417 .usg_vwrapper_1{transition-duration:0.35s;transform-origin:50% 50%;transform:scale(1) translate(0%,0%);opacity:0}.layout_417 .w-grid-item-h:focus-within .usg_vwrapper_1,.layout_417 .w-grid-item-h:hover .usg_vwrapper_1{transform:scale(1) translate(0%,0%);opacity:1;background:rgba(255,105,0,0.9)!important}.layout_417 .usg_vwrapper_1{position:absolute!important;left:0!important;bottom:0!important;right:0!important;padding:20px 25px 20px 25px!important}.layout_417 .usg_post_title_1{color:#fff!important;font-weight:600!important;text-transform:capitalize!important}.layout_417 .usg_post_content_1{color:#ffffff!important}<\/style><div class=\"w-grid-list\">\t<article class=\"w-grid-item us_animate_afb size_1x1 post-2600 professorat type-professorat status-publish has-post-thumbnail hentry categories_professors-master-en-art-per-animacio-i-videojocs categories_professors-master-en-illustracio-professional\" data-id=\"2600\" style=\"animation-delay:0s\">\r\n\t\t<div class=\"w-grid-item-h\">\r\n\t\t\t\t\t\t<div class=\"w-post-elm post_image usg_post_image_1 stretched\"><img loading=\"lazy\" decoding=\"async\" width=\"850\" height=\"850\" src=\"https:\/\/escolaiboix.com\/wp-content\/uploads\/2026\/01\/Carlos-munoz.jpg\" class=\"attachment-full size-full wp-post-image\" alt=\"Carlos Mun\u0303oz\" srcset=\"https:\/\/escolaiboix.com\/wp-content\/uploads\/2026\/01\/Carlos-munoz.jpg 850w, https:\/\/escolaiboix.com\/wp-content\/uploads\/2026\/01\/Carlos-munoz-300x300.jpg 300w, https:\/\/escolaiboix.com\/wp-content\/uploads\/2026\/01\/Carlos-munoz-150x150.jpg 150w, https:\/\/escolaiboix.com\/wp-content\/uploads\/2026\/01\/Carlos-munoz-600x600.jpg 600w\" sizes=\"auto, (max-width: 850px) 100vw, 850px\" \/><\/div><div class=\"w-vwrapper usg_vwrapper_1 align_left valign_top\" style=\"--vwrapper-gap:5px\"><h6 class=\"w-post-elm post_title usg_post_title_1 has_text_color align_left entry-title color_link_inherit\">Carlos Mu\u00f1oz<\/h6><div class=\"w-post-elm post_content usg_post_content_1 has_text_color\"><p>Visual Development <\/p>\n<\/div><a class=\"w-btn us-btn-style_2 usg_btn_1 icon_atleft\" href=\"https:\/\/escolaiboix.com\/es\/professorat\/carlos-munoz\/\"><i class=\"fas fa-user-circle\"><\/i><span class=\"w-btn-label\">Ver perfil<\/span><\/a><\/div>\t\t<\/div>\r\n\t\t\t<\/article>\r\n\t<article class=\"w-grid-item us_animate_afb size_1x1 post-2546 professorat type-professorat status-publish has-post-thumbnail hentry categories_professors-grau-en-illustracio-professional categories_professors-master-en-illustracio-professional\" data-id=\"2546\" style=\"animation-delay:0.1s\">\r\n\t\t<div class=\"w-grid-item-h\">\r\n\t\t\t\t\t\t<div class=\"w-post-elm post_image usg_post_image_1 stretched\"><img loading=\"lazy\" decoding=\"async\" width=\"850\" height=\"850\" src=\"https:\/\/escolaiboix.com\/wp-content\/uploads\/2026\/01\/Magela-ronda.jpg\" class=\"attachment-full size-full wp-post-image\" alt=\"Magela Ronda\" srcset=\"https:\/\/escolaiboix.com\/wp-content\/uploads\/2026\/01\/Magela-ronda.jpg 850w, https:\/\/escolaiboix.com\/wp-content\/uploads\/2026\/01\/Magela-ronda-300x300.jpg 300w, https:\/\/escolaiboix.com\/wp-content\/uploads\/2026\/01\/Magela-ronda-150x150.jpg 150w, https:\/\/escolaiboix.com\/wp-content\/uploads\/2026\/01\/Magela-ronda-600x600.jpg 600w\" sizes=\"auto, (max-width: 850px) 100vw, 850px\" \/><\/div><div class=\"w-vwrapper usg_vwrapper_1 align_left valign_top\" style=\"--vwrapper-gap:5px\"><h6 class=\"w-post-elm post_title usg_post_title_1 has_text_color align_left entry-title color_link_inherit\">Magela Ronda<\/h6><div class=\"w-post-elm post_content usg_post_content_1 has_text_color\"><p>Producci\u00f3n editorial, Artes Finales<\/p>\n<\/div><a class=\"w-btn us-btn-style_2 usg_btn_1 icon_atleft\" href=\"https:\/\/escolaiboix.com\/es\/professorat\/magela-ronda\/\"><i class=\"fas fa-user-circle\"><\/i><span class=\"w-btn-label\">Ver perfil<\/span><\/a><\/div>\t\t<\/div>\r\n\t\t\t<\/article>\r\n\t<article class=\"w-grid-item us_animate_afb size_1x1 post-2567 professorat type-professorat status-publish has-post-thumbnail hentry categories_professors-grau-en-illustracio-professional categories_professors-master-en-illustracio-professional\" data-id=\"2567\" style=\"animation-delay:0.2s\">\r\n\t\t<div class=\"w-grid-item-h\">\r\n\t\t\t\t\t\t<div class=\"w-post-elm post_image usg_post_image_1 stretched\"><img loading=\"lazy\" decoding=\"async\" width=\"850\" height=\"850\" src=\"https:\/\/escolaiboix.com\/wp-content\/uploads\/2026\/01\/roger-simo.jpg\" class=\"attachment-full size-full wp-post-image\" alt=\"Roger Simo\u0301\" srcset=\"https:\/\/escolaiboix.com\/wp-content\/uploads\/2026\/01\/roger-simo.jpg 850w, https:\/\/escolaiboix.com\/wp-content\/uploads\/2026\/01\/roger-simo-300x300.jpg 300w, https:\/\/escolaiboix.com\/wp-content\/uploads\/2026\/01\/roger-simo-150x150.jpg 150w, https:\/\/escolaiboix.com\/wp-content\/uploads\/2026\/01\/roger-simo-600x600.jpg 600w\" sizes=\"auto, (max-width: 850px) 100vw, 850px\" \/><\/div><div class=\"w-vwrapper usg_vwrapper_1 align_left valign_top\" style=\"--vwrapper-gap:5px\"><h6 class=\"w-post-elm post_title usg_post_title_1 has_text_color align_left entry-title color_link_inherit\">Roger Sim\u00f3<\/h6><div class=\"w-post-elm post_content usg_post_content_1 has_text_color\"><p>Ilustraci\u00f3n infantil<\/p>\n<\/div><a class=\"w-btn us-btn-style_2 usg_btn_1 icon_atleft\" href=\"https:\/\/escolaiboix.com\/es\/professorat\/roger-simo\/\"><i class=\"fas fa-user-circle\"><\/i><span class=\"w-btn-label\">Ver perfil<\/span><\/a><\/div>\t\t<\/div>\r\n\t\t\t<\/article>\r\n\t<article class=\"w-grid-item us_animate_afb size_1x1 post-2599 professorat type-professorat status-publish has-post-thumbnail hentry categories_professors-curs-dart-tradicional categories_professors-iboix-one categories_professors-grau-en-illustracio-professional categories_professors-master-en-illustracio-professional\" data-id=\"2599\" style=\"animation-delay:0.3s\">\r\n\t\t<div class=\"w-grid-item-h\">\r\n\t\t\t\t\t\t<div class=\"w-post-elm post_image usg_post_image_1 stretched\"><img loading=\"lazy\" decoding=\"async\" width=\"850\" height=\"850\" src=\"https:\/\/escolaiboix.com\/wp-content\/uploads\/2026\/01\/Roger-vidal.jpg\" class=\"attachment-full size-full wp-post-image\" alt=\"Roger Vidal\" srcset=\"https:\/\/escolaiboix.com\/wp-content\/uploads\/2026\/01\/Roger-vidal.jpg 850w, https:\/\/escolaiboix.com\/wp-content\/uploads\/2026\/01\/Roger-vidal-300x300.jpg 300w, https:\/\/escolaiboix.com\/wp-content\/uploads\/2026\/01\/Roger-vidal-150x150.jpg 150w, https:\/\/escolaiboix.com\/wp-content\/uploads\/2026\/01\/Roger-vidal-600x600.jpg 600w\" sizes=\"auto, (max-width: 850px) 100vw, 850px\" \/><\/div><div class=\"w-vwrapper usg_vwrapper_1 align_left valign_top\" style=\"--vwrapper-gap:5px\"><h6 class=\"w-post-elm post_title usg_post_title_1 has_text_color align_left entry-title color_link_inherit\">Roger Vidal<\/h6><div class=\"w-post-elm post_content usg_post_content_1 has_text_color\"><p>C\u00f3mic<\/p>\n<\/div><a class=\"w-btn us-btn-style_2 usg_btn_1 icon_atleft\" href=\"https:\/\/escolaiboix.com\/es\/professorat\/roger-vidal\/\"><i class=\"fas fa-user-circle\"><\/i><span class=\"w-btn-label\">Ver perfil<\/span><\/a><\/div>\t\t<\/div>\r\n\t\t\t<\/article>\r\n\t<article class=\"w-grid-item us_animate_afb size_1x1 post-2531 professorat type-professorat status-publish has-post-thumbnail hentry categories_professors-iboix-one categories_professors-master-en-illustracio-professional categories_professors-programa-dacces-al-grau\" data-id=\"2531\" style=\"animation-delay:0.4s\">\r\n\t\t<div class=\"w-grid-item-h\">\r\n\t\t\t\t\t\t<div class=\"w-post-elm post_image usg_post_image_1 stretched\"><img loading=\"lazy\" decoding=\"async\" width=\"850\" height=\"850\" src=\"https:\/\/escolaiboix.com\/wp-content\/uploads\/2026\/01\/Xevi-benitez.jpg\" class=\"attachment-full size-full wp-post-image\" alt=\"Xevi Benitez\" srcset=\"https:\/\/escolaiboix.com\/wp-content\/uploads\/2026\/01\/Xevi-benitez.jpg 850w, https:\/\/escolaiboix.com\/wp-content\/uploads\/2026\/01\/Xevi-benitez-300x300.jpg 300w, https:\/\/escolaiboix.com\/wp-content\/uploads\/2026\/01\/Xevi-benitez-150x150.jpg 150w, https:\/\/escolaiboix.com\/wp-content\/uploads\/2026\/01\/Xevi-benitez-600x600.jpg 600w\" sizes=\"auto, (max-width: 850px) 100vw, 850px\" \/><\/div><div class=\"w-vwrapper usg_vwrapper_1 align_left valign_top\" style=\"--vwrapper-gap:5px\"><h6 class=\"w-post-elm post_title usg_post_title_1 has_text_color align_left entry-title color_link_inherit\">Xevi Benitez<\/h6><div class=\"w-post-elm post_content usg_post_content_1 has_text_color\"><p>Narrativa y composici\u00f3n<\/p>\n<\/div><a class=\"w-btn us-btn-style_2 usg_btn_1 icon_atleft\" href=\"https:\/\/escolaiboix.com\/es\/professorat\/xevi-benitez\/\"><i class=\"fas fa-user-circle\"><\/i><span class=\"w-btn-label\">Ver perfil<\/span><\/a><\/div>\t\t<\/div>\r\n\t\t\t<\/article>\r\n<\/div><div class=\"g-loadmore hidden\"><div class=\"g-preloader type_1\"><div><\/div><\/div><\/div><div class=\"w-grid-list-json hidden\" onclick='return {&quot;max_num_pages&quot;:0,&quot;paginationBase&quot;:&quot;page&quot;,&quot;pagination&quot;:&quot;none&quot;,&quot;paged&quot;:1,&quot;ajaxData&quot;:{&quot;action&quot;:&quot;us_ajax_post_list&quot;,&quot;meta_type&quot;:&quot;post&quot;,&quot;object_id&quot;:0,&quot;template_vars&quot;:{&quot;shortcode_base&quot;:&quot;us_post_list&quot;,&quot;paged&quot;:1,&quot;max_num_pages&quot;:0,&quot;no_results&quot;:false,&quot;us_post_content_design_css&quot;:[],&quot;found_posts&quot;:0,&quot;items_count&quot;:5,&quot;source&quot;:&quot;all&quot;,&quot;ids&quot;:&quot;&quot;,&quot;post_type&quot;:&quot;professorat&quot;,&quot;attachment_ids&quot;:null,&quot;include_post_thumbnail&quot;:0,&quot;post_author&quot;:&quot;any&quot;,&quot;post_author_ids&quot;:&quot;&quot;,&quot;apply_url_params&quot;:0,&quot;ignore_sticky_posts&quot;:1,&quot;exclude_children&quot;:0,&quot;exclude_current_post&quot;:1,&quot;exclude_prev_posts&quot;:0,&quot;exclude_past_events&quot;:0,&quot;enable_items_offset&quot;:0,&quot;items_offset&quot;:&quot;1&quot;,&quot;tax_query_relation&quot;:&quot;OR&quot;,&quot;tax_query&quot;:&quot;%5B%7B%22operator%22%3A%22IN%22%2C%22taxonomy%22%3A%22categories_professors%22%2C%22terms%22%3A%2257%22%2C%22include_children%22%3A%220%22%7D%5D&quot;,&quot;meta_query_relation&quot;:&quot;none&quot;,&quot;meta_query&quot;:[{&quot;key&quot;:&quot;custom_field_name&quot;,&quot;compare&quot;:&quot;=&quot;,&quot;value&quot;:&quot;&quot;}],&quot;orderby&quot;:&quot;title&quot;,&quot;orderby_custom_field&quot;:&quot;&quot;,&quot;orderby_custom_type&quot;:0,&quot;order_invert&quot;:0,&quot;show_all&quot;:&quot;1&quot;,&quot;quantity&quot;:&quot;12&quot;,&quot;posts_per_archive_page&quot;:0,&quot;no_items_action&quot;:&quot;message&quot;,&quot;no_items_message&quot;:&quot;No se han encontrado resultados.&quot;,&quot;no_items_page_block&quot;:&quot;&quot;,&quot;pagination&quot;:&quot;none&quot;,&quot;pagination_style&quot;:&quot;&quot;,&quot;pagination_btn_text&quot;:&quot;Cargar m\\u00e1s&quot;,&quot;pagination_btn_size&quot;:&quot;&quot;,&quot;pagination_btn_style&quot;:&quot;1&quot;,&quot;pagination_btn_fullwidth&quot;:0,&quot;items_layout&quot;:&quot;417&quot;,&quot;type&quot;:&quot;grid&quot;,&quot;items_valign&quot;:0,&quot;ignore_items_size&quot;:0,&quot;columns&quot;:&quot;3&quot;,&quot;items_gap&quot;:&quot;3px&quot;,&quot;load_animation&quot;:&quot;afb&quot;,&quot;items_preload_style&quot;:&quot;spinner&quot;,&quot;img_size&quot;:&quot;default&quot;,&quot;title_size&quot;:&quot;&quot;,&quot;items_ratio&quot;:&quot;default&quot;,&quot;items_ratio_width&quot;:&quot;21&quot;,&quot;items_ratio_height&quot;:&quot;9&quot;,&quot;overriding_link&quot;:&quot;%7B%22url%22%3A%22%22%7D&quot;,&quot;popup_page_template&quot;:&quot;0&quot;,&quot;popup_width&quot;:&quot;&quot;,&quot;popup_arrows&quot;:1,&quot;breakpoint_1_width&quot;:&quot;1381px&quot;,&quot;breakpoint_1_cols&quot;:&quot;default&quot;,&quot;breakpoint_1_quantity&quot;:&quot;&quot;,&quot;breakpoint_1_gap&quot;:&quot;&quot;,&quot;breakpoint_2_width&quot;:&quot;601px&quot;,&quot;breakpoint_2_cols&quot;:&quot;default&quot;,&quot;breakpoint_2_quantity&quot;:&quot;&quot;,&quot;breakpoint_2_gap&quot;:&quot;&quot;,&quot;breakpoint_3_width&quot;:&quot;480px&quot;,&quot;breakpoint_3_cols&quot;:&quot;2&quot;,&quot;breakpoint_3_quantity&quot;:&quot;&quot;,&quot;breakpoint_3_gap&quot;:&quot;&quot;,&quot;conditions_operator&quot;:&quot;always&quot;,&quot;conditions&quot;:[],&quot;css&quot;:&quot;%7B%22default%22%3A%7B%22margin-top%22%3A%222rem%22%7D%7D&quot;,&quot;el_class&quot;:&quot;&quot;,&quot;el_id&quot;:&quot;&quot;,&quot;enable_custom_html_atts&quot;:0,&quot;custom_html_atts&quot;:null,&quot;hide_on_states&quot;:&quot;&quot;,&quot;hide_for_sticky&quot;:0,&quot;hide_for_not_sticky&quot;:0,&quot;hide_below&quot;:&quot;0px&quot;,&quot;hide_above&quot;:&quot;0px&quot;,&quot;classes&quot;:&quot; us_custom_cdf14ffd&quot;,&quot;design_css_class&quot;:&quot;us_custom_cdf14ffd&quot;}},&quot;facetedFilter&quot;:[]}'><\/div><\/div><\/div><\/div><\/div><\/div><\/section><section class=\"l-section wpb_row Frm height_medium color_alternate with_img parallax_ver\" id=\"Prllx\"><div class=\"l-section-img\" role=\"img\" aria-label=\"\u00bfA\u00fan tienes dudas?\" data-img-width=\"1920\" data-img-height=\"1047\" style=\"background-image: url(https:\/\/escolaiboix.com\/wp-content\/uploads\/2026\/01\/Grau-en-illustracio-professional-bg.jpg);background-repeat: no-repeat;\"><\/div><div class=\"l-section-h i-cf\"><div class=\"g-cols vc_row via_grid cols_1 laptops-cols_inherit tablets-cols_inherit mobiles-cols_1 valign_top type_default stacking_default\"><div data-us-scroll=\"{&quot;from_initial_position&quot;:&quot;0&quot;,&quot;start_position&quot;:&quot;0%&quot;,&quot;end_position&quot;:&quot;50%&quot;,&quot;delay&quot;:&quot;0.1s&quot;,&quot;opacity_direction&quot;:&quot;out-in&quot;,&quot;scale_direction&quot;:&quot;up&quot;,&quot;scale_speed&quot;:&quot;0.3x&quot;}\" class=\"wpb_column vc_column_container has_scroll_effects has_opacity has_scale\"><div class=\"vc_column-inner\"><div class=\"w-hwrapper us_custom_8d5aa4e2 valign_middle align_left\" style=\"--hwrapper-gap:1rem\"><div class=\"w-image align_left\"><div class=\"w-image-h\"><img decoding=\"async\" src=\"https:\/\/escolaiboix.com\/wp-content\/uploads\/2026\/01\/Logoiboix-escola.svg\" class=\"attachment-full size-full\" alt=\"IBOIX escola\" loading=\"lazy\" \/><\/div><\/div><div class=\"w-vwrapper align_left valign_top\" style=\"--vwrapper-gap:5px\"><div class=\"wpb_text_column us_custom_064d3121\"><div class=\"wpb_wrapper\"><h5>CONTACTO<\/h5>\n<\/div><\/div><\/div><\/div>\n<div class=\"wpcf7 no-js\" id=\"wpcf7-f2773-o1\" lang=\"es-ES\" dir=\"ltr\" data-wpcf7-id=\"2773\">\n<div class=\"screen-reader-response\"><p role=\"status\" aria-live=\"polite\" aria-atomic=\"true\"><\/p> <ul><\/ul><\/div>\n<form action=\"\/es\/wp-json\/wp\/v2\/pages\/2438#wpcf7-f2773-o1\" method=\"post\" class=\"wpcf7-form init\" aria-label=\"Formulario de contacto\" novalidate=\"novalidate\" data-status=\"init\">\n<fieldset class=\"hidden-fields-container\"><input type=\"hidden\" name=\"_wpcf7\" value=\"2773\" \/><input type=\"hidden\" name=\"_wpcf7_version\" value=\"6.1.5\" \/><input type=\"hidden\" name=\"_wpcf7_locale\" value=\"es_ES\" \/><input type=\"hidden\" name=\"_wpcf7_unit_tag\" value=\"wpcf7-f2773-o1\" \/><input type=\"hidden\" name=\"_wpcf7_container_post\" value=\"0\" \/><input type=\"hidden\" name=\"_wpcf7_posted_data_hash\" value=\"\" \/>\n<\/fieldset>\n<div class=\"wpcf7-turnstile cf-turnstile\" data-sitekey=\"0x4AAAAAACBvqEpAYeOzeVJh\" data-response-field-name=\"_wpcf7_turnstile_response\"><\/div>\n\n<div class=\"hlf\">\n\t<p><span class=\"wpcf7-form-control-wrap\" data-name=\"your-name\"><input size=\"40\" maxlength=\"400\" class=\"wpcf7-form-control wpcf7-text wpcf7-validates-as-required\" aria-required=\"true\" aria-invalid=\"false\" placeholder=\"Nombre y apellidos*\" value=\"\" type=\"text\" name=\"your-name\" \/><\/span><span class=\"wpcf7-form-control-wrap\" data-name=\"your-email\"><input size=\"40\" maxlength=\"400\" class=\"wpcf7-form-control wpcf7-email wpcf7-validates-as-required wpcf7-text wpcf7-validates-as-email\" aria-required=\"true\" aria-invalid=\"false\" placeholder=\"Email*\" value=\"\" type=\"email\" name=\"your-email\" \/><\/span>\n\t<\/p>\n<\/div>\n<div class=\"hlf\">\n\t<p><span class=\"wpcf7-form-control-wrap\" data-name=\"your-phone\"><input size=\"40\" maxlength=\"400\" class=\"wpcf7-form-control wpcf7-tel wpcf7-validates-as-required wpcf7-text wpcf7-validates-as-tel\" aria-required=\"true\" aria-invalid=\"false\" placeholder=\"Tel\u00e9fono*\" value=\"\" type=\"tel\" name=\"your-phone\" \/><\/span><span class=\"wpcf7-form-control-wrap\" data-name=\"select-acom\"><select class=\"wpcf7-form-control wpcf7-select wpcf7-validates-as-required\" aria-required=\"true\" aria-invalid=\"false\" name=\"select-acom\"><option value=\"\">Curso de inter\u00e9s<\/option><option value=\"Grado de Ilustraci\u00f3n Profesional\">Grado de Ilustraci\u00f3n Profesional<\/option><option value=\"M\u00e1ster en Arte para Animaci\u00f3n y Videojuegos\">M\u00e1ster en Arte para Animaci\u00f3n y Videojuegos<\/option><option value=\"M\u00e1ster en Ilustraci\u00f3n profesional\">M\u00e1ster en Ilustraci\u00f3n profesional<\/option><option value=\"Curso de Ilustraci\u00f3n Digital\">Curso de Ilustraci\u00f3n Digital<\/option><option value=\"Curso de arte tradicional\">Curso de arte tradicional<\/option><option value=\"Cursos de verano\">Cursos de verano<\/option><option value=\"Extraescolar de dibujo digital\">Extraescolar de dibujo digital<\/option><option value=\"Otros\">Otros<\/option><\/select><\/span>\n\t<\/p>\n<\/div>\n<div class=\"one\">\n\t<p><span class=\"wpcf7-form-control-wrap\" data-name=\"your-textarea\"><textarea cols=\"40\" rows=\"10\" maxlength=\"2000\" class=\"wpcf7-form-control wpcf7-textarea\" aria-invalid=\"false\" placeholder=\"Comentarios\" name=\"your-textarea\"><\/textarea><\/span>\n\t<\/p>\n<\/div>\n<div class=\"legal_sb\">\n\t<div class=\"legal\">\n\t\t<p><span class=\"wpcf7-form-control-wrap\" data-name=\"acceptance-645\"><span class=\"wpcf7-form-control wpcf7-acceptance optional\"><span class=\"wpcf7-list-item\"><input type=\"checkbox\" name=\"acceptance-645\" value=\"1\" aria-invalid=\"false\" \/><\/span><\/span><\/span>\n\t\t<\/p>\n\t\t<p>*He le\u00eddo y acepto <a href=\"https:\/\/escolaiboix.com\/politica-de-privacitat\/\" target=\"blank\">la pol\u00edtica de privacidad<\/a> y el tratamiento de mis datos personales para gestionar mi solicitud y recibir comunicaciones informativas de IBOIX Escola\n\t\t<\/p>\n\t<\/div>\n\t<div class=\"send\">\n\t\t<p><input class=\"wpcf7-form-control wpcf7-submit has-spinner\" type=\"submit\" value=\"Enviar\" \/>\n\t\t<\/p>\n\t<\/div>\n<\/div>\n<p style=\"margin:0; padding:0; line-height: 0; Height:0;\"><span id=\"wpcf7-69f765664339c-wrapper\" class=\"wpcf7-form-control-wrap honeypot-781-wrap\" style=\"display:none !important; visibility:hidden !important;\"><label for=\"hddn-form\" class=\"hp-message\">Por favor, deja este campo vac\u00edo.<\/label><input id=\"hddn-form\"  class=\"wpcf7-form-control wpcf7-text\" type=\"text\" name=\"honeypot-781\" value=\"\" size=\"40\" tabindex=\"-1\" autocomplete=\"new-password\" \/><\/span>\n<\/p><div class=\"wpcf7-response-output\" aria-hidden=\"true\"><\/div>\n<\/form>\n<\/div>\n\n<\/div><\/div><\/div><\/div><\/section><section class=\"l-section wpb_row us_custom_1c47f0c0 height_auto\" id=\"MBtm\"><div class=\"l-section-h i-cf\"><div class=\"g-cols vc_row via_grid cols_1 laptops-cols_inherit tablets-cols_inherit mobiles-cols_1 valign_top type_default stacking_default\"><div class=\"wpb_column vc_column_container\"><div class=\"vc_column-inner\"><nav class=\"w-menu us_custom_9e9872e2 layout_hor style_links us_menu_1\" style=\"--main-gap:20px;--main-ver-indent:0.8em;--main-hor-indent:0.8em;--main-color:inherit;\"><ul id=\"menu-menu-master-en-illustracio-professional-ess\" class=\"menu\"><li id=\"menu-item-3977\" class=\"menu-item menu-item-type-custom menu-item-object-custom menu-item-3977\"><a href=\"#Desc\">Descripci\u00f3n<\/a><\/li><li id=\"menu-item-3978\" class=\"menu-item menu-item-type-custom menu-item-object-custom menu-item-3978\"><a href=\"#Aula\">Instalaciones<\/a><\/li><li id=\"menu-item-3979\" class=\"menu-item menu-item-type-custom menu-item-object-custom menu-item-3979\"><a href=\"#Mst\">\u200bC\u200bolmo se trabaja en el M\u00e1ster<\/a><\/li><li id=\"menu-item-3980\" class=\"menu-item menu-item-type-custom menu-item-object-custom menu-item-3980\"><a href=\"#Tm\">Profesorado<\/a><\/li><li id=\"menu-item-3981\" class=\"menu-item menu-item-type-custom menu-item-object-custom menu-item-3981\"><a href=\"#Acces\">Acceso al \u200bM\u00e1ster<\/a><\/li><li id=\"menu-item-3982\" class=\"w-btn us-btn-style_1 menu-item menu-item-type-post_type menu-item-object-page menu-item-3982\"><a href=\"https:\/\/escolaiboix.com\/es\/escuela\/admisiones-master-en-ilustracion-profesional\/\">Reservar plaza<\/a><\/li><\/ul><style>@media ( max-width:600px ){.us_menu_1 .menu{display:block!important}.us_menu_1 .menu>li{margin:0 0 var(--main-gap,20px)!important}}<\/style><\/nav><\/div><\/div><\/div><\/div><\/section>\n","protected":false},"excerpt":{"rendered":"<p>El M\u00e1ster en Ilustraci\u00f3n Profesional est\u00e1 dirigido a artistas con una base consolidada que desean especializarse y dar el salto a la industria desde una perspectiva art\u00edstica y visual. <\/p>\n","protected":false},"author":1,"featured_media":2437,"parent":2193,"menu_order":0,"comment_status":"closed","ping_status":"closed","template":"","meta":{"footnotes":"","_links_to":"","_links_to_target":""},"class_list":["post-2438","page","type-page","status-publish","has-post-thumbnail","hentry"],"yoast_head":"<!-- This site is optimized with the Yoast SEO plugin v27.2 - https:\/\/yoast.com\/product\/yoast-seo-wordpress\/ -->\n<title>M\u00e1ster en Ilustraci\u00f3n profesional - IBOIX<\/title>\n<meta name=\"description\" content=\"M\u00e1ster en Ilustraci\u00f3n profesional, orientado exclusivamente al \u00e1mbito art\u00edstico: dibujo, ilustraci\u00f3n, narrativa visual, desarrollo de proyectos editoriales...\" \/>\n<meta name=\"robots\" content=\"index, follow, max-snippet:-1, max-image-preview:large, max-video-preview:-1\" \/>\n<link rel=\"canonical\" href=\"https:\/\/escolaiboix.com\/es\/escuela\/formacion\/master-en-ilustracion-profesional\/\" \/>\n<meta property=\"og:locale\" content=\"es_ES\" \/>\n<meta property=\"og:type\" content=\"article\" \/>\n<meta property=\"og:title\" content=\"M\u00e1ster en Ilustraci\u00f3n profesional - IBOIX\" \/>\n<meta property=\"og:description\" content=\"M\u00e1ster en Ilustraci\u00f3n profesional, orientado exclusivamente al \u00e1mbito art\u00edstico: dibujo, ilustraci\u00f3n, narrativa visual, desarrollo de proyectos editoriales...\" \/>\n<meta property=\"og:url\" content=\"https:\/\/escolaiboix.com\/es\/escuela\/formacion\/master-en-ilustracion-profesional\/\" \/>\n<meta property=\"og:site_name\" content=\"IBOIX\" \/>\n<meta property=\"article:modified_time\" content=\"2026-03-28T18:23:47+00:00\" \/>\n<meta property=\"og:image\" content=\"https:\/\/escolaiboix.com\/wp-content\/uploads\/2026\/02\/Grau-ONLINE-en-illustracio-hd.jpg\" \/>\n\t<meta property=\"og:image:width\" content=\"1920\" \/>\n\t<meta property=\"og:image:height\" content=\"750\" \/>\n\t<meta property=\"og:image:type\" content=\"image\/jpeg\" \/>\n<meta name=\"twitter:card\" content=\"summary_large_image\" \/>\n<meta name=\"twitter:label1\" content=\"Tiempo de lectura\" \/>\n\t<meta name=\"twitter:data1\" content=\"12 minutos\" \/>\n<script type=\"application\/ld+json\" class=\"yoast-schema-graph\">{\"@context\":\"https:\/\/schema.org\",\"@graph\":[{\"@type\":\"WebPage\",\"@id\":\"https:\/\/escolaiboix.com\/es\/escuela\/formacion\/master-en-ilustracion-profesional\/\",\"url\":\"https:\/\/escolaiboix.com\/es\/escuela\/formacion\/master-en-ilustracion-profesional\/\",\"name\":\"M\u00e1ster en Ilustraci\u00f3n profesional - IBOIX\",\"isPartOf\":{\"@id\":\"https:\/\/escolaiboix.com\/#website\"},\"primaryImageOfPage\":{\"@id\":\"https:\/\/escolaiboix.com\/es\/escuela\/formacion\/master-en-ilustracion-profesional\/#primaryimage\"},\"image\":{\"@id\":\"https:\/\/escolaiboix.com\/es\/escuela\/formacion\/master-en-ilustracion-profesional\/#primaryimage\"},\"thumbnailUrl\":\"https:\/\/escolaiboix.com\/wp-content\/uploads\/2026\/02\/Grau-ONLINE-en-illustracio-hd.jpg\",\"datePublished\":\"2025-12-31T11:14:13+00:00\",\"dateModified\":\"2026-03-28T18:23:47+00:00\",\"description\":\"M\u00e1ster en Ilustraci\u00f3n profesional, orientado exclusivamente al \u00e1mbito art\u00edstico: dibujo, ilustraci\u00f3n, narrativa visual, desarrollo de proyectos editoriales...\",\"breadcrumb\":{\"@id\":\"https:\/\/escolaiboix.com\/es\/escuela\/formacion\/master-en-ilustracion-profesional\/#breadcrumb\"},\"inLanguage\":\"es\",\"potentialAction\":[{\"@type\":\"ReadAction\",\"target\":[\"https:\/\/escolaiboix.com\/es\/escuela\/formacion\/master-en-ilustracion-profesional\/\"]}]},{\"@type\":\"ImageObject\",\"inLanguage\":\"es\",\"@id\":\"https:\/\/escolaiboix.com\/es\/escuela\/formacion\/master-en-ilustracion-profesional\/#primaryimage\",\"url\":\"https:\/\/escolaiboix.com\/wp-content\/uploads\/2026\/02\/Grau-ONLINE-en-illustracio-hd.jpg\",\"contentUrl\":\"https:\/\/escolaiboix.com\/wp-content\/uploads\/2026\/02\/Grau-ONLINE-en-illustracio-hd.jpg\",\"width\":1920,\"height\":750,\"caption\":\"Grado ONLINE en ilustraci\u00f3n\"},{\"@type\":\"BreadcrumbList\",\"@id\":\"https:\/\/escolaiboix.com\/es\/escuela\/formacion\/master-en-ilustracion-profesional\/#breadcrumb\",\"itemListElement\":[{\"@type\":\"ListItem\",\"position\":1,\"name\":\"Inici\",\"item\":\"https:\/\/escolaiboix.com\/es\/\"},{\"@type\":\"ListItem\",\"position\":2,\"name\":\"Escuela\",\"item\":\"https:\/\/escolaiboix.com\/es\/escuela\/\"},{\"@type\":\"ListItem\",\"position\":3,\"name\":\"Formaci\u00f3n\",\"item\":\"https:\/\/escolaiboix.com\/es\/escuela\/formacion\/\"},{\"@type\":\"ListItem\",\"position\":4,\"name\":\"M\u00e1ster en Ilustraci\u00f3n profesional\"}]},{\"@type\":\"WebSite\",\"@id\":\"https:\/\/escolaiboix.com\/#website\",\"url\":\"https:\/\/escolaiboix.com\/\",\"name\":\"IBOIX\",\"description\":\"Dibuixa!\",\"potentialAction\":[{\"@type\":\"SearchAction\",\"target\":{\"@type\":\"EntryPoint\",\"urlTemplate\":\"https:\/\/escolaiboix.com\/?s={search_term_string}\"},\"query-input\":{\"@type\":\"PropertyValueSpecification\",\"valueRequired\":true,\"valueName\":\"search_term_string\"}}],\"inLanguage\":\"es\"}]}<\/script>\n<!-- \/ Yoast SEO plugin. -->","yoast_head_json":{"title":"M\u00e1ster en Ilustraci\u00f3n profesional - IBOIX","description":"M\u00e1ster en Ilustraci\u00f3n profesional, orientado exclusivamente al \u00e1mbito art\u00edstico: dibujo, ilustraci\u00f3n, narrativa visual, desarrollo de proyectos editoriales...","robots":{"index":"index","follow":"follow","max-snippet":"max-snippet:-1","max-image-preview":"max-image-preview:large","max-video-preview":"max-video-preview:-1"},"canonical":"https:\/\/escolaiboix.com\/es\/escuela\/formacion\/master-en-ilustracion-profesional\/","og_locale":"es_ES","og_type":"article","og_title":"M\u00e1ster en Ilustraci\u00f3n profesional - IBOIX","og_description":"M\u00e1ster en Ilustraci\u00f3n profesional, orientado exclusivamente al \u00e1mbito art\u00edstico: dibujo, ilustraci\u00f3n, narrativa visual, desarrollo de proyectos editoriales...","og_url":"https:\/\/escolaiboix.com\/es\/escuela\/formacion\/master-en-ilustracion-profesional\/","og_site_name":"IBOIX","article_modified_time":"2026-03-28T18:23:47+00:00","og_image":[{"width":1920,"height":750,"url":"https:\/\/escolaiboix.com\/wp-content\/uploads\/2026\/02\/Grau-ONLINE-en-illustracio-hd.jpg","type":"image\/jpeg"}],"twitter_card":"summary_large_image","twitter_misc":{"Tiempo de lectura":"12 minutos"},"schema":{"@context":"https:\/\/schema.org","@graph":[{"@type":"WebPage","@id":"https:\/\/escolaiboix.com\/es\/escuela\/formacion\/master-en-ilustracion-profesional\/","url":"https:\/\/escolaiboix.com\/es\/escuela\/formacion\/master-en-ilustracion-profesional\/","name":"M\u00e1ster en Ilustraci\u00f3n profesional - IBOIX","isPartOf":{"@id":"https:\/\/escolaiboix.com\/#website"},"primaryImageOfPage":{"@id":"https:\/\/escolaiboix.com\/es\/escuela\/formacion\/master-en-ilustracion-profesional\/#primaryimage"},"image":{"@id":"https:\/\/escolaiboix.com\/es\/escuela\/formacion\/master-en-ilustracion-profesional\/#primaryimage"},"thumbnailUrl":"https:\/\/escolaiboix.com\/wp-content\/uploads\/2026\/02\/Grau-ONLINE-en-illustracio-hd.jpg","datePublished":"2025-12-31T11:14:13+00:00","dateModified":"2026-03-28T18:23:47+00:00","description":"M\u00e1ster en Ilustraci\u00f3n profesional, orientado exclusivamente al \u00e1mbito art\u00edstico: dibujo, ilustraci\u00f3n, narrativa visual, desarrollo de proyectos editoriales...","breadcrumb":{"@id":"https:\/\/escolaiboix.com\/es\/escuela\/formacion\/master-en-ilustracion-profesional\/#breadcrumb"},"inLanguage":"es","potentialAction":[{"@type":"ReadAction","target":["https:\/\/escolaiboix.com\/es\/escuela\/formacion\/master-en-ilustracion-profesional\/"]}]},{"@type":"ImageObject","inLanguage":"es","@id":"https:\/\/escolaiboix.com\/es\/escuela\/formacion\/master-en-ilustracion-profesional\/#primaryimage","url":"https:\/\/escolaiboix.com\/wp-content\/uploads\/2026\/02\/Grau-ONLINE-en-illustracio-hd.jpg","contentUrl":"https:\/\/escolaiboix.com\/wp-content\/uploads\/2026\/02\/Grau-ONLINE-en-illustracio-hd.jpg","width":1920,"height":750,"caption":"Grado ONLINE en ilustraci\u00f3n"},{"@type":"BreadcrumbList","@id":"https:\/\/escolaiboix.com\/es\/escuela\/formacion\/master-en-ilustracion-profesional\/#breadcrumb","itemListElement":[{"@type":"ListItem","position":1,"name":"Inici","item":"https:\/\/escolaiboix.com\/es\/"},{"@type":"ListItem","position":2,"name":"Escuela","item":"https:\/\/escolaiboix.com\/es\/escuela\/"},{"@type":"ListItem","position":3,"name":"Formaci\u00f3n","item":"https:\/\/escolaiboix.com\/es\/escuela\/formacion\/"},{"@type":"ListItem","position":4,"name":"M\u00e1ster en Ilustraci\u00f3n profesional"}]},{"@type":"WebSite","@id":"https:\/\/escolaiboix.com\/#website","url":"https:\/\/escolaiboix.com\/","name":"IBOIX","description":"Dibuixa!","potentialAction":[{"@type":"SearchAction","target":{"@type":"EntryPoint","urlTemplate":"https:\/\/escolaiboix.com\/?s={search_term_string}"},"query-input":{"@type":"PropertyValueSpecification","valueRequired":true,"valueName":"search_term_string"}}],"inLanguage":"es"}]}},"_links":{"self":[{"href":"https:\/\/escolaiboix.com\/es\/wp-json\/wp\/v2\/pages\/2438","targetHints":{"allow":["GET"]}}],"collection":[{"href":"https:\/\/escolaiboix.com\/es\/wp-json\/wp\/v2\/pages"}],"about":[{"href":"https:\/\/escolaiboix.com\/es\/wp-json\/wp\/v2\/types\/page"}],"author":[{"embeddable":true,"href":"https:\/\/escolaiboix.com\/es\/wp-json\/wp\/v2\/users\/1"}],"replies":[{"embeddable":true,"href":"https:\/\/escolaiboix.com\/es\/wp-json\/wp\/v2\/comments?post=2438"}],"version-history":[{"count":13,"href":"https:\/\/escolaiboix.com\/es\/wp-json\/wp\/v2\/pages\/2438\/revisions"}],"predecessor-version":[{"id":4372,"href":"https:\/\/escolaiboix.com\/es\/wp-json\/wp\/v2\/pages\/2438\/revisions\/4372"}],"up":[{"embeddable":true,"href":"https:\/\/escolaiboix.com\/es\/wp-json\/wp\/v2\/pages\/2193"}],"wp:featuredmedia":[{"embeddable":true,"href":"https:\/\/escolaiboix.com\/es\/wp-json\/wp\/v2\/media\/2437"}],"wp:attachment":[{"href":"https:\/\/escolaiboix.com\/es\/wp-json\/wp\/v2\/media?parent=2438"}],"curies":[{"name":"wp","href":"https:\/\/api.w.org\/{rel}","templated":true}]}}