{"id":2406,"date":"2025-12-31T12:30:37","date_gmt":"2025-12-31T11:30:37","guid":{"rendered":"https:\/\/escolaiboix.com\/escuela\/formacion\/extraescolar-de-dibujo-digital\/"},"modified":"2026-03-19T16:13:11","modified_gmt":"2026-03-19T15:13:11","slug":"extraescolar-de-dibujo-digital","status":"publish","type":"page","link":"https:\/\/escolaiboix.com\/es\/escuela\/formacion\/extraescolar-de-dibujo-digital\/","title":{"rendered":"Extraescolar de dibujo digital"},"content":{"rendered":"<section class=\"l-section wpb_row Wlbl height_huge color_alternate with_img\" id=\"innHd\"><div class=\"l-section-img\" role=\"img\" aria-label=\"Imagen\" data-img-width=\"2560\" data-img-height=\"1591\" style=\"background-image: url(https:\/\/escolaiboix.com\/wp-content\/uploads\/2026\/03\/IMG_7622-scaled.jpg);\"><\/div><div class=\"l-section-overlay\" style=\"background:#929292\"><\/div><div class=\"l-section-h i-cf\"><div class=\"g-cols vc_row via_grid cols_1 laptops-cols_inherit tablets-cols_inherit mobiles-cols_1 valign_top type_default stacking_default\"><div class=\"wpb_column vc_column_container\"><div class=\"vc_column-inner\"><div class=\"wpb_text_column us_custom_2774bef1\"><div class=\"wpb_wrapper\"><h1 style=\"text-align: center;\">Extraescolar de dibujo digital<\/h1>\n<\/div><\/div><div class=\"wpb_text_column us_custom_f70d789f us_animate_this\"><div class=\"wpb_wrapper\"><p style=\"text-align: center;\">Y por la tarde\u2026 \u00a1a dibujar!<\/p>\n<\/div><\/div><\/div><\/div><\/div><\/div><\/section><section class=\"l-section wpb_row height_small\" id=\"lablGr\"><div class=\"l-section-overlay\" style=\"background:rgba(255,105,0,0.8)\"><\/div><div class=\"l-section-h i-cf\"><div class=\"g-cols vc_row via_grid cols_1 laptops-cols_inherit tablets-cols_inherit mobiles-cols_1 valign_top type_default stacking_default\"><div class=\"wpb_column vc_column_container\"><div class=\"vc_column-inner\"><div class=\"wpb_text_column\"><div class=\"wpb_wrapper\"><p><strong>Inicio:<\/strong> De septiembre a junio<\/p>\n<\/div><\/div><div class=\"wpb_text_column\"><div class=\"wpb_wrapper\"><p><strong>Edad m\u00ednima:<\/strong> De 10 a 16 a\u00f1os <\/p>\n<\/div><\/div><div class=\"wpb_text_column\"><div class=\"wpb_wrapper\"><p><strong>Matr\u00edcula:<\/strong> 120 \u20ac <\/p>\n<\/div><\/div><div class=\"wpb_text_column\"><div class=\"wpb_wrapper\"><p><strong>Horario:<\/strong> Lu a Vi de 17.30h a 19h<\/p>\n<\/div><\/div><div class=\"wpb_text_column\"><div class=\"wpb_wrapper\"><p><strong>Pago mensual:<\/strong> 50 \u20ac x 1 d\u00eda\/sem, 90 \u20ac x 2 d\u00edas, 120 \u20ac x 3 d\u00edas<\/p>\n<\/div><\/div><\/div><\/div><\/div><\/div><\/section><section class=\"l-section wpb_row us_custom_887a049b Dbl height_medium\" id=\"Desc\"><div class=\"l-section-h i-cf\"><div class=\"g-cols vc_row via_grid cols_2 laptops-cols_inherit tablets-cols_inherit mobiles-cols_1 valign_middle type_default stacking_default\"><div data-us-scroll=\"{&quot;from_initial_position&quot;:&quot;0&quot;,&quot;start_position&quot;:&quot;0%&quot;,&quot;end_position&quot;:&quot;50%&quot;,&quot;delay&quot;:&quot;0.1s&quot;,&quot;translate_y_direction&quot;:&quot;up&quot;,&quot;translate_y_speed&quot;:&quot;0.3x&quot;}\" class=\"wpb_column vc_column_container nfCl has_scroll_effects has_translate_y\"><div class=\"vc_column-inner\"><div class=\"wpb_text_column\"><div class=\"wpb_wrapper\"><h6>Nivel iniciaci\u00f3n<\/h6>\n<\/div><\/div><div class=\"wpb_text_column\"><div class=\"wpb_wrapper\"><p>Un espacio creativo para chicos y chicas que quieren <strong>aprovechar las tardes para dibujar, aprender nuevas t\u00e9cnicas y desarrollar su imaginaci\u00f3n<\/strong>. A trav\u00e9s de propuestas variadas y divertidas, los alumnos descubrir\u00e1n diferentes estilos de ilustraci\u00f3n inspirados en el mundo del c\u00f3mic, la animaci\u00f3n y <strong>los personajes de sus series y pel\u00edculas favoritas<\/strong>.<\/p>\n<\/div><\/div><div class=\"w-tabs Rdmr style_default switch_click accordion\"><div class=\"w-tabs-sections titles-align_none icon_none\"><div class=\"w-tabs-section no_indents\" id=\"t9c8\"><button class=\"w-tabs-section-header with_icon\" aria-controls=\"content-t9c8\" aria-expanded=\"false\"><i class=\"fas fa-stream\"><\/i><p class=\"w-tabs-section-title\">leer m\u00e1s<\/p><div class=\"w-tabs-section-control\"><\/div><\/button><div  class=\"w-tabs-section-content\" id=\"content-t9c8\"><div class=\"w-tabs-section-content-h i-cf\"><div class=\"wpb_text_column\"><div class=\"wpb_wrapper\"><p>Cada mes se trabaja una tem\u00e1tica diferente: <strong>manga, cartoon, superh\u00e9roes, dise\u00f1o de personajes<\/strong>, paisaje o actividades especiales relacionadas con momentos del a\u00f1o como Sant Jordi o Carnavales. Esto permite experimentar con estilos diversos y mantener siempre el proceso de aprendizaje fresco y motivador. <\/p>\n<p>El curso combina dibujo digital con iPad \u2014utilizando el material de la escuela\u2014 con sesiones puntuales de t\u00e9cnicas tradicionales como l\u00e1piz, tinta o acuarela. De esta manera, el alumnado aprende a expresar sus ideas con diferentes herramientas y recursos. <\/p>\n<p><strong>No se necesita experiencia previa:<\/strong> las actividades se adaptan al nivel de cada participante para que todo el mundo pueda disfrutar dibujando y mejorar progresivamente.<\/p>\n<p><strong>Duraci\u00f3n<\/strong><br \/>\nCualquier momento dentro del calendario escolar<\/p>\n<p><strong>Edad<\/strong><br \/>\nDe 10 a 15 a\u00f1os<\/p>\n<p><strong>Horario<\/strong><br \/>\nDe lunes a jueves, de 17:30 h a 19 h<\/p>\n<p><strong>Precio<\/strong><br \/>\n50 \u20ac\/mes x 1 d\u00eda a la semana<br \/>\n90 \u20ac\/mes x 2 d\u00edas a la semana<br \/>\n120 \u20ac\/mes x 3 d\u00edas a la semana<\/p>\n<p><strong>Matr\u00edcula<\/strong>:<br \/>\n120 \u20ac<\/p>\n<\/div><\/div><\/div><\/div><\/div><\/div><\/div><div class=\"w-btn-wrapper align_none\"><a class=\"w-btn us-btn-style_1\" href=\"#Prllx\"><span class=\"w-btn-label\">Ap\u00fantate<\/span><\/a><\/div><\/div><\/div><div data-us-scroll=\"{&quot;from_initial_position&quot;:&quot;0&quot;,&quot;start_position&quot;:&quot;0%&quot;,&quot;end_position&quot;:&quot;50%&quot;,&quot;delay&quot;:&quot;0.1s&quot;,&quot;scale_direction&quot;:&quot;up&quot;,&quot;scale_speed&quot;:&quot;0.3x&quot;}\" class=\"wpb_column vc_column_container mgCl has_scroll_effects has_scale stretched\"><div class=\"vc_column-inner\"><div class=\"w-image has_ratio align_none\"><div class=\"w-image-h\"><div style=\"padding-bottom:100%\"><\/div><img decoding=\"async\" width=\"767\" height=\"1024\" src=\"https:\/\/escolaiboix.com\/wp-content\/uploads\/2026\/03\/Nivell-iniciacio-img-767x1024.jpg\" class=\"attachment-large size-large\" alt=\"Nivell iniciaci\u00f3 IBOIX\" loading=\"lazy\" \/><\/div><\/div><\/div><\/div><\/div><\/div><\/section><section class=\"l-section wpb_row us_custom_887a049b Dbl height_medium\" id=\"Desc\"><div class=\"l-section-h i-cf\"><div class=\"g-cols vc_row via_grid cols_2 laptops-cols_inherit tablets-cols_inherit mobiles-cols_1 valign_middle type_default stacking_default\"><div data-us-scroll=\"{&quot;from_initial_position&quot;:&quot;0&quot;,&quot;start_position&quot;:&quot;0%&quot;,&quot;end_position&quot;:&quot;50%&quot;,&quot;delay&quot;:&quot;0.1s&quot;,&quot;scale_direction&quot;:&quot;up&quot;,&quot;scale_speed&quot;:&quot;0.3x&quot;}\" class=\"wpb_column vc_column_container mgCl has_scroll_effects has_scale stretched\"><div class=\"vc_column-inner\"><div class=\"w-image has_ratio align_none\"><div class=\"w-image-h\"><div style=\"padding-bottom:100%\"><\/div><img decoding=\"async\" width=\"767\" height=\"1024\" src=\"https:\/\/escolaiboix.com\/wp-content\/uploads\/2026\/03\/Nivell-avancat-img-767x1024.jpg\" class=\"attachment-large size-large\" alt=\"Nivell avan\u00e7at IBOIX\" loading=\"lazy\" \/><\/div><\/div><\/div><\/div><div data-us-scroll=\"{&quot;from_initial_position&quot;:&quot;0&quot;,&quot;start_position&quot;:&quot;0%&quot;,&quot;end_position&quot;:&quot;50%&quot;,&quot;delay&quot;:&quot;0.1s&quot;,&quot;translate_y_direction&quot;:&quot;up&quot;,&quot;translate_y_speed&quot;:&quot;0.3x&quot;}\" class=\"wpb_column vc_column_container nfCl has_scroll_effects has_translate_y\"><div class=\"vc_column-inner\"><div class=\"wpb_text_column\"><div class=\"wpb_wrapper\"><h6>Nivel avanzado<\/h6>\n<\/div><\/div><div class=\"wpb_text_column\"><div class=\"wpb_wrapper\"><p>Un espacio pensado para <strong>j\u00f3venes que ya tienen experiencia dibujando y quieren llevar su nivel un paso m\u00e1s all\u00e1<\/strong>. Este taller est\u00e1 especialmente dirigido a alumnado que ha pasado por nuestros talleres durante varios a\u00f1os y que est\u00e1 preparado para empezar a trabajar con herramientas y metodolog\u00edas m\u00e1s cercanas al mundo profesional.<\/p>\n<\/div><\/div><div class=\"w-tabs Rdmr style_default switch_click accordion\"><div class=\"w-tabs-sections titles-align_none icon_none\"><div class=\"w-tabs-section no_indents\" id=\"b9f5\"><button class=\"w-tabs-section-header with_icon\" aria-controls=\"content-b9f5\" aria-expanded=\"false\"><i class=\"fas fa-stream\"><\/i><p class=\"w-tabs-section-title\">leer m\u00e1s<\/p><div class=\"w-tabs-section-control\"><\/div><\/button><div  class=\"w-tabs-section-content\" id=\"content-b9f5\"><div class=\"w-tabs-section-content-h i-cf\"><div class=\"wpb_text_column\"><div class=\"wpb_wrapper\"><p>Las sesiones se desarrollan con <strong>ordenadores Mac, tabletas gr\u00e1ficas y Photoshop<\/strong>, introduciendo al alumnado en el flujo de trabajo habitual de la ilustraci\u00f3n digital profesional. A partir de propuestas y ejercicios guiados, se trabajan aspectos como el dibujo, el color, la anatom\u00eda, el dise\u00f1o de personajes y la composici\u00f3n. <\/p>\n<p>Aunque se mantiene el componente creativo y motivador de los talleres, en este nivel <strong>se plantean retos m\u00e1s exigentes<\/strong> que permiten consolidar conocimientos y empezar a entender c\u00f3mo se trabaja realmente en el mundo de la ilustraci\u00f3n.<\/p>\n<p>Dirigido principalmente a j\u00f3venes a partir de <strong>15 a\u00f1os<\/strong>, este taller puede combinarse con los talleres regulares para continuar dibujando m\u00e1s horas a la semana y seguir desarrollando el propio estilo y nivel art\u00edstico.<\/p>\n<p><strong>Duraci\u00f3n<\/strong><br \/>\nCualquier momento dentro del calendario escolar<\/p>\n<p><strong>Edad<\/strong><br \/>\nA partir de 15 a\u00f1os<\/p>\n<p><strong>Horario<\/strong><br \/>\nViernes de 17:30 h a 19 h<\/p>\n<p><strong>Precio<\/strong><br \/>\n50 \u20ac\/mes x 1 d\u00eda a la semana<br \/>\n90 \u20ac\/mes x 2 d\u00edas a la semana<br \/>\n120 \u20ac\/mes x 3 d\u00edas a la semana<\/p>\n<p><strong>Matr\u00edcula<\/strong><br \/>\n120 \u20ac<\/p>\n<\/div><\/div><\/div><\/div><\/div><\/div><\/div><div class=\"w-btn-wrapper align_none\"><a class=\"w-btn us-btn-style_1\" href=\"#Prllx\"><span class=\"w-btn-label\">Ap\u00fantate<\/span><\/a><\/div><\/div><\/div><\/div><\/div><\/section><section class=\"l-section wpb_row Frm height_medium color_alternate with_img parallax_ver\" id=\"Prllx\"><div class=\"l-section-img\" role=\"img\" aria-label=\"\u00bfA\u00fan tienes dudas?\" data-img-width=\"1920\" data-img-height=\"1047\" style=\"background-image: url(https:\/\/escolaiboix.com\/wp-content\/uploads\/2026\/01\/Grau-en-illustracio-professional-bg.jpg);background-repeat: no-repeat;\"><\/div><div class=\"l-section-h i-cf\"><div class=\"g-cols vc_row via_grid cols_1 laptops-cols_inherit tablets-cols_inherit mobiles-cols_1 valign_top type_default stacking_default\"><div data-us-scroll=\"{&quot;from_initial_position&quot;:&quot;0&quot;,&quot;start_position&quot;:&quot;0%&quot;,&quot;end_position&quot;:&quot;50%&quot;,&quot;delay&quot;:&quot;0.1s&quot;,&quot;opacity_direction&quot;:&quot;out-in&quot;,&quot;scale_direction&quot;:&quot;up&quot;,&quot;scale_speed&quot;:&quot;0.3x&quot;}\" class=\"wpb_column vc_column_container has_scroll_effects has_opacity has_scale\"><div class=\"vc_column-inner\"><div class=\"w-hwrapper us_custom_8d5aa4e2 valign_middle align_left\" style=\"--hwrapper-gap:1rem\"><div class=\"w-image align_left\"><div class=\"w-image-h\"><img decoding=\"async\" src=\"https:\/\/escolaiboix.com\/wp-content\/uploads\/2026\/01\/Logoiboix-escola.svg\" class=\"attachment-full size-full\" alt=\"IBOIX escola\" loading=\"lazy\" \/><\/div><\/div><div class=\"w-vwrapper align_left valign_top\" style=\"--vwrapper-gap:5px\"><div class=\"wpb_text_column us_custom_064d3121\"><div class=\"wpb_wrapper\"><h5>CONTACTO<\/h5>\n<\/div><\/div><\/div><\/div>\n<div class=\"wpcf7 no-js\" id=\"wpcf7-f2773-o1\" lang=\"es-ES\" dir=\"ltr\" data-wpcf7-id=\"2773\">\n<div class=\"screen-reader-response\"><p role=\"status\" aria-live=\"polite\" aria-atomic=\"true\"><\/p> <ul><\/ul><\/div>\n<form action=\"\/es\/wp-json\/wp\/v2\/pages\/2406#wpcf7-f2773-o1\" method=\"post\" class=\"wpcf7-form init\" aria-label=\"Formulario de contacto\" novalidate=\"novalidate\" data-status=\"init\">\n<fieldset class=\"hidden-fields-container\"><input type=\"hidden\" name=\"_wpcf7\" value=\"2773\" \/><input type=\"hidden\" name=\"_wpcf7_version\" value=\"6.1.5\" \/><input type=\"hidden\" name=\"_wpcf7_locale\" value=\"es_ES\" \/><input type=\"hidden\" name=\"_wpcf7_unit_tag\" value=\"wpcf7-f2773-o1\" \/><input type=\"hidden\" name=\"_wpcf7_container_post\" value=\"0\" \/><input type=\"hidden\" name=\"_wpcf7_posted_data_hash\" value=\"\" \/>\n<\/fieldset>\n<div class=\"wpcf7-turnstile cf-turnstile\" data-sitekey=\"0x4AAAAAACBvqEpAYeOzeVJh\" data-response-field-name=\"_wpcf7_turnstile_response\"><\/div>\n\n<div class=\"hlf\">\n\t<p><span class=\"wpcf7-form-control-wrap\" data-name=\"your-name\"><input size=\"40\" maxlength=\"400\" class=\"wpcf7-form-control wpcf7-text wpcf7-validates-as-required\" aria-required=\"true\" aria-invalid=\"false\" placeholder=\"Nombre y apellidos*\" value=\"\" type=\"text\" name=\"your-name\" \/><\/span><span class=\"wpcf7-form-control-wrap\" data-name=\"your-email\"><input size=\"40\" maxlength=\"400\" class=\"wpcf7-form-control wpcf7-email wpcf7-validates-as-required wpcf7-text wpcf7-validates-as-email\" aria-required=\"true\" aria-invalid=\"false\" placeholder=\"Email*\" value=\"\" type=\"email\" name=\"your-email\" \/><\/span>\n\t<\/p>\n<\/div>\n<div class=\"hlf\">\n\t<p><span class=\"wpcf7-form-control-wrap\" data-name=\"your-phone\"><input size=\"40\" maxlength=\"400\" class=\"wpcf7-form-control wpcf7-tel wpcf7-validates-as-required wpcf7-text wpcf7-validates-as-tel\" aria-required=\"true\" aria-invalid=\"false\" placeholder=\"Tel\u00e9fono*\" value=\"\" type=\"tel\" name=\"your-phone\" \/><\/span><span class=\"wpcf7-form-control-wrap\" data-name=\"select-acom\"><select class=\"wpcf7-form-control wpcf7-select wpcf7-validates-as-required\" aria-required=\"true\" aria-invalid=\"false\" name=\"select-acom\"><option value=\"\">Curso de inter\u00e9s<\/option><option value=\"Grado de Ilustraci\u00f3n Profesional\">Grado de Ilustraci\u00f3n Profesional<\/option><option value=\"M\u00e1ster en Arte para Animaci\u00f3n y Videojuegos\">M\u00e1ster en Arte para Animaci\u00f3n y Videojuegos<\/option><option value=\"M\u00e1ster en Ilustraci\u00f3n profesional\">M\u00e1ster en Ilustraci\u00f3n profesional<\/option><option value=\"Curso de Ilustraci\u00f3n Digital\">Curso de Ilustraci\u00f3n Digital<\/option><option value=\"Curso de arte tradicional\">Curso de arte tradicional<\/option><option value=\"Cursos de verano\">Cursos de verano<\/option><option value=\"Extraescolar de dibujo digital\">Extraescolar de dibujo digital<\/option><option value=\"Otros\">Otros<\/option><\/select><\/span>\n\t<\/p>\n<\/div>\n<div class=\"one\">\n\t<p><span class=\"wpcf7-form-control-wrap\" data-name=\"your-textarea\"><textarea cols=\"40\" rows=\"10\" maxlength=\"2000\" class=\"wpcf7-form-control wpcf7-textarea\" aria-invalid=\"false\" placeholder=\"Comentarios\" name=\"your-textarea\"><\/textarea><\/span>\n\t<\/p>\n<\/div>\n<div class=\"legal_sb\">\n\t<div class=\"legal\">\n\t\t<p><span class=\"wpcf7-form-control-wrap\" data-name=\"acceptance-645\"><span class=\"wpcf7-form-control wpcf7-acceptance optional\"><span class=\"wpcf7-list-item\"><input type=\"checkbox\" name=\"acceptance-645\" value=\"1\" aria-invalid=\"false\" \/><\/span><\/span><\/span>\n\t\t<\/p>\n\t\t<p>*He le\u00eddo y acepto <a href=\"https:\/\/escolaiboix.com\/politica-de-privacitat\/\" target=\"blank\">la pol\u00edtica de privacidad<\/a> y el tratamiento de mis datos personales para gestionar mi solicitud y recibir comunicaciones informativas de IBOIX Escola\n\t\t<\/p>\n\t<\/div>\n\t<div class=\"send\">\n\t\t<p><input class=\"wpcf7-form-control wpcf7-submit has-spinner\" type=\"submit\" value=\"Enviar\" \/>\n\t\t<\/p>\n\t<\/div>\n<\/div>\n<p style=\"margin:0; padding:0; line-height: 0; Height:0;\"><span id=\"wpcf7-69f7653d32869-wrapper\" class=\"wpcf7-form-control-wrap honeypot-781-wrap\" style=\"display:none !important; visibility:hidden !important;\"><label for=\"hddn-form\" class=\"hp-message\">Por favor, deja este campo vac\u00edo.<\/label><input id=\"hddn-form\"  class=\"wpcf7-form-control wpcf7-text\" type=\"text\" name=\"honeypot-781\" value=\"\" size=\"40\" tabindex=\"-1\" autocomplete=\"new-password\" \/><\/span>\n<\/p><div class=\"wpcf7-response-output\" aria-hidden=\"true\"><\/div>\n<\/form>\n<\/div>\n\n<\/div><\/div><\/div><\/div><\/section>\n","protected":false},"excerpt":{"rendered":"<p>Si tienes entre 10 y 15 a\u00f1os, aprende a dibujar en digital en nuestras extraescolares. Elige la tarde que m\u00e1s te convenga. Nosotros ponemos el profe y el iPad. T\u00fa, las ganas.   <\/p>\n","protected":false},"author":1,"featured_media":2405,"parent":2193,"menu_order":0,"comment_status":"closed","ping_status":"closed","template":"","meta":{"footnotes":"","_links_to":"","_links_to_target":""},"class_list":["post-2406","page","type-page","status-publish","has-post-thumbnail","hentry"],"yoast_head":"<!-- This site is optimized with the Yoast SEO plugin v27.2 - https:\/\/yoast.com\/product\/yoast-seo-wordpress\/ -->\n<title>Extraescolar de dibujo digital - IBOIX<\/title>\n<meta name=\"description\" content=\"Un espacio creativo para chicos y chicas que quieren aprovechar las tardes para el dibujo digital, aprender nuevas t\u00e9cnicas y desarrollar su imaginaci\u00f3n.\" \/>\n<meta name=\"robots\" content=\"index, follow, max-snippet:-1, max-image-preview:large, max-video-preview:-1\" \/>\n<link rel=\"canonical\" href=\"https:\/\/escolaiboix.com\/escola\/formacio\/extraescolar-de-dibuix-digital\/\" \/>\n<meta property=\"og:locale\" content=\"es_ES\" \/>\n<meta property=\"og:type\" content=\"article\" \/>\n<meta property=\"og:title\" content=\"Extraescolar de dibujo digital - IBOIX\" \/>\n<meta property=\"og:description\" content=\"Un espacio creativo para chicos y chicas que quieren aprovechar las tardes para el dibujo digital, aprender nuevas t\u00e9cnicas y desarrollar su imaginaci\u00f3n.\" \/>\n<meta property=\"og:url\" content=\"https:\/\/escolaiboix.com\/escola\/formacio\/extraescolar-de-dibuix-digital\/\" \/>\n<meta property=\"og:site_name\" content=\"IBOIX\" \/>\n<meta property=\"article:modified_time\" content=\"2026-03-19T15:13:11+00:00\" \/>\n<meta property=\"og:image\" content=\"https:\/\/escolaiboix.com\/wp-content\/uploads\/2026\/02\/pag-hd.jpg\" \/>\n\t<meta property=\"og:image:width\" content=\"1920\" \/>\n\t<meta property=\"og:image:height\" content=\"750\" \/>\n\t<meta property=\"og:image:type\" content=\"image\/jpeg\" \/>\n<meta name=\"twitter:card\" content=\"summary_large_image\" \/>\n<meta name=\"twitter:label1\" content=\"Tiempo de lectura\" \/>\n\t<meta name=\"twitter:data1\" content=\"5 minutos\" \/>\n<script type=\"application\/ld+json\" class=\"yoast-schema-graph\">{\"@context\":\"https:\/\/schema.org\",\"@graph\":[{\"@type\":\"WebPage\",\"@id\":\"https:\/\/escolaiboix.com\/escola\/formacio\/extraescolar-de-dibuix-digital\/\",\"url\":\"https:\/\/escolaiboix.com\/escola\/formacio\/extraescolar-de-dibuix-digital\/\",\"name\":\"Extraescolar de dibujo digital - IBOIX\",\"isPartOf\":{\"@id\":\"https:\/\/escolaiboix.com\/#website\"},\"primaryImageOfPage\":{\"@id\":\"https:\/\/escolaiboix.com\/escola\/formacio\/extraescolar-de-dibuix-digital\/#primaryimage\"},\"image\":{\"@id\":\"https:\/\/escolaiboix.com\/escola\/formacio\/extraescolar-de-dibuix-digital\/#primaryimage\"},\"thumbnailUrl\":\"https:\/\/escolaiboix.com\/wp-content\/uploads\/2026\/02\/pag-hd.jpg\",\"datePublished\":\"2025-12-31T11:30:37+00:00\",\"dateModified\":\"2026-03-19T15:13:11+00:00\",\"description\":\"Un espacio creativo para chicos y chicas que quieren aprovechar las tardes para el dibujo digital, aprender nuevas t\u00e9cnicas y desarrollar su imaginaci\u00f3n.\",\"breadcrumb\":{\"@id\":\"https:\/\/escolaiboix.com\/escola\/formacio\/extraescolar-de-dibuix-digital\/#breadcrumb\"},\"inLanguage\":\"es\",\"potentialAction\":[{\"@type\":\"ReadAction\",\"target\":[\"https:\/\/escolaiboix.com\/escola\/formacio\/extraescolar-de-dibuix-digital\/\"]}]},{\"@type\":\"ImageObject\",\"inLanguage\":\"es\",\"@id\":\"https:\/\/escolaiboix.com\/escola\/formacio\/extraescolar-de-dibuix-digital\/#primaryimage\",\"url\":\"https:\/\/escolaiboix.com\/wp-content\/uploads\/2026\/02\/pag-hd.jpg\",\"contentUrl\":\"https:\/\/escolaiboix.com\/wp-content\/uploads\/2026\/02\/pag-hd.jpg\",\"width\":1920,\"height\":750,\"caption\":\"Programa de Acceso al Grado\"},{\"@type\":\"BreadcrumbList\",\"@id\":\"https:\/\/escolaiboix.com\/escola\/formacio\/extraescolar-de-dibuix-digital\/#breadcrumb\",\"itemListElement\":[{\"@type\":\"ListItem\",\"position\":1,\"name\":\"Inici\",\"item\":\"https:\/\/escolaiboix.com\/es\/\"},{\"@type\":\"ListItem\",\"position\":2,\"name\":\"Escuela\",\"item\":\"https:\/\/escolaiboix.com\/es\/escuela\/\"},{\"@type\":\"ListItem\",\"position\":3,\"name\":\"Formaci\u00f3n\",\"item\":\"https:\/\/escolaiboix.com\/es\/escuela\/formacion\/\"},{\"@type\":\"ListItem\",\"position\":4,\"name\":\"Extraescolar de dibujo digital\"}]},{\"@type\":\"WebSite\",\"@id\":\"https:\/\/escolaiboix.com\/#website\",\"url\":\"https:\/\/escolaiboix.com\/\",\"name\":\"IBOIX\",\"description\":\"Dibuixa!\",\"potentialAction\":[{\"@type\":\"SearchAction\",\"target\":{\"@type\":\"EntryPoint\",\"urlTemplate\":\"https:\/\/escolaiboix.com\/?s={search_term_string}\"},\"query-input\":{\"@type\":\"PropertyValueSpecification\",\"valueRequired\":true,\"valueName\":\"search_term_string\"}}],\"inLanguage\":\"es\"}]}<\/script>\n<!-- \/ Yoast SEO plugin. -->","yoast_head_json":{"title":"Extraescolar de dibujo digital - IBOIX","description":"Un espacio creativo para chicos y chicas que quieren aprovechar las tardes para el dibujo digital, aprender nuevas t\u00e9cnicas y desarrollar su imaginaci\u00f3n.","robots":{"index":"index","follow":"follow","max-snippet":"max-snippet:-1","max-image-preview":"max-image-preview:large","max-video-preview":"max-video-preview:-1"},"canonical":"https:\/\/escolaiboix.com\/escola\/formacio\/extraescolar-de-dibuix-digital\/","og_locale":"es_ES","og_type":"article","og_title":"Extraescolar de dibujo digital - IBOIX","og_description":"Un espacio creativo para chicos y chicas que quieren aprovechar las tardes para el dibujo digital, aprender nuevas t\u00e9cnicas y desarrollar su imaginaci\u00f3n.","og_url":"https:\/\/escolaiboix.com\/escola\/formacio\/extraescolar-de-dibuix-digital\/","og_site_name":"IBOIX","article_modified_time":"2026-03-19T15:13:11+00:00","og_image":[{"width":1920,"height":750,"url":"https:\/\/escolaiboix.com\/wp-content\/uploads\/2026\/02\/pag-hd.jpg","type":"image\/jpeg"}],"twitter_card":"summary_large_image","twitter_misc":{"Tiempo de lectura":"5 minutos"},"schema":{"@context":"https:\/\/schema.org","@graph":[{"@type":"WebPage","@id":"https:\/\/escolaiboix.com\/escola\/formacio\/extraescolar-de-dibuix-digital\/","url":"https:\/\/escolaiboix.com\/escola\/formacio\/extraescolar-de-dibuix-digital\/","name":"Extraescolar de dibujo digital - IBOIX","isPartOf":{"@id":"https:\/\/escolaiboix.com\/#website"},"primaryImageOfPage":{"@id":"https:\/\/escolaiboix.com\/escola\/formacio\/extraescolar-de-dibuix-digital\/#primaryimage"},"image":{"@id":"https:\/\/escolaiboix.com\/escola\/formacio\/extraescolar-de-dibuix-digital\/#primaryimage"},"thumbnailUrl":"https:\/\/escolaiboix.com\/wp-content\/uploads\/2026\/02\/pag-hd.jpg","datePublished":"2025-12-31T11:30:37+00:00","dateModified":"2026-03-19T15:13:11+00:00","description":"Un espacio creativo para chicos y chicas que quieren aprovechar las tardes para el dibujo digital, aprender nuevas t\u00e9cnicas y desarrollar su imaginaci\u00f3n.","breadcrumb":{"@id":"https:\/\/escolaiboix.com\/escola\/formacio\/extraescolar-de-dibuix-digital\/#breadcrumb"},"inLanguage":"es","potentialAction":[{"@type":"ReadAction","target":["https:\/\/escolaiboix.com\/escola\/formacio\/extraescolar-de-dibuix-digital\/"]}]},{"@type":"ImageObject","inLanguage":"es","@id":"https:\/\/escolaiboix.com\/escola\/formacio\/extraescolar-de-dibuix-digital\/#primaryimage","url":"https:\/\/escolaiboix.com\/wp-content\/uploads\/2026\/02\/pag-hd.jpg","contentUrl":"https:\/\/escolaiboix.com\/wp-content\/uploads\/2026\/02\/pag-hd.jpg","width":1920,"height":750,"caption":"Programa de Acceso al Grado"},{"@type":"BreadcrumbList","@id":"https:\/\/escolaiboix.com\/escola\/formacio\/extraescolar-de-dibuix-digital\/#breadcrumb","itemListElement":[{"@type":"ListItem","position":1,"name":"Inici","item":"https:\/\/escolaiboix.com\/es\/"},{"@type":"ListItem","position":2,"name":"Escuela","item":"https:\/\/escolaiboix.com\/es\/escuela\/"},{"@type":"ListItem","position":3,"name":"Formaci\u00f3n","item":"https:\/\/escolaiboix.com\/es\/escuela\/formacion\/"},{"@type":"ListItem","position":4,"name":"Extraescolar de dibujo digital"}]},{"@type":"WebSite","@id":"https:\/\/escolaiboix.com\/#website","url":"https:\/\/escolaiboix.com\/","name":"IBOIX","description":"Dibuixa!","potentialAction":[{"@type":"SearchAction","target":{"@type":"EntryPoint","urlTemplate":"https:\/\/escolaiboix.com\/?s={search_term_string}"},"query-input":{"@type":"PropertyValueSpecification","valueRequired":true,"valueName":"search_term_string"}}],"inLanguage":"es"}]}},"_links":{"self":[{"href":"https:\/\/escolaiboix.com\/es\/wp-json\/wp\/v2\/pages\/2406","targetHints":{"allow":["GET"]}}],"collection":[{"href":"https:\/\/escolaiboix.com\/es\/wp-json\/wp\/v2\/pages"}],"about":[{"href":"https:\/\/escolaiboix.com\/es\/wp-json\/wp\/v2\/types\/page"}],"author":[{"embeddable":true,"href":"https:\/\/escolaiboix.com\/es\/wp-json\/wp\/v2\/users\/1"}],"replies":[{"embeddable":true,"href":"https:\/\/escolaiboix.com\/es\/wp-json\/wp\/v2\/comments?post=2406"}],"version-history":[{"count":7,"href":"https:\/\/escolaiboix.com\/es\/wp-json\/wp\/v2\/pages\/2406\/revisions"}],"predecessor-version":[{"id":2853,"href":"https:\/\/escolaiboix.com\/es\/wp-json\/wp\/v2\/pages\/2406\/revisions\/2853"}],"up":[{"embeddable":true,"href":"https:\/\/escolaiboix.com\/es\/wp-json\/wp\/v2\/pages\/2193"}],"wp:featuredmedia":[{"embeddable":true,"href":"https:\/\/escolaiboix.com\/es\/wp-json\/wp\/v2\/media\/2405"}],"wp:attachment":[{"href":"https:\/\/escolaiboix.com\/es\/wp-json\/wp\/v2\/media?parent=2406"}],"curies":[{"name":"wp","href":"https:\/\/api.w.org\/{rel}","templated":true}]}}