{"id":2390,"date":"2025-12-31T12:25:54","date_gmt":"2025-12-31T11:25:54","guid":{"rendered":"https:\/\/escolaiboix.com\/escuela\/formacion\/cursos-de-verano\/"},"modified":"2026-04-17T16:36:45","modified_gmt":"2026-04-17T14:36:45","slug":"cursos-de-verano","status":"publish","type":"page","link":"https:\/\/escolaiboix.com\/es\/escuela\/formacion\/cursos-de-verano\/","title":{"rendered":"Cursos de verano"},"content":{"rendered":"<section class=\"l-section wpb_row Wlbl height_huge color_alternate with_img\" id=\"innHd\"><div class=\"l-section-img\" role=\"img\" aria-label=\"Imagen\" data-img-width=\"2200\" data-img-height=\"933\" style=\"background-image: url(https:\/\/escolaiboix.com\/wp-content\/uploads\/2026\/03\/EscolaIBOIX_20231005_R3_2243low_PhotoCescMaymo-estreta.jpg);\"><\/div><div class=\"l-section-overlay\" style=\"background:#929292\"><\/div><div class=\"l-section-h i-cf\"><div class=\"g-cols vc_row via_grid cols_1 laptops-cols_inherit tablets-cols_inherit mobiles-cols_1 valign_top type_default stacking_default\"><div class=\"wpb_column vc_column_container\"><div class=\"vc_column-inner\"><div class=\"wpb_text_column us_custom_2774bef1\"><div class=\"wpb_wrapper\"><h1 style=\"text-align: center;\">Cursos de verano<\/h1>\n<\/div><\/div><div class=\"wpb_text_column us_custom_f70d789f us_animate_this\"><div class=\"wpb_wrapper\"><p style=\"text-align: center;\">Las ma\u00f1anas de verano son para dibujar. IBOIX es el lugar donde hacerlo. <\/p>\n<\/div><\/div><\/div><\/div><\/div><\/div><\/section><section class=\"l-section wpb_row height_small\" id=\"lablGr\"><div class=\"l-section-overlay\" style=\"background:rgba(255,105,0,0.8)\"><\/div><div class=\"l-section-h i-cf\"><div class=\"g-cols vc_row via_grid cols_1 laptops-cols_inherit tablets-cols_inherit mobiles-cols_1 valign_top type_default stacking_default\"><div class=\"wpb_column vc_column_container\"><div class=\"vc_column-inner\"><div class=\"wpb_text_column\"><div class=\"wpb_wrapper\"><p><strong>Inicio:<\/strong> 29 junio 2026<\/p>\n<\/div><\/div><div class=\"wpb_text_column\"><div class=\"wpb_wrapper\"><p><strong>Duraci\u00f3n:<\/strong> De 1 a 4 semanas<\/p>\n<\/div><\/div><div class=\"wpb_text_column\"><div class=\"wpb_wrapper\"><p><strong>Edad m\u00ednima:<\/strong> 10 a\u00f1os (en funci\u00f3n del curso)<\/p>\n<\/div><\/div><div class=\"wpb_text_column\"><div class=\"wpb_wrapper\"><p><strong>Matr\u00edcula:<\/strong> A partir de 150\u20ac<\/p>\n<\/div><\/div><div class=\"wpb_text_column\"><div class=\"wpb_wrapper\"><p><strong>Horarios:<\/strong> 9:30 a 13:00<\/p>\n<\/div><\/div><div class=\"wpb_text_column\"><div class=\"wpb_wrapper\"><p><strong>Material:<\/strong> Incluido<\/p>\n<\/div><\/div><\/div><\/div><\/div><\/div><\/section><section class=\"l-section wpb_row us_custom_887a049b Dbl height_medium\" id=\"Desc\"><div class=\"l-section-h i-cf\"><div class=\"g-cols vc_row via_grid cols_2 laptops-cols_inherit tablets-cols_inherit mobiles-cols_1 valign_middle type_default stacking_default\"><div data-us-scroll=\"{&quot;from_initial_position&quot;:&quot;0&quot;,&quot;start_position&quot;:&quot;0%&quot;,&quot;end_position&quot;:&quot;50%&quot;,&quot;delay&quot;:&quot;0.1s&quot;,&quot;translate_y_direction&quot;:&quot;up&quot;,&quot;translate_y_speed&quot;:&quot;0.3x&quot;}\" class=\"wpb_column vc_column_container nfCl has_scroll_effects has_translate_y\"><div class=\"vc_column-inner\"><div class=\"wpb_text_column\"><div class=\"wpb_wrapper\"><h6>Ilustraci\u00f3n digital<\/h6>\n<\/div><\/div><div class=\"wpb_text_column\"><div class=\"wpb_wrapper\"><p class=\"p1\">Un curso de verano para j\u00f3venes a partir de 15 a\u00f1os que quieren aprender a dibujar en digital o llevar su nivel al siguiente punto.<\/p>\n<p class=\"p1\">Trabajar\u00e1s con tableta gr\u00e1fica y ordenadores Mac, utilizando herramientas profesionales y una metodolog\u00eda inspirada en nuestro Grado en Ilustraci\u00f3n Profesional.<\/p>\n<\/div><\/div><div class=\"w-tabs Rdmr style_default switch_click accordion\"><div class=\"w-tabs-sections titles-align_none icon_none\"><div class=\"w-tabs-section no_indents\" id=\"c5e7\"><button class=\"w-tabs-section-header with_icon\" aria-controls=\"content-c5e7\" aria-expanded=\"false\"><i class=\"fas fa-stream\"><\/i><p class=\"w-tabs-section-title\">leer m\u00e1s<\/p><div class=\"w-tabs-section-control\"><\/div><\/button><div  class=\"w-tabs-section-content\" id=\"content-c5e7\"><div class=\"w-tabs-section-content-h i-cf\"><div class=\"wpb_text_column\"><div class=\"wpb_wrapper\"><p class=\"p1\">El curso se adapta a tu nivel desde el primer d\u00eda. Organizamos dos grupos: uno para quien empieza de cero, donde se trabajan las bases del dibujo, el color y el uso de las herramientas digitales; y otro para quien ya tiene nivel, con propuestas m\u00e1s exigentes y enfocadas a mejorar resultados, criterio y acabados. <\/p>\n<p class=\"p1\">En clase combinamos aprendizaje y pr\u00e1ctica constante: personajes, ilustraci\u00f3n, color y procesos digitales reales. Todo en un ambiente din\u00e1mico, distendido y con gente con tus mismos intereses, donde se viene a aprender pero tambi\u00e9n a disfrutar dibujando. <\/p>\n<p class=\"p1\">Es un curso pensado tanto para quien lo quiere vivir como una experiencia creativa de verano, como para quien empieza a plantearse la ilustraci\u00f3n como un posible futuro profesional. Tambi\u00e9n es una muy buena manera de conocer c\u00f3mo trabajamos en la escuela y entender qu\u00e9 implica formarse en este sector antes de dar el paso a estudios m\u00e1s largos. <\/p>\n<p class=\"p1\">El curso se puede hacer completo o por semanas sueltas. Cada semana plantea nuevos ejercicios, aunque si empiezas de cero, recomendamos iniciar desde la primera para construir bien la base. <\/p>\n<p class=\"p1\">Las clases est\u00e1n impartidas por profesorado de Iboix Escola, con un seguimiento cercano y una manera de trabajar alineada con la realidad profesional.<\/p>\n<p><b>Duraci\u00f3n<br \/>\n<\/b>Del 29 de junio al 24 de julio<\/p>\n<p><b>Horario<br \/>\n<\/b>De lunes a viernes, de 9:30 h a 13 h<\/p>\n<p><b>Precio<br \/>\n<\/b>550 \u20ac (curso completo) \/ 150 \u20ac por semana<\/p>\n<\/div><\/div><\/div><\/div><\/div><\/div><\/div><div class=\"w-btn-wrapper align_none\"><a class=\"w-btn us-btn-style_1\" href=\"https:\/\/escolaiboix.com\/es\/escuela\/admisiones-curso-de-verano-ilustracion\/\"><span class=\"w-btn-label\">Ap\u00fantate<\/span><\/a><\/div><\/div><\/div><div data-us-scroll=\"{&quot;from_initial_position&quot;:&quot;0&quot;,&quot;start_position&quot;:&quot;0%&quot;,&quot;end_position&quot;:&quot;50%&quot;,&quot;delay&quot;:&quot;0.1s&quot;,&quot;scale_direction&quot;:&quot;up&quot;,&quot;scale_speed&quot;:&quot;0.3x&quot;}\" class=\"wpb_column vc_column_container mgCl has_scroll_effects has_scale stretched\"><div class=\"vc_column-inner\"><div class=\"w-image has_ratio align_none\"><div class=\"w-image-h\"><div style=\"padding-bottom:100%\"><\/div><img decoding=\"async\" width=\"1024\" height=\"683\" src=\"https:\/\/escolaiboix.com\/wp-content\/uploads\/2026\/03\/EscolaIBOIX_20231005_R5_1785_PhotoCescMaymo-1024x683.jpg\" class=\"attachment-large size-large\" alt=\"\" loading=\"lazy\" \/><\/div><\/div><\/div><\/div><\/div><\/div><\/section><section class=\"l-section wpb_row us_custom_887a049b Dbl height_medium\" id=\"Desc\"><div class=\"l-section-h i-cf\"><div class=\"g-cols vc_row via_grid cols_2 laptops-cols_inherit tablets-cols_inherit mobiles-cols_1 valign_middle type_default stacking_default\"><div data-us-scroll=\"{&quot;from_initial_position&quot;:&quot;0&quot;,&quot;start_position&quot;:&quot;0%&quot;,&quot;end_position&quot;:&quot;50%&quot;,&quot;delay&quot;:&quot;0.1s&quot;,&quot;translate_y_direction&quot;:&quot;up&quot;,&quot;translate_y_speed&quot;:&quot;0.3x&quot;}\" class=\"wpb_column vc_column_container nfCl has_scroll_effects has_translate_y\"><div class=\"vc_column-inner\"><div class=\"w-image has_ratio align_none\"><div class=\"w-image-h\"><div style=\"padding-bottom:100%\"><\/div><img decoding=\"async\" width=\"2560\" height=\"2560\" src=\"https:\/\/escolaiboix.com\/wp-content\/uploads\/2026\/03\/IMG_3785-scaled.jpg\" class=\"attachment-full size-full\" alt=\"\" loading=\"lazy\" \/><\/div><\/div><\/div><\/div><div data-us-scroll=\"{&quot;from_initial_position&quot;:&quot;0&quot;,&quot;start_position&quot;:&quot;0%&quot;,&quot;end_position&quot;:&quot;50%&quot;,&quot;delay&quot;:&quot;0.1s&quot;,&quot;scale_direction&quot;:&quot;up&quot;,&quot;scale_speed&quot;:&quot;0.3x&quot;}\" class=\"wpb_column vc_column_container us_custom_8941bddd mgCl has_scroll_effects has_scale stretched\"><div class=\"vc_column-inner\"><div class=\"wpb_text_column\"><div class=\"wpb_wrapper\"><h6>Dibujo con iPad<\/h6>\n<\/div><\/div><div class=\"wpb_text_column\"><div class=\"wpb_wrapper\"><p class=\"p1\">Un curso de verano pensado para chicos y chicas de entre 10 y 14 a\u00f1os a los que les encanta dibujar y quieren descubrir todo lo que pueden hacer con un iPad.<\/p>\n<p class=\"p1\">Desde el primer d\u00eda trabajar\u00e1n con Procreate, una herramienta profesional que les permitir\u00e1 dibujar con fluidez, probar ideas y empezar a entender c\u00f3mo se trabaja en digital de verdad.<\/p>\n<\/div><\/div><div class=\"w-tabs Rdmr style_default switch_click accordion\"><div class=\"w-tabs-sections titles-align_none icon_none\"><div class=\"w-tabs-section no_indents\" id=\"v549\"><button class=\"w-tabs-section-header with_icon\" aria-controls=\"content-v549\" aria-expanded=\"false\"><i class=\"fas fa-stream\"><\/i><p class=\"w-tabs-section-title\">leer m\u00e1s<\/p><div class=\"w-tabs-section-control\"><\/div><\/button><div  class=\"w-tabs-section-content\" id=\"content-v549\"><div class=\"w-tabs-section-content-h i-cf\"><div class=\"wpb_text_column\"><div class=\"wpb_wrapper\"><p class=\"p1\">En clase combinamos aprendizaje y diversi\u00f3n: aprender\u00e1n t\u00e9cnicas de dibujo, color y pintura digital, crear\u00e1n personajes (incluyendo sus referentes manga o de animaci\u00f3n) y har\u00e1n peque\u00f1as animaciones para ver c\u00f3mo sus dibujos cobran vida.<\/p>\n<p class=\"p1\">Todo esto en un ambiente distendido, din\u00e1mico y compartido con otros j\u00f3venes con los mismos intereses, donde es f\u00e1cil hacer amigos y sentirse c\u00f3modo desde el primer d\u00eda.<\/p>\n<p class=\"p1\">El curso se organiza en proyectos semanales, as\u00ed que te puedes apuntar a una sola semana o a tantas como quieras. Cada semana es una experiencia completa. <\/p>\n<p class=\"p1\">Las clases est\u00e1n impartidas por profesorado de Iboix Escola, con una metodolog\u00eda clara y un seguimiento cercano para que cada alumno aprenda bien, a su ritmo y con criterio.<\/p>\n<p class=\"p1\">Y no hace falta traer nada: el iPad lo ponemos nosotros.<\/p>\n<p><b>Duraci\u00f3n<br \/>\n<\/b>Del 29 de junio al 24 de julio<\/p>\n<p><b>Horario<br \/>\n<\/b>De lunes a viernes, de 9:30 h a 13 h<\/p>\n<p><b>Precio<br \/>\n<\/b>550\u20ac (curso completo) \/150 \u20ac por semana<\/p>\n<\/div><\/div><\/div><\/div><\/div><\/div><\/div><div class=\"w-btn-wrapper align_none\"><a class=\"w-btn us-btn-style_1\" href=\"https:\/\/escolaiboix.com\/es\/escuela\/admisiones-curso-de-verano-ipad\/\"><span class=\"w-btn-label\">Ap\u00fantate<\/span><\/a><\/div><\/div><\/div><\/div><\/div><\/section><section class=\"l-section wpb_row Frm height_medium color_alternate with_img parallax_ver\" id=\"Prllx\"><div class=\"l-section-img\" role=\"img\" aria-label=\"\u00bfA\u00fan tienes dudas?\" data-img-width=\"1920\" data-img-height=\"1047\" style=\"background-image: url(https:\/\/escolaiboix.com\/wp-content\/uploads\/2026\/01\/Grau-en-illustracio-professional-bg.jpg);background-repeat: no-repeat;\"><\/div><div class=\"l-section-h i-cf\"><div class=\"g-cols vc_row via_grid cols_1 laptops-cols_inherit tablets-cols_inherit mobiles-cols_1 valign_top type_default stacking_default\"><div data-us-scroll=\"{&quot;from_initial_position&quot;:&quot;0&quot;,&quot;start_position&quot;:&quot;0%&quot;,&quot;end_position&quot;:&quot;50%&quot;,&quot;delay&quot;:&quot;0.1s&quot;,&quot;opacity_direction&quot;:&quot;out-in&quot;,&quot;scale_direction&quot;:&quot;up&quot;,&quot;scale_speed&quot;:&quot;0.3x&quot;}\" class=\"wpb_column vc_column_container has_scroll_effects has_opacity has_scale\"><div class=\"vc_column-inner\"><div class=\"w-hwrapper us_custom_8d5aa4e2 valign_middle align_left\" style=\"--hwrapper-gap:1rem\"><div class=\"w-image align_left\"><div class=\"w-image-h\"><img decoding=\"async\" src=\"https:\/\/escolaiboix.com\/wp-content\/uploads\/2026\/01\/Logoiboix-escola.svg\" class=\"attachment-full size-full\" alt=\"IBOIX escola\" loading=\"lazy\" \/><\/div><\/div><div class=\"w-vwrapper align_left valign_top\" style=\"--vwrapper-gap:5px\"><div class=\"wpb_text_column us_custom_064d3121\"><div class=\"wpb_wrapper\"><h5>CONTACTO<\/h5>\n<\/div><\/div><\/div><\/div>\n<div class=\"wpcf7 no-js\" id=\"wpcf7-f2773-o1\" lang=\"es-ES\" dir=\"ltr\" data-wpcf7-id=\"2773\">\n<div class=\"screen-reader-response\"><p role=\"status\" aria-live=\"polite\" aria-atomic=\"true\"><\/p> <ul><\/ul><\/div>\n<form action=\"\/es\/wp-json\/wp\/v2\/pages\/2390#wpcf7-f2773-o1\" method=\"post\" class=\"wpcf7-form init\" aria-label=\"Formulario de contacto\" novalidate=\"novalidate\" data-status=\"init\">\n<fieldset class=\"hidden-fields-container\"><input type=\"hidden\" name=\"_wpcf7\" value=\"2773\" \/><input type=\"hidden\" name=\"_wpcf7_version\" value=\"6.1.5\" \/><input type=\"hidden\" name=\"_wpcf7_locale\" value=\"es_ES\" \/><input type=\"hidden\" name=\"_wpcf7_unit_tag\" value=\"wpcf7-f2773-o1\" \/><input type=\"hidden\" name=\"_wpcf7_container_post\" value=\"0\" \/><input type=\"hidden\" name=\"_wpcf7_posted_data_hash\" value=\"\" \/>\n<\/fieldset>\n<div class=\"wpcf7-turnstile cf-turnstile\" data-sitekey=\"0x4AAAAAACBvqEpAYeOzeVJh\" data-response-field-name=\"_wpcf7_turnstile_response\"><\/div>\n\n<div class=\"hlf\">\n\t<p><span class=\"wpcf7-form-control-wrap\" data-name=\"your-name\"><input size=\"40\" maxlength=\"400\" class=\"wpcf7-form-control wpcf7-text wpcf7-validates-as-required\" aria-required=\"true\" aria-invalid=\"false\" placeholder=\"Nombre y apellidos*\" value=\"\" type=\"text\" name=\"your-name\" \/><\/span><span class=\"wpcf7-form-control-wrap\" data-name=\"your-email\"><input size=\"40\" maxlength=\"400\" class=\"wpcf7-form-control wpcf7-email wpcf7-validates-as-required wpcf7-text wpcf7-validates-as-email\" aria-required=\"true\" aria-invalid=\"false\" placeholder=\"Email*\" value=\"\" type=\"email\" name=\"your-email\" \/><\/span>\n\t<\/p>\n<\/div>\n<div class=\"hlf\">\n\t<p><span class=\"wpcf7-form-control-wrap\" data-name=\"your-phone\"><input size=\"40\" maxlength=\"400\" class=\"wpcf7-form-control wpcf7-tel wpcf7-validates-as-required wpcf7-text wpcf7-validates-as-tel\" aria-required=\"true\" aria-invalid=\"false\" placeholder=\"Tel\u00e9fono*\" value=\"\" type=\"tel\" name=\"your-phone\" \/><\/span><span class=\"wpcf7-form-control-wrap\" data-name=\"select-acom\"><select class=\"wpcf7-form-control wpcf7-select wpcf7-validates-as-required\" aria-required=\"true\" aria-invalid=\"false\" name=\"select-acom\"><option value=\"\">Curso de inter\u00e9s<\/option><option value=\"Grado de Ilustraci\u00f3n Profesional\">Grado de Ilustraci\u00f3n Profesional<\/option><option value=\"M\u00e1ster en Arte para Animaci\u00f3n y Videojuegos\">M\u00e1ster en Arte para Animaci\u00f3n y Videojuegos<\/option><option value=\"M\u00e1ster en Ilustraci\u00f3n profesional\">M\u00e1ster en Ilustraci\u00f3n profesional<\/option><option value=\"Curso de Ilustraci\u00f3n Digital\">Curso de Ilustraci\u00f3n Digital<\/option><option value=\"Curso de arte tradicional\">Curso de arte tradicional<\/option><option value=\"Cursos de verano\">Cursos de verano<\/option><option value=\"Extraescolar de dibujo digital\">Extraescolar de dibujo digital<\/option><option value=\"Otros\">Otros<\/option><\/select><\/span>\n\t<\/p>\n<\/div>\n<div class=\"one\">\n\t<p><span class=\"wpcf7-form-control-wrap\" data-name=\"your-textarea\"><textarea cols=\"40\" rows=\"10\" maxlength=\"2000\" class=\"wpcf7-form-control wpcf7-textarea\" aria-invalid=\"false\" placeholder=\"Comentarios\" name=\"your-textarea\"><\/textarea><\/span>\n\t<\/p>\n<\/div>\n<div class=\"legal_sb\">\n\t<div class=\"legal\">\n\t\t<p><span class=\"wpcf7-form-control-wrap\" data-name=\"acceptance-645\"><span class=\"wpcf7-form-control wpcf7-acceptance optional\"><span class=\"wpcf7-list-item\"><input type=\"checkbox\" name=\"acceptance-645\" value=\"1\" aria-invalid=\"false\" \/><\/span><\/span><\/span>\n\t\t<\/p>\n\t\t<p>*He le\u00eddo y acepto <a href=\"https:\/\/escolaiboix.com\/politica-de-privacitat\/\" target=\"blank\">la pol\u00edtica de privacidad<\/a> y el tratamiento de mis datos personales para gestionar mi solicitud y recibir comunicaciones informativas de IBOIX Escola\n\t\t<\/p>\n\t<\/div>\n\t<div class=\"send\">\n\t\t<p><input class=\"wpcf7-form-control wpcf7-submit has-spinner\" type=\"submit\" value=\"Enviar\" \/>\n\t\t<\/p>\n\t<\/div>\n<\/div>\n<p style=\"margin:0; padding:0; line-height: 0; Height:0;\"><span id=\"wpcf7-69f76565bafbd-wrapper\" class=\"wpcf7-form-control-wrap honeypot-781-wrap\" style=\"display:none !important; visibility:hidden !important;\"><label for=\"hddn-form\" class=\"hp-message\">Por favor, deja este campo vac\u00edo.<\/label><input id=\"hddn-form\"  class=\"wpcf7-form-control wpcf7-text\" type=\"text\" name=\"honeypot-781\" value=\"\" size=\"40\" tabindex=\"-1\" autocomplete=\"new-password\" \/><\/span>\n<\/p><div class=\"wpcf7-response-output\" aria-hidden=\"true\"><\/div>\n<\/form>\n<\/div>\n\n<\/div><\/div><\/div><\/div><\/section>\n","protected":false},"excerpt":{"rendered":"<p>Cada mes de julio tienes la oportunidad de mejorar tu t\u00e9cnica de ilustraci\u00f3n y de conocer la escuela con cursos que hacemos por las ma\u00f1anas<\/p>\n","protected":false},"author":1,"featured_media":2376,"parent":2193,"menu_order":0,"comment_status":"closed","ping_status":"closed","template":"","meta":{"footnotes":"","_links_to":"","_links_to_target":""},"class_list":["post-2390","page","type-page","status-publish","has-post-thumbnail","hentry"],"yoast_head":"<!-- This site is optimized with the Yoast SEO plugin v27.2 - https:\/\/yoast.com\/product\/yoast-seo-wordpress\/ -->\n<title>Cursos de verano - IBOIX - ilustraci\u00f3n digital.<\/title>\n<meta name=\"description\" content=\"Curso de Ilustraci\u00f3n digital. Una experiencia intensiva para adentrarte en el mundo de la ilustraci\u00f3n digital.\" \/>\n<meta name=\"robots\" content=\"index, follow, max-snippet:-1, max-image-preview:large, max-video-preview:-1\" \/>\n<link rel=\"canonical\" href=\"https:\/\/escolaiboix.com\/es\/escuela\/formacion\/cursos-de-verano\/\" \/>\n<meta property=\"og:locale\" content=\"es_ES\" \/>\n<meta property=\"og:type\" content=\"article\" \/>\n<meta property=\"og:title\" content=\"Cursos de verano - IBOIX - ilustraci\u00f3n digital.\" \/>\n<meta property=\"og:description\" content=\"Curso de Ilustraci\u00f3n digital. Una experiencia intensiva para adentrarte en el mundo de la ilustraci\u00f3n digital.\" \/>\n<meta property=\"og:url\" content=\"https:\/\/escolaiboix.com\/es\/escuela\/formacion\/cursos-de-verano\/\" \/>\n<meta property=\"og:site_name\" content=\"IBOIX\" \/>\n<meta property=\"article:modified_time\" content=\"2026-04-17T14:36:45+00:00\" \/>\n<meta property=\"og:image\" content=\"https:\/\/escolaiboix.com\/wp-content\/uploads\/2026\/03\/EscolaIBOIX_20231005_R3_2275low_PhotoCescMaymo.jpg\" \/>\n\t<meta property=\"og:image:width\" content=\"2200\" \/>\n\t<meta property=\"og:image:height\" content=\"1467\" \/>\n\t<meta property=\"og:image:type\" content=\"image\/jpeg\" \/>\n<meta name=\"twitter:card\" content=\"summary_large_image\" \/>\n<meta name=\"twitter:label1\" content=\"Tiempo de lectura\" \/>\n\t<meta name=\"twitter:data1\" content=\"5 minutos\" \/>\n<script type=\"application\/ld+json\" class=\"yoast-schema-graph\">{\"@context\":\"https:\/\/schema.org\",\"@graph\":[{\"@type\":\"WebPage\",\"@id\":\"https:\/\/escolaiboix.com\/es\/escuela\/formacion\/cursos-de-verano\/\",\"url\":\"https:\/\/escolaiboix.com\/es\/escuela\/formacion\/cursos-de-verano\/\",\"name\":\"Cursos de verano - IBOIX - ilustraci\u00f3n digital.\",\"isPartOf\":{\"@id\":\"https:\/\/escolaiboix.com\/#website\"},\"primaryImageOfPage\":{\"@id\":\"https:\/\/escolaiboix.com\/es\/escuela\/formacion\/cursos-de-verano\/#primaryimage\"},\"image\":{\"@id\":\"https:\/\/escolaiboix.com\/es\/escuela\/formacion\/cursos-de-verano\/#primaryimage\"},\"thumbnailUrl\":\"https:\/\/escolaiboix.com\/wp-content\/uploads\/2026\/03\/EscolaIBOIX_20231005_R3_2275low_PhotoCescMaymo.jpg\",\"datePublished\":\"2025-12-31T11:25:54+00:00\",\"dateModified\":\"2026-04-17T14:36:45+00:00\",\"description\":\"Curso de Ilustraci\u00f3n digital. Una experiencia intensiva para adentrarte en el mundo de la ilustraci\u00f3n digital.\",\"breadcrumb\":{\"@id\":\"https:\/\/escolaiboix.com\/es\/escuela\/formacion\/cursos-de-verano\/#breadcrumb\"},\"inLanguage\":\"es\",\"potentialAction\":[{\"@type\":\"ReadAction\",\"target\":[\"https:\/\/escolaiboix.com\/es\/escuela\/formacion\/cursos-de-verano\/\"]}]},{\"@type\":\"ImageObject\",\"inLanguage\":\"es\",\"@id\":\"https:\/\/escolaiboix.com\/es\/escuela\/formacion\/cursos-de-verano\/#primaryimage\",\"url\":\"https:\/\/escolaiboix.com\/wp-content\/uploads\/2026\/03\/EscolaIBOIX_20231005_R3_2275low_PhotoCescMaymo.jpg\",\"contentUrl\":\"https:\/\/escolaiboix.com\/wp-content\/uploads\/2026\/03\/EscolaIBOIX_20231005_R3_2275low_PhotoCescMaymo.jpg\",\"width\":2200,\"height\":1467},{\"@type\":\"BreadcrumbList\",\"@id\":\"https:\/\/escolaiboix.com\/es\/escuela\/formacion\/cursos-de-verano\/#breadcrumb\",\"itemListElement\":[{\"@type\":\"ListItem\",\"position\":1,\"name\":\"Inici\",\"item\":\"https:\/\/escolaiboix.com\/es\/\"},{\"@type\":\"ListItem\",\"position\":2,\"name\":\"Escuela\",\"item\":\"https:\/\/escolaiboix.com\/es\/escuela\/\"},{\"@type\":\"ListItem\",\"position\":3,\"name\":\"Formaci\u00f3n\",\"item\":\"https:\/\/escolaiboix.com\/es\/escuela\/formacion\/\"},{\"@type\":\"ListItem\",\"position\":4,\"name\":\"Cursos de verano\"}]},{\"@type\":\"WebSite\",\"@id\":\"https:\/\/escolaiboix.com\/#website\",\"url\":\"https:\/\/escolaiboix.com\/\",\"name\":\"IBOIX\",\"description\":\"Dibuixa!\",\"potentialAction\":[{\"@type\":\"SearchAction\",\"target\":{\"@type\":\"EntryPoint\",\"urlTemplate\":\"https:\/\/escolaiboix.com\/?s={search_term_string}\"},\"query-input\":{\"@type\":\"PropertyValueSpecification\",\"valueRequired\":true,\"valueName\":\"search_term_string\"}}],\"inLanguage\":\"es\"}]}<\/script>\n<!-- \/ Yoast SEO plugin. -->","yoast_head_json":{"title":"Cursos de verano - IBOIX - ilustraci\u00f3n digital.","description":"Curso de Ilustraci\u00f3n digital. Una experiencia intensiva para adentrarte en el mundo de la ilustraci\u00f3n digital.","robots":{"index":"index","follow":"follow","max-snippet":"max-snippet:-1","max-image-preview":"max-image-preview:large","max-video-preview":"max-video-preview:-1"},"canonical":"https:\/\/escolaiboix.com\/es\/escuela\/formacion\/cursos-de-verano\/","og_locale":"es_ES","og_type":"article","og_title":"Cursos de verano - IBOIX - ilustraci\u00f3n digital.","og_description":"Curso de Ilustraci\u00f3n digital. Una experiencia intensiva para adentrarte en el mundo de la ilustraci\u00f3n digital.","og_url":"https:\/\/escolaiboix.com\/es\/escuela\/formacion\/cursos-de-verano\/","og_site_name":"IBOIX","article_modified_time":"2026-04-17T14:36:45+00:00","og_image":[{"width":2200,"height":1467,"url":"https:\/\/escolaiboix.com\/wp-content\/uploads\/2026\/03\/EscolaIBOIX_20231005_R3_2275low_PhotoCescMaymo.jpg","type":"image\/jpeg"}],"twitter_card":"summary_large_image","twitter_misc":{"Tiempo de lectura":"5 minutos"},"schema":{"@context":"https:\/\/schema.org","@graph":[{"@type":"WebPage","@id":"https:\/\/escolaiboix.com\/es\/escuela\/formacion\/cursos-de-verano\/","url":"https:\/\/escolaiboix.com\/es\/escuela\/formacion\/cursos-de-verano\/","name":"Cursos de verano - IBOIX - ilustraci\u00f3n digital.","isPartOf":{"@id":"https:\/\/escolaiboix.com\/#website"},"primaryImageOfPage":{"@id":"https:\/\/escolaiboix.com\/es\/escuela\/formacion\/cursos-de-verano\/#primaryimage"},"image":{"@id":"https:\/\/escolaiboix.com\/es\/escuela\/formacion\/cursos-de-verano\/#primaryimage"},"thumbnailUrl":"https:\/\/escolaiboix.com\/wp-content\/uploads\/2026\/03\/EscolaIBOIX_20231005_R3_2275low_PhotoCescMaymo.jpg","datePublished":"2025-12-31T11:25:54+00:00","dateModified":"2026-04-17T14:36:45+00:00","description":"Curso de Ilustraci\u00f3n digital. Una experiencia intensiva para adentrarte en el mundo de la ilustraci\u00f3n digital.","breadcrumb":{"@id":"https:\/\/escolaiboix.com\/es\/escuela\/formacion\/cursos-de-verano\/#breadcrumb"},"inLanguage":"es","potentialAction":[{"@type":"ReadAction","target":["https:\/\/escolaiboix.com\/es\/escuela\/formacion\/cursos-de-verano\/"]}]},{"@type":"ImageObject","inLanguage":"es","@id":"https:\/\/escolaiboix.com\/es\/escuela\/formacion\/cursos-de-verano\/#primaryimage","url":"https:\/\/escolaiboix.com\/wp-content\/uploads\/2026\/03\/EscolaIBOIX_20231005_R3_2275low_PhotoCescMaymo.jpg","contentUrl":"https:\/\/escolaiboix.com\/wp-content\/uploads\/2026\/03\/EscolaIBOIX_20231005_R3_2275low_PhotoCescMaymo.jpg","width":2200,"height":1467},{"@type":"BreadcrumbList","@id":"https:\/\/escolaiboix.com\/es\/escuela\/formacion\/cursos-de-verano\/#breadcrumb","itemListElement":[{"@type":"ListItem","position":1,"name":"Inici","item":"https:\/\/escolaiboix.com\/es\/"},{"@type":"ListItem","position":2,"name":"Escuela","item":"https:\/\/escolaiboix.com\/es\/escuela\/"},{"@type":"ListItem","position":3,"name":"Formaci\u00f3n","item":"https:\/\/escolaiboix.com\/es\/escuela\/formacion\/"},{"@type":"ListItem","position":4,"name":"Cursos de verano"}]},{"@type":"WebSite","@id":"https:\/\/escolaiboix.com\/#website","url":"https:\/\/escolaiboix.com\/","name":"IBOIX","description":"Dibuixa!","potentialAction":[{"@type":"SearchAction","target":{"@type":"EntryPoint","urlTemplate":"https:\/\/escolaiboix.com\/?s={search_term_string}"},"query-input":{"@type":"PropertyValueSpecification","valueRequired":true,"valueName":"search_term_string"}}],"inLanguage":"es"}]}},"_links":{"self":[{"href":"https:\/\/escolaiboix.com\/es\/wp-json\/wp\/v2\/pages\/2390","targetHints":{"allow":["GET"]}}],"collection":[{"href":"https:\/\/escolaiboix.com\/es\/wp-json\/wp\/v2\/pages"}],"about":[{"href":"https:\/\/escolaiboix.com\/es\/wp-json\/wp\/v2\/types\/page"}],"author":[{"embeddable":true,"href":"https:\/\/escolaiboix.com\/es\/wp-json\/wp\/v2\/users\/1"}],"replies":[{"embeddable":true,"href":"https:\/\/escolaiboix.com\/es\/wp-json\/wp\/v2\/comments?post=2390"}],"version-history":[{"count":22,"href":"https:\/\/escolaiboix.com\/es\/wp-json\/wp\/v2\/pages\/2390\/revisions"}],"predecessor-version":[{"id":5477,"href":"https:\/\/escolaiboix.com\/es\/wp-json\/wp\/v2\/pages\/2390\/revisions\/5477"}],"up":[{"embeddable":true,"href":"https:\/\/escolaiboix.com\/es\/wp-json\/wp\/v2\/pages\/2193"}],"wp:featuredmedia":[{"embeddable":true,"href":"https:\/\/escolaiboix.com\/es\/wp-json\/wp\/v2\/media\/2376"}],"wp:attachment":[{"href":"https:\/\/escolaiboix.com\/es\/wp-json\/wp\/v2\/media?parent=2390"}],"curies":[{"name":"wp","href":"https:\/\/api.w.org\/{rel}","templated":true}]}}