{"id":2203,"date":"2025-12-31T12:51:27","date_gmt":"2025-12-31T11:51:27","guid":{"rendered":"https:\/\/escolaiboix.com\/escuela\/"},"modified":"2026-03-19T16:01:40","modified_gmt":"2026-03-19T15:01:40","slug":"escuela","status":"publish","type":"page","link":"https:\/\/escolaiboix.com\/es\/escuela\/","title":{"rendered":"Escuela"},"content":{"rendered":"<section class=\"l-section wpb_row height_huge color_alternate with_img\" id=\"innHd\"><div class=\"l-section-img\" role=\"img\" aria-label=\"IBOIX escuela\" data-img-width=\"1920\" data-img-height=\"750\" style=\"background-image: url(https:\/\/escolaiboix.com\/wp-content\/uploads\/2026\/02\/escola-hd.jpg);\"><\/div><div class=\"l-section-overlay\" style=\"background:#929292\"><\/div><div class=\"l-section-h i-cf\"><div class=\"g-cols vc_row via_grid cols_1 laptops-cols_inherit tablets-cols_inherit mobiles-cols_1 valign_top type_default stacking_default\"><div class=\"wpb_column vc_column_container\"><div class=\"vc_column-inner\"><div class=\"w-image us_custom_03cd097b us_animate_this align_center\"><div class=\"w-image-h\"><img decoding=\"async\" src=\"https:\/\/escolaiboix.com\/wp-content\/uploads\/2026\/01\/Logoiboix-escola.svg\" class=\"attachment-full size-full\" alt=\"IBOIX escola\" loading=\"lazy\" \/><\/div><\/div><div class=\"wpb_text_column us_custom_f70d789f us_animate_this\"><div class=\"wpb_wrapper\"><p style=\"text-align: center;\">Ideas, proyectos, oportunidades<\/p>\n<\/div><\/div><\/div><\/div><\/div><\/div><\/section><section class=\"l-section wpb_row us_custom_887a049b Dbl height_auto\"><div class=\"l-section-overlay\" style=\"background:#FBF8F4\"><\/div><div class=\"l-section-h i-cf\"><div class=\"g-cols vc_row via_grid cols_2 laptops-cols_inherit tablets-cols_inherit mobiles-cols_1 valign_middle type_default stacking_default\"><div data-us-scroll=\"{&quot;from_initial_position&quot;:&quot;0&quot;,&quot;start_position&quot;:&quot;0%&quot;,&quot;end_position&quot;:&quot;50%&quot;,&quot;delay&quot;:&quot;0.1s&quot;,&quot;translate_y_direction&quot;:&quot;up&quot;,&quot;translate_y_speed&quot;:&quot;0.3x&quot;}\" class=\"wpb_column vc_column_container nfCl has_scroll_effects has_translate_y\"><div class=\"vc_column-inner\"><div class=\"wpb_text_column\"><div class=\"wpb_wrapper\"><h5>Te conectamos con la industria creativa<\/h5>\n<\/div><\/div><div class=\"wpb_text_column\"><div class=\"wpb_wrapper\"><p>En IBOIX Escola las ideas se transforman en proyectos reales, y los proyectos en oportunidades profesionales. No nos limitamos a ense\u00f1ar a dibujar: formamos artistas preparados para afrontar la realidad profesional de la industria creativa.<\/p>\n<\/div><\/div><div class=\"w-tabs Rdmr style_default switch_click accordion\"><div class=\"w-tabs-sections titles-align_none icon_none\"><div class=\"w-tabs-section no_indents\" id=\"ldb8\"><button class=\"w-tabs-section-header with_icon\" aria-controls=\"content-ldb8\" aria-expanded=\"false\"><i class=\"fas fa-stream\"><\/i><p class=\"w-tabs-section-title\">leer m\u00e1s<\/p><div class=\"w-tabs-section-control\"><\/div><\/button><div  class=\"w-tabs-section-content\" id=\"content-ldb8\"><div class=\"w-tabs-section-content-h i-cf\"><div class=\"wpb_text_column\"><div class=\"wpb_wrapper\"><p>Llevamos m\u00e1s de 20 a\u00f1os trabajando profesionalmente en el sector del entretenimiento global, colaborando en proyectos para marcas como Disney &amp; Pixar, DreamWorks, LEGO, Marvel o Mattel. Esta experiencia directa con grandes producciones y proyectos internacionales es la base de nuestro m\u00e9todo de ense\u00f1anza.<\/p>\n<p>Nuestro modelo formativo se fundamenta en una formaci\u00f3n exigente y un seguimiento personalizado, para que cada estudiante pueda encontrar su estilo, especializaci\u00f3n y camino profesional. Todo ello en un entorno inclusivo, abierto y creativo, donde el talento se potencia, la imaginaci\u00f3n tiene espacio para crecer y las ideas toman forma de proyecto.<\/p>\n<p>Si sue\u00f1as con formar parte de la industria creativa, este es tu lugar.<\/p>\n<p>Porque aqu\u00ed, el arte y la industria se encuentran para hacer realidad tu futuro.<\/p>\n<\/div><\/div><\/div><\/div><\/div><\/div><\/div><div class=\"w-btn-wrapper align_none\"><a class=\"w-btn us-btn-style_1\" href=\"#Prllx\"><span class=\"w-btn-label\">Pide m\u00e1s info ahora<\/span><\/a><\/div><\/div><\/div><div data-us-scroll=\"{&quot;from_initial_position&quot;:&quot;0&quot;,&quot;start_position&quot;:&quot;0%&quot;,&quot;end_position&quot;:&quot;50%&quot;,&quot;delay&quot;:&quot;0.1s&quot;,&quot;scale_direction&quot;:&quot;up&quot;,&quot;scale_speed&quot;:&quot;0.3x&quot;}\" class=\"wpb_column vc_column_container mgCl has_scroll_effects has_scale stretched\"><div class=\"vc_column-inner\"><div class=\"w-image align_none\"><div class=\"w-image-h\"><img decoding=\"async\" width=\"960\" height=\"981\" src=\"https:\/\/escolaiboix.com\/wp-content\/uploads\/2026\/01\/escola-img.jpg\" class=\"attachment-full size-full\" alt=\"IBOIX Art &amp; Beyond\" loading=\"lazy\" srcset=\"https:\/\/escolaiboix.com\/wp-content\/uploads\/2026\/01\/escola-img.jpg 960w, https:\/\/escolaiboix.com\/wp-content\/uploads\/2026\/01\/escola-img-294x300.jpg 294w\" sizes=\"auto, (max-width: 960px) 100vw, 960px\" \/><\/div><\/div><div class=\"w-vwrapper us_custom_151eab55 Cta align_center valign_middle\" style=\"--vwrapper-gap:0rem\"><div class=\"wpb_text_column\"><div class=\"wpb_wrapper\"><p>Conoce la escuela<\/p>\n<\/div><\/div><div class=\"w-popup w-btn-wrapper align_none\"><button type=\"button\" aria-label=\"Reproducir v\u00eddeo\" class=\"w-popup-trigger type_btn w-btn us-btn-style_4 icon_atright\"><span class=\"w-btn-label\">Reproducir v\u00eddeo<\/span><i class=\"fas fa-play\"><\/i><\/button><div class=\"w-popup-overlay\" style=\"background:rgba(0,0,0,0.9);\"><\/div><div class=\"w-popup-wrap layout_default\" role=\"dialog\" aria-modal=\"true\" aria-label=\"Reproducir v\u00eddeo\" style=\"--title-color:#ffffff;--title-bg-color:;--content-color:#ffffff;--content-bg-color:;--closer-color:#ffffff;--popup-width:70%;\"><button aria-label=\"Cerrar\" class=\"w-popup-closer\" type=\"button\"><\/button><div class=\"w-popup-box animation_fadeIn closerpos_outside without_title\"><div class=\"w-popup-box-h\"><div class=\"w-popup-box-content\"><div style=\"padding: 75% 0 0 0; position: relative;\"><iframe style=\"position: absolute; top: 0; left: 0; width: 100%; height: 100%;\" title=\"tourEscuela2026_WEB\" src=\"https:\/\/player.vimeo.com\/video\/1173605887?badge=0&amp;autopause=0&amp;player_id=0&amp;app_id=58479\" frameborder=\"0\"><\/iframe><\/div>\n<p><script src=\"https:\/\/player.vimeo.com\/api\/player.js\"><\/script><\/p>\n<\/div><\/div><\/div><\/div><\/div><\/div><\/div><\/div><\/div><\/div><\/section><section data-us-scroll=\"{&quot;from_initial_position&quot;:&quot;0&quot;,&quot;start_position&quot;:&quot;0%&quot;,&quot;end_position&quot;:&quot;50%&quot;,&quot;delay&quot;:&quot;0.1s&quot;,&quot;translate_x_direction&quot;:&quot;left&quot;,&quot;translate_x_speed&quot;:&quot;0.3x&quot;}\" class=\"l-section wpb_row us_custom_96846169 has_scroll_effects has_translate_x height_large width_full\" id=\"Prtf\"><div class=\"l-section-h i-cf\"><div class=\"g-cols vc_row via_grid cols_1 laptops-cols_inherit tablets-cols_inherit mobiles-cols_1 valign_top type_default stacking_default\"><div class=\"wpb_column vc_column_container\"><div class=\"vc_column-inner\"><div class=\"wpb_text_column\"><div class=\"wpb_wrapper\"><h3 style=\"text-align: center;\">Oferta formativa<\/h3>\n<\/div><\/div><div class=\"wpb_text_column\"><div class=\"wpb_wrapper\"><p style=\"text-align: center;\">Programas formativos para crecer como artista, sea cual sea tu nivel u objetivo<\/p>\n<\/div><\/div><div class=\"w-grid us_post_carousel type_carousel layout_186 preload_style_spinner\" id=\"us_post_list_p183\" style=\"--gap:5px;\"><style>.layout_186 .w-grid-item-h{}.layout_186 .usg_post_title_1{color:#ffffff!important;text-align:center!important;text-transform:none!important}.layout_186 .usg_post_content_1{text-align:center!important}.layout_186 .usg_vwrapper_1{width:100%!important;position:absolute!important;left:0!important;top:0!important;bottom:0!important;right:0!important;z-index:3!important}.layout_186 .usg_hwrapper_1{margin-top:20px!important}@media (min-width:901px) and (max-width:1380px){.layout_186 .usg_post_title_1{color:#ffffff!important;text-align:center!important;text-transform:none!important}.layout_186 .usg_post_content_1{text-align:center!important}.layout_186 .usg_hwrapper_1{margin-top:20px!important}}@media (min-width:601px) and (max-width:900px){.layout_186 .usg_post_title_1{color:#ffffff!important;text-align:center!important;text-transform:none!important}.layout_186 .usg_post_content_1{text-align:center!important}.layout_186 .usg_hwrapper_1{margin-top:20px!important}}@media (max-width:600px){.layout_186 .usg_post_title_1{color:#ffffff!important;text-align:center!important;font-size:16.5px!important;text-transform:none!important}.layout_186 .usg_post_content_1{text-align:center!important;font-size:11px!important;line-height:1.3em!important}.layout_186 .usg_hwrapper_1{margin-top:10px!important}}<\/style><div class=\"w-grid-list owl-carousel valign_stretch dotstyle_dash navstyle_3 arrows-ver-pos_middle arrows-hor-pos_center arrows-disabled_fade owl-responsive-2000 with_dots with_arrows\" style=\"--transition-duration:350ms;--arrows-size:20px;--arrows-gap:10px;\">\t<article class=\"w-grid-item size_1x1 post-2415 page type-page status-publish has-post-thumbnail hentry\" data-id=\"2415\">\r\n\t\t<div class=\"w-grid-item-h\">\r\n\t\t\t\t\t\t<div class=\"w-post-elm post_image usg_post_image_1 has_ratio\"><a href=\"https:\/\/escolaiboix.com\/es\/escuela\/formacion\/grado-en-ilustracion-profesional\/\" aria-label=\"Grado en Ilustraci\u00f3n Profesional\"><img loading=\"lazy\" decoding=\"async\" width=\"2200\" height=\"1467\" src=\"https:\/\/escolaiboix.com\/wp-content\/uploads\/2026\/03\/EscolaIBOIX_20231005_R3_1955low_PhotoCescMaymo.jpg\" class=\"attachment-full size-full wp-post-image\" alt=\"\" \/><\/a><div style=\"padding-bottom:42.8571%\"><\/div><\/div><div class=\"w-vwrapper usg_vwrapper_1 align_none valign_top has-link\"><h4 class=\"w-post-elm post_title usg_post_title_1 has_text_color align_center entry-title color_link_inherit\">Grado en Ilustraci\u00f3n Profesional<\/h4><div class=\"w-post-elm post_content usg_post_content_1\"><p>Formaci\u00f3n integral para convertir tu talento en tu profesi\u00f3n. Dibujar\u00e1s en digital desde el primer d\u00eda y tendr\u00e1s como profesores a artistas referentes del sector.  <\/p>\n<\/div><div class=\"w-hwrapper usg_hwrapper_1 align_none valign_middle\"><p class=\"w-post-elm post_custom_field usg_post_custom_field_1 type_text Duracion_txt\"><span class=\"w-post-elm-before\">Duraci\u00f3n: <\/span><span class=\"w-post-elm-value\"><\/span><\/p><a class=\"w-btn us-btn-style_1 usg_btn_1 icon_atleft\" href=\"https:\/\/escolaiboix.com\/es\/escuela\/formacion\/grado-en-ilustracion-profesional\/\"><i class=\"fas fa-arrow-right\"><\/i><span class=\"w-btn-label\">M\u00e1s info<\/span><\/a><\/div><a href=\"https:\/\/escolaiboix.com\/es\/escuela\/formacion\/grado-en-ilustracion-profesional\/\" class=\"w-vwrapper-link smooth-scroll\" aria-label=\"Enlace\"><\/a><\/div>\t\t<\/div>\r\n\t\t\t<\/article>\r\n\t<article class=\"w-grid-item size_1x1 post-2445 page type-page status-publish has-post-thumbnail hentry\" data-id=\"2445\">\r\n\t\t<div class=\"w-grid-item-h\">\r\n\t\t\t\t\t\t<div class=\"w-post-elm post_image usg_post_image_1 has_ratio\"><a href=\"https:\/\/escolaiboix.com\/es\/escuela\/formacion\/programa-de-acceso-al-grado\/\" aria-label=\"Programa de Acceso al Grado\"><img loading=\"lazy\" decoding=\"async\" width=\"960\" height=\"943\" src=\"https:\/\/escolaiboix.com\/wp-content\/uploads\/2026\/01\/oferta-formativa-img.jpg\" class=\"attachment-full size-full wp-post-image\" alt=\"oferta formativa IBOIX\" \/><\/a><div style=\"padding-bottom:42.8571%\"><\/div><\/div><div class=\"w-vwrapper usg_vwrapper_1 align_none valign_top has-link\"><h4 class=\"w-post-elm post_title usg_post_title_1 has_text_color align_center entry-title color_link_inherit\">Programa de Acceso al Grado<\/h4><div class=\"w-post-elm post_content usg_post_content_1\"><p>Curso de acceso para estudiantes que han terminado la ESO y buscan una alternativa al bachillerato. Tambi\u00e9n orientado a personas que a\u00fan no dominan el dibujo digital.  <\/p>\n<\/div><div class=\"w-hwrapper usg_hwrapper_1 align_none valign_middle\"><p class=\"w-post-elm post_custom_field usg_post_custom_field_1 type_text Duracion_txt\"><span class=\"w-post-elm-before\">Duraci\u00f3n: <\/span><span class=\"w-post-elm-value\"><\/span><\/p><a class=\"w-btn us-btn-style_1 usg_btn_1 icon_atleft\" href=\"https:\/\/escolaiboix.com\/es\/escuela\/formacion\/programa-de-acceso-al-grado\/\"><i class=\"fas fa-arrow-right\"><\/i><span class=\"w-btn-label\">M\u00e1s info<\/span><\/a><\/div><a href=\"https:\/\/escolaiboix.com\/es\/escuela\/formacion\/programa-de-acceso-al-grado\/\" class=\"w-vwrapper-link smooth-scroll\" aria-label=\"Enlace\"><\/a><\/div>\t\t<\/div>\r\n\t\t\t<\/article>\r\n\t<article class=\"w-grid-item size_1x1 post-2438 page type-page status-publish has-post-thumbnail hentry\" data-id=\"2438\">\r\n\t\t<div class=\"w-grid-item-h\">\r\n\t\t\t\t\t\t<div class=\"w-post-elm post_image usg_post_image_1 has_ratio\"><a href=\"https:\/\/escolaiboix.com\/es\/escuela\/formacion\/master-en-ilustracion-profesional\/\" aria-label=\"M\u00e1ster en Ilustraci\u00f3n profesional\"><img loading=\"lazy\" decoding=\"async\" width=\"1920\" height=\"750\" src=\"https:\/\/escolaiboix.com\/wp-content\/uploads\/2026\/02\/Grau-ONLINE-en-illustracio-hd.jpg\" class=\"attachment-full size-full wp-post-image\" alt=\"Grado ONLINE en ilustraci\u00f3n\" \/><\/a><div style=\"padding-bottom:42.8571%\"><\/div><\/div><div class=\"w-vwrapper usg_vwrapper_1 align_none valign_top has-link\"><h4 class=\"w-post-elm post_title usg_post_title_1 has_text_color align_center entry-title color_link_inherit\">M\u00e1ster en Ilustraci\u00f3n profesional<\/h4><div class=\"w-post-elm post_content usg_post_content_1\"><p>El M\u00e1ster en Ilustraci\u00f3n Profesional est\u00e1 dirigido a artistas con una base consolidada que desean especializarse y dar el salto a la industria desde una perspectiva art\u00edstica y visual. <\/p>\n<\/div><div class=\"w-hwrapper usg_hwrapper_1 align_none valign_middle\"><p class=\"w-post-elm post_custom_field usg_post_custom_field_1 type_text Duracion_txt\"><span class=\"w-post-elm-before\">Duraci\u00f3n: <\/span><span class=\"w-post-elm-value\"><\/span><\/p><a class=\"w-btn us-btn-style_1 usg_btn_1 icon_atleft\" href=\"https:\/\/escolaiboix.com\/es\/escuela\/formacion\/master-en-ilustracion-profesional\/\"><i class=\"fas fa-arrow-right\"><\/i><span class=\"w-btn-label\">M\u00e1s info<\/span><\/a><\/div><a href=\"https:\/\/escolaiboix.com\/es\/escuela\/formacion\/master-en-ilustracion-profesional\/\" class=\"w-vwrapper-link smooth-scroll\" aria-label=\"Enlace\"><\/a><\/div>\t\t<\/div>\r\n\t\t\t<\/article>\r\n\t<article class=\"w-grid-item size_1x1 post-2426 page type-page status-publish has-post-thumbnail hentry\" data-id=\"2426\">\r\n\t\t<div class=\"w-grid-item-h\">\r\n\t\t\t\t\t\t<div class=\"w-post-elm post_image usg_post_image_1 has_ratio\"><a href=\"https:\/\/escolaiboix.com\/es\/escuela\/formacion\/master-en-arte-para-animacion-y-videojuegos\/\" aria-label=\"M\u00e1ster en Arte para Animaci\u00f3n y Videojuegos\"><img loading=\"lazy\" decoding=\"async\" width=\"2560\" height=\"1707\" src=\"https:\/\/escolaiboix.com\/wp-content\/uploads\/2026\/03\/ActeEscolaIBOIX_20230609_R5_0473_PhotoCescMaymo-scaled.jpg\" class=\"attachment-full size-full wp-post-image\" alt=\"\" \/><\/a><div style=\"padding-bottom:42.8571%\"><\/div><\/div><div class=\"w-vwrapper usg_vwrapper_1 align_none valign_top has-link\"><h4 class=\"w-post-elm post_title usg_post_title_1 has_text_color align_center entry-title color_link_inherit\">M\u00e1ster en Arte para Animaci\u00f3n y Videojuegos<\/h4><div class=\"w-post-elm post_content usg_post_content_1\"><p>El M\u00e1ster en Arte para Animaci\u00f3n y Videojuegos se dirige a artistas con una base consolidada que quieren especializarse y dar el salto a la industria desde una perspectiva art\u00edstica y visual. <\/p>\n<\/div><div class=\"w-hwrapper usg_hwrapper_1 align_none valign_middle\"><p class=\"w-post-elm post_custom_field usg_post_custom_field_1 type_text Duracion_txt\"><span class=\"w-post-elm-before\">Duraci\u00f3n: <\/span><span class=\"w-post-elm-value\"><\/span><\/p><a class=\"w-btn us-btn-style_1 usg_btn_1 icon_atleft\" href=\"https:\/\/escolaiboix.com\/es\/escuela\/formacion\/master-en-arte-para-animacion-y-videojuegos\/\"><i class=\"fas fa-arrow-right\"><\/i><span class=\"w-btn-label\">M\u00e1s info<\/span><\/a><\/div><a href=\"https:\/\/escolaiboix.com\/es\/escuela\/formacion\/master-en-arte-para-animacion-y-videojuegos\/\" class=\"w-vwrapper-link smooth-scroll\" aria-label=\"Enlace\"><\/a><\/div>\t\t<\/div>\r\n\t\t\t<\/article>\r\n\t<article class=\"w-grid-item size_1x1 post-2369 page type-page status-publish has-post-thumbnail hentry\" data-id=\"2369\">\r\n\t\t<div class=\"w-grid-item-h\">\r\n\t\t\t\t\t\t<div class=\"w-post-elm post_image usg_post_image_1 has_ratio\"><a href=\"https:\/\/escolaiboix.com\/es\/escuela\/formacion\/curso-de-ilustracion-digital\/\" aria-label=\"Curso de Ilustraci\u00f3n Digital\"><img loading=\"lazy\" decoding=\"async\" width=\"1120\" height=\"420\" src=\"https:\/\/escolaiboix.com\/wp-content\/uploads\/2026\/01\/Dissabtes-a-IBOIX-thumb.jpg\" class=\"attachment-full size-full wp-post-image\" alt=\"S\u00e1bados en IBOIX\" \/><\/a><div style=\"padding-bottom:42.8571%\"><\/div><\/div><div class=\"w-vwrapper usg_vwrapper_1 align_none valign_top has-link\"><h4 class=\"w-post-elm post_title usg_post_title_1 has_text_color align_center entry-title color_link_inherit\">Curso de Ilustraci\u00f3n Digital<\/h4><div class=\"w-post-elm post_content usg_post_content_1\"><p>IBOIX One es un curso intensivo de un a\u00f1o pensado para personas que quieren aprender dibujo e ilustraci\u00f3n digital con criterio profesional.<\/p>\n<\/div><div class=\"w-hwrapper usg_hwrapper_1 align_none valign_middle\"><p class=\"w-post-elm post_custom_field usg_post_custom_field_1 type_text Duracion_txt\"><span class=\"w-post-elm-before\">Duraci\u00f3n: <\/span><span class=\"w-post-elm-value\"><\/span><\/p><a class=\"w-btn us-btn-style_1 usg_btn_1 icon_atleft\" href=\"https:\/\/escolaiboix.com\/es\/escuela\/formacion\/curso-de-ilustracion-digital\/\"><i class=\"fas fa-arrow-right\"><\/i><span class=\"w-btn-label\">M\u00e1s info<\/span><\/a><\/div><a href=\"https:\/\/escolaiboix.com\/es\/escuela\/formacion\/curso-de-ilustracion-digital\/\" class=\"w-vwrapper-link smooth-scroll\" aria-label=\"Enlace\"><\/a><\/div>\t\t<\/div>\r\n\t\t\t<\/article>\r\n\t<article class=\"w-grid-item size_1x1 post-2344 page type-page status-publish has-post-thumbnail hentry\" data-id=\"2344\">\r\n\t\t<div class=\"w-grid-item-h\">\r\n\t\t\t\t\t\t<div class=\"w-post-elm post_image usg_post_image_1 has_ratio\"><a href=\"https:\/\/escolaiboix.com\/es\/escuela\/formacion\/curso-de-arte-tradicional\/\" aria-label=\"Curso de Arte Tradicional\"><img loading=\"lazy\" decoding=\"async\" width=\"2200\" height=\"1467\" src=\"https:\/\/escolaiboix.com\/wp-content\/uploads\/2026\/03\/EscolaIBOIX_20231011_R3_4915low_PhotoCescMaymo.jpg\" class=\"attachment-full size-full wp-post-image\" alt=\"\" \/><\/a><div style=\"padding-bottom:42.8571%\"><\/div><\/div><div class=\"w-vwrapper usg_vwrapper_1 align_none valign_top has-link\"><h4 class=\"w-post-elm post_title usg_post_title_1 has_text_color align_center entry-title color_link_inherit\">Curso de Arte Tradicional<\/h4><div class=\"w-post-elm post_content usg_post_content_1\"><p>Dos a\u00f1os para consolidar tu propio estilo de autor y preparar obra para venderla en el circuito comercial<\/p>\n<\/div><div class=\"w-hwrapper usg_hwrapper_1 align_none valign_middle\"><p class=\"w-post-elm post_custom_field usg_post_custom_field_1 type_text Duracion_txt\"><span class=\"w-post-elm-before\">Duraci\u00f3n: <\/span><span class=\"w-post-elm-value\"><\/span><\/p><a class=\"w-btn us-btn-style_1 usg_btn_1 icon_atleft\" href=\"https:\/\/escolaiboix.com\/es\/escuela\/formacion\/curso-de-arte-tradicional\/\"><i class=\"fas fa-arrow-right\"><\/i><span class=\"w-btn-label\">M\u00e1s info<\/span><\/a><\/div><a href=\"https:\/\/escolaiboix.com\/es\/escuela\/formacion\/curso-de-arte-tradicional\/\" class=\"w-vwrapper-link smooth-scroll\" aria-label=\"Enlace\"><\/a><\/div>\t\t<\/div>\r\n\t\t\t<\/article>\r\n\t<article class=\"w-grid-item size_1x1 post-2390 page type-page status-publish has-post-thumbnail hentry\" data-id=\"2390\">\r\n\t\t<div class=\"w-grid-item-h\">\r\n\t\t\t\t\t\t<div class=\"w-post-elm post_image usg_post_image_1 has_ratio\"><a href=\"https:\/\/escolaiboix.com\/es\/escuela\/formacion\/cursos-de-verano\/\" aria-label=\"Cursos de verano\"><img loading=\"lazy\" decoding=\"async\" width=\"2200\" height=\"1467\" src=\"https:\/\/escolaiboix.com\/wp-content\/uploads\/2026\/03\/EscolaIBOIX_20231005_R3_2275low_PhotoCescMaymo.jpg\" class=\"attachment-full size-full wp-post-image\" alt=\"\" \/><\/a><div style=\"padding-bottom:42.8571%\"><\/div><\/div><div class=\"w-vwrapper usg_vwrapper_1 align_none valign_top has-link\"><h4 class=\"w-post-elm post_title usg_post_title_1 has_text_color align_center entry-title color_link_inherit\">Cursos de verano<\/h4><div class=\"w-post-elm post_content usg_post_content_1\"><p>Cada mes de julio tienes la oportunidad de mejorar tu t\u00e9cnica de ilustraci\u00f3n y de conocer la escuela con cursos que hacemos por las ma\u00f1anas<\/p>\n<\/div><div class=\"w-hwrapper usg_hwrapper_1 align_none valign_middle\"><p class=\"w-post-elm post_custom_field usg_post_custom_field_1 type_text Duracion_txt\"><span class=\"w-post-elm-before\">Duraci\u00f3n: <\/span><span class=\"w-post-elm-value\"><\/span><\/p><a class=\"w-btn us-btn-style_1 usg_btn_1 icon_atleft\" href=\"https:\/\/escolaiboix.com\/es\/escuela\/formacion\/cursos-de-verano\/\"><i class=\"fas fa-arrow-right\"><\/i><span class=\"w-btn-label\">M\u00e1s info<\/span><\/a><\/div><a href=\"https:\/\/escolaiboix.com\/es\/escuela\/formacion\/cursos-de-verano\/\" class=\"w-vwrapper-link smooth-scroll\" aria-label=\"Enlace\"><\/a><\/div>\t\t<\/div>\r\n\t\t\t<\/article>\r\n\t<article class=\"w-grid-item size_1x1 post-2406 page type-page status-publish has-post-thumbnail hentry\" data-id=\"2406\">\r\n\t\t<div class=\"w-grid-item-h\">\r\n\t\t\t\t\t\t<div class=\"w-post-elm post_image usg_post_image_1 has_ratio\"><a href=\"https:\/\/escolaiboix.com\/es\/escuela\/formacion\/extraescolar-de-dibujo-digital\/\" aria-label=\"Extraescolar de dibujo digital\"><img loading=\"lazy\" decoding=\"async\" width=\"1920\" height=\"750\" src=\"https:\/\/escolaiboix.com\/wp-content\/uploads\/2026\/02\/pag-hd.jpg\" class=\"attachment-full size-full wp-post-image\" alt=\"Programa de Acceso al Grado\" \/><\/a><div style=\"padding-bottom:42.8571%\"><\/div><\/div><div class=\"w-vwrapper usg_vwrapper_1 align_none valign_top has-link\"><h4 class=\"w-post-elm post_title usg_post_title_1 has_text_color align_center entry-title color_link_inherit\">Extraescolar de dibujo digital<\/h4><div class=\"w-post-elm post_content usg_post_content_1\"><p>Si tienes entre 10 y 15 a\u00f1os, aprende a dibujar en digital en nuestras extraescolares. Elige la tarde que m\u00e1s te convenga. Nosotros ponemos el profe y el iPad. T\u00fa, las ganas.   <\/p>\n<\/div><div class=\"w-hwrapper usg_hwrapper_1 align_none valign_middle\"><p class=\"w-post-elm post_custom_field usg_post_custom_field_1 type_text Duracion_txt\"><span class=\"w-post-elm-before\">Duraci\u00f3n: <\/span><span class=\"w-post-elm-value\"><\/span><\/p><a class=\"w-btn us-btn-style_1 usg_btn_1 icon_atleft\" href=\"https:\/\/escolaiboix.com\/es\/escuela\/formacion\/extraescolar-de-dibujo-digital\/\"><i class=\"fas fa-arrow-right\"><\/i><span class=\"w-btn-label\">M\u00e1s info<\/span><\/a><\/div><a href=\"https:\/\/escolaiboix.com\/es\/escuela\/formacion\/extraescolar-de-dibujo-digital\/\" class=\"w-vwrapper-link smooth-scroll\" aria-label=\"Enlace\"><\/a><\/div>\t\t<\/div>\r\n\t\t\t<\/article>\r\n<\/div><div class=\"w-grid-carousel-json hidden\" onclick='return {&quot;carousel_settings&quot;:{&quot;aria_labels&quot;:{&quot;prev&quot;:&quot;Anterior&quot;,&quot;next&quot;:&quot;Siguiente&quot;},&quot;autoplayContinual&quot;:false,&quot;autoplayHoverPause&quot;:false,&quot;autoplayTimeout&quot;:3000,&quot;autoWidth&quot;:false,&quot;smartSpeed&quot;:350,&quot;margin&quot;:0,&quot;mouseDrag&quot;:true,&quot;rtl&quot;:false,&quot;slideBy&quot;:&quot;1&quot;,&quot;touchDrag&quot;:true,&quot;slideTransition&quot;:&quot;&quot;,&quot;responsive&quot;:{&quot;0&quot;:{&quot;autoHeight&quot;:false,&quot;autoplay&quot;:true,&quot;autoWidth&quot;:false,&quot;center&quot;:false,&quot;dots&quot;:true,&quot;items&quot;:1,&quot;loop&quot;:true,&quot;nav&quot;:false,&quot;stagePadding&quot;:0,&quot;slideBy&quot;:&quot;1&quot;},&quot;601&quot;:{&quot;autoHeight&quot;:false,&quot;autoplay&quot;:true,&quot;autoWidth&quot;:false,&quot;center&quot;:false,&quot;dots&quot;:true,&quot;items&quot;:1,&quot;loop&quot;:true,&quot;nav&quot;:false,&quot;stagePadding&quot;:0,&quot;slideBy&quot;:&quot;1&quot;},&quot;768&quot;:{&quot;autoHeight&quot;:false,&quot;autoplay&quot;:false,&quot;autoWidth&quot;:false,&quot;center&quot;:false,&quot;dots&quot;:true,&quot;items&quot;:1,&quot;loop&quot;:true,&quot;nav&quot;:true,&quot;stagePadding&quot;:0,&quot;slideBy&quot;:&quot;1&quot;},&quot;1200&quot;:{&quot;items&quot;:1,&quot;autoplay&quot;:false,&quot;center&quot;:false,&quot;dots&quot;:true,&quot;nav&quot;:true,&quot;autoHeight&quot;:false,&quot;autoWidth&quot;:false,&quot;loop&quot;:true,&quot;stagePadding&quot;:0}}}}'><\/div><\/div><\/div><\/div><\/div><\/div><\/section><section class=\"l-section wpb_row us_custom_278d8c57 Dbl height_medium\"><div class=\"l-section-overlay\" style=\"background:#FBF8F4\"><\/div><div class=\"l-section-h i-cf\"><div class=\"g-cols vc_row via_grid cols_2 laptops-cols_inherit tablets-cols_inherit mobiles-cols_1 valign_middle type_default stacking_default\"><div data-us-scroll=\"{&quot;from_initial_position&quot;:&quot;0&quot;,&quot;start_position&quot;:&quot;0%&quot;,&quot;end_position&quot;:&quot;50%&quot;,&quot;delay&quot;:&quot;0.1s&quot;,&quot;translate_y_direction&quot;:&quot;up&quot;,&quot;translate_y_speed&quot;:&quot;0.3x&quot;}\" class=\"wpb_column vc_column_container nfCl has_scroll_effects has_translate_y\"><div class=\"vc_column-inner\"><div class=\"wpb_text_column\"><div class=\"wpb_wrapper\"><h3>Una escuela diferente<\/h3>\n<\/div><\/div><div class=\"wpb_text_column\"><div class=\"wpb_wrapper\"><ul>\n<li>1.500 m\u00b2 de instalaciones de primer nivel<\/li>\n<li>Tabletas gr\u00e1ficas de 22\u201d para cada estudiante<\/li>\n<li>Ambiente 100% creativo e inclusivo<\/li>\n<li>Residencia para estudiantes (sujeto a disponibilidad)<\/li>\n<\/ul>\n<\/div><\/div><div class=\"w-btn-wrapper align_none\"><a class=\"w-btn us-btn-style_2 icon_atleft\" href=\"https:\/\/escolaiboix.com\/escola\/estudis\/\"><i class=\"fas fa-download\"><\/i><span class=\"w-btn-label\">Consulta nuestros cursos<\/span><\/a><\/div><\/div><\/div><div data-us-scroll=\"{&quot;from_initial_position&quot;:&quot;0&quot;,&quot;start_position&quot;:&quot;0%&quot;,&quot;end_position&quot;:&quot;50%&quot;,&quot;delay&quot;:&quot;0.1s&quot;,&quot;scale_direction&quot;:&quot;up&quot;,&quot;scale_speed&quot;:&quot;0.3x&quot;}\" class=\"wpb_column vc_column_container mgCl glCl has_scroll_effects has_scale stretched\"><div class=\"vc_column-inner\"><div class=\"w-vwrapper us_custom_50a4d084 Cta align_center valign_middle\" style=\"--vwrapper-gap:0rem\"><div class=\"wpb_text_column\"><div class=\"wpb_wrapper\"><p>Aqu\u00ed estudiar\u00e1s<\/p>\n<\/div><\/div><\/div><div class=\"w-slider style_none fit_cover nav_none has_ratio count_11\" style=\"--aspect-ratio: 1\/1;\"><div class=\"w-slider-h\" aria-hidden=\"true\"><div class=\"royalSlider\"><div class=\"rsContent\"><a class=\"rsImg\" data-rsw=\"960\" data-rsh=\"792\" href=\"https:\/\/escolaiboix.com\/wp-content\/uploads\/2026\/03\/Una-escola-diferent-galeria-1.jpg\"><span data-alt=\"Una escola diferent\"><\/span><\/a><\/div><div class=\"rsContent\"><a class=\"rsImg\" data-rsw=\"960\" data-rsh=\"792\" href=\"https:\/\/escolaiboix.com\/wp-content\/uploads\/2026\/03\/Una-escola-diferent-galeria-2.jpg\"><span data-alt=\"Una escola diferent IBOIX\"><\/span><\/a><\/div><div class=\"rsContent\"><a class=\"rsImg\" data-rsw=\"960\" data-rsh=\"792\" href=\"https:\/\/escolaiboix.com\/wp-content\/uploads\/2026\/03\/Una-escola-diferent-galeria-3.jpg\"><span data-alt=\"Una escola diferent IBOIX\"><\/span><\/a><\/div><div class=\"rsContent\"><a class=\"rsImg\" data-rsw=\"960\" data-rsh=\"792\" href=\"https:\/\/escolaiboix.com\/wp-content\/uploads\/2026\/03\/Una-escola-diferent-galeria-4.jpg\"><span data-alt=\"Una escola diferent IBOIX\"><\/span><\/a><\/div><div class=\"rsContent\"><a class=\"rsImg\" data-rsw=\"960\" data-rsh=\"792\" href=\"https:\/\/escolaiboix.com\/wp-content\/uploads\/2026\/03\/Una-escola-diferent-galeria-5.jpg\"><span data-alt=\"Una escola diferent IBOIX\"><\/span><\/a><\/div><div class=\"rsContent\"><a class=\"rsImg\" data-rsw=\"960\" data-rsh=\"792\" href=\"https:\/\/escolaiboix.com\/wp-content\/uploads\/2026\/03\/Una-escola-diferent-galeria-6.jpg\"><span data-alt=\"Una escola diferent\"><\/span><\/a><\/div><div class=\"rsContent\"><a class=\"rsImg\" data-rsw=\"960\" data-rsh=\"792\" href=\"https:\/\/escolaiboix.com\/wp-content\/uploads\/2026\/03\/Una-escola-diferent-galeria-7.jpg\"><span data-alt=\"Una escola diferent IBOIX\"><\/span><\/a><\/div><div class=\"rsContent\"><a class=\"rsImg\" data-rsw=\"960\" data-rsh=\"792\" href=\"https:\/\/escolaiboix.com\/wp-content\/uploads\/2026\/03\/Una-escola-diferent-galeria-8.jpg\"><span data-alt=\"Una escola diferent IBOIX\"><\/span><\/a><\/div><div class=\"rsContent\"><a class=\"rsImg\" data-rsw=\"960\" data-rsh=\"792\" href=\"https:\/\/escolaiboix.com\/wp-content\/uploads\/2026\/03\/Una-escola-diferent-galeria-9.jpg\"><span data-alt=\"Una escola diferent IBOIX\"><\/span><\/a><\/div><div class=\"rsContent\"><a class=\"rsImg\" data-rsw=\"960\" data-rsh=\"792\" href=\"https:\/\/escolaiboix.com\/wp-content\/uploads\/2026\/03\/Una-escola-diferent-galeria-10.jpg\"><span data-alt=\"Una escola diferent IBOIX\"><\/span><\/a><\/div><div class=\"rsContent\"><a class=\"rsImg\" data-rsw=\"960\" data-rsh=\"792\" href=\"https:\/\/escolaiboix.com\/wp-content\/uploads\/2026\/03\/Una-escola-diferent-galeria-11.jpg\"><span data-alt=\"Una escola diferent IBOIX\"><\/span><\/a><\/div><\/div><img decoding=\"async\" src=\"https:\/\/escolaiboix.com\/wp-content\/uploads\/2026\/03\/Una-escola-diferent-galeria-1.jpg\" width=\"960\" height=\"792\" alt=\"Una escola diferent\" loading=\"lazy\"><\/div><div class=\"w-slider-json\" onclick='return {&quot;autoScaleSlider&quot;:false,&quot;addActiveClass&quot;:true,&quot;loop&quot;:true,&quot;fadeInLoadedSlide&quot;:false,&quot;slidesSpacing&quot;:0,&quot;imageScalePadding&quot;:0,&quot;numImagesToPreload&quot;:2,&quot;arrowsNav&quot;:true,&quot;arrowsNavAutoHide&quot;:false,&quot;transitionType&quot;:&quot;move&quot;,&quot;transitionSpeed&quot;:250,&quot;block&quot;:{&quot;moveEffect&quot;:&quot;none&quot;,&quot;speed&quot;:300},&quot;thumbs&quot;:{&quot;fitInViewport&quot;:false,&quot;firstMargin&quot;:false,&quot;spacing&quot;:4},&quot;controlNavigation&quot;:&quot;none&quot;}'><\/div><\/div><\/div><\/div><\/div><\/div><\/section><section class=\"l-section wpb_row No-Frm height_medium width_full color_alternate with_img parallax_ver\" id=\"PAbr\"><div class=\"l-section-img\" role=\"img\" aria-label=\"Puertas abiertas\" data-img-width=\"1920\" data-img-height=\"932\" style=\"background-image: url(https:\/\/escolaiboix.com\/wp-content\/uploads\/2026\/01\/Portes-obertes-bg.jpg);background-repeat: no-repeat;\"><\/div><div class=\"l-section-h i-cf\"><div class=\"g-cols vc_row via_grid cols_1 laptops-cols_inherit tablets-cols_inherit mobiles-cols_1 valign_top type_default stacking_default\"><div data-us-scroll=\"{&quot;from_initial_position&quot;:&quot;0&quot;,&quot;start_position&quot;:&quot;0%&quot;,&quot;end_position&quot;:&quot;50%&quot;,&quot;delay&quot;:&quot;0.1s&quot;,&quot;translate_x_direction&quot;:&quot;left&quot;,&quot;translate_x_speed&quot;:&quot;0.5x&quot;}\" class=\"wpb_column vc_column_container has_scroll_effects has_translate_x\"><div class=\"vc_column-inner\"><div class=\"wpb_text_column us_custom_50cc7d67\"><div class=\"wpb_wrapper\"><h2 style=\"text-align: center;\">PUERTAS ABIERTAS<\/h2>\n<\/div><\/div><div class=\"wpb_text_column us_custom_50cc7d67\"><div class=\"wpb_wrapper\"><p style=\"text-align: center;\"><strong>NUEVA FECHA<\/strong><br \/>\nS\u00e1bado 9 de mayo &#8211; 11:00<\/p>\n<\/div><\/div><div class=\"w-btn-wrapper align_center\"><a class=\"w-btn us-btn-style_1\" href=\"https:\/\/escolaiboix.com\/es\/escuela\/puertas-abiertas\/\"><span class=\"w-btn-label\">INSCR\u00cdBETE AHORA<\/span><\/a><\/div><\/div><\/div><\/div><\/div><\/section>\n<section class=\"l-section wpb_row us_custom_2a0a8338 Cursus height_large color_alternate with_img parallax_ver\" id=\"KeyPoints\"><div class=\"l-section-img\" role=\"img\" aria-label=\"6 puntos clave\" data-img-width=\"1920\" data-img-height=\"1640\" style=\"background-image: url(https:\/\/escolaiboix.com\/wp-content\/uploads\/2026\/01\/6puntosescola-bg.jpg);background-repeat: no-repeat;\"><\/div><div class=\"l-section-overlay\" style=\"background:#525252\"><\/div><div class=\"l-section-h i-cf\"><div class=\"g-cols vc_row via_grid cols_1 laptops-cols_inherit tablets-cols_inherit mobiles-cols_1 valign_top type_default stacking_default\"><div class=\"wpb_column vc_column_container\"><div class=\"vc_column-inner\"><div class=\"g-cols wpb_row us_custom_2dbf7b3f header-estatico via_grid cols_1 laptops-cols_inherit tablets-cols_inherit mobiles-cols_1 valign_top type_default stacking_default\" style=\"--columns-gap:3rem;\"><div class=\"wpb_column vc_column_container\"><div class=\"vc_column-inner\"><div class=\"wpb_text_column us_custom_9c33410b\"><div class=\"wpb_wrapper\"><h3>Porque ya est\u00e1s tardando<\/h3>\n<\/div><\/div><\/div><\/div><\/div><div class=\"g-cols wpb_row tarjeta-key via_grid cols_1 laptops-cols_inherit tablets-cols_inherit mobiles-cols_1 valign_middle type_default stacking_default\" style=\"--columns-gap:3rem;\"><div class=\"wpb_column vc_column_container\"><div class=\"vc_column-inner\"><div class=\"w-hwrapper us_custom_2a0a8338 KeyPoint valign_top align_none\"><div class=\"wpb_text_column\"><div class=\"wpb_wrapper\"><h2>1<\/h2>\n<\/div><\/div><div class=\"wpb_text_column\"><div class=\"wpb_wrapper\"><h3>Instalaciones de primer nivel<\/h3>\n<\/div><\/div><div class=\"wpb_text_column\"><div class=\"wpb_wrapper\"><p>1.500 m\u00b2 de instalaciones dise\u00f1adas para aprender y crear, con aulas amplias, cafeter\u00eda, salas de reuniones y zonas de descanso.<\/p>\n<\/div><\/div><\/div><\/div><\/div><\/div><div class=\"g-cols wpb_row tarjeta-key via_grid cols_1 laptops-cols_inherit tablets-cols_inherit mobiles-cols_1 valign_middle type_default stacking_default\" style=\"--columns-gap:3rem;\"><div class=\"wpb_column vc_column_container\"><div class=\"vc_column-inner\"><div class=\"w-hwrapper us_custom_2a0a8338 KeyPoint valign_top align_none\"><div class=\"wpb_text_column\"><div class=\"wpb_wrapper\"><h2>2<\/h2>\n<\/div><\/div><div class=\"wpb_text_column\"><div class=\"wpb_wrapper\"><h3>Flexibilidad horaria<\/h3>\n<\/div><\/div><div class=\"wpb_text_column\"><div class=\"wpb_wrapper\"><p>Escoge entre horario de ma\u00f1ana o tarde seg\u00fan tus necesidades<\/p>\n<\/div><\/div><\/div><\/div><\/div><\/div><div class=\"g-cols wpb_row tarjeta-key via_grid cols_1 laptops-cols_inherit tablets-cols_inherit mobiles-cols_1 valign_top type_default stacking_default\" style=\"--columns-gap:3rem;\"><div class=\"wpb_column vc_column_container\"><div class=\"vc_column-inner\"><div class=\"w-hwrapper us_custom_2a0a8338 KeyPoint valign_top align_none\"><div class=\"wpb_text_column\"><div class=\"wpb_wrapper\"><h2>3<\/h2>\n<\/div><\/div><div class=\"wpb_text_column\"><div class=\"wpb_wrapper\"><h3>Profesorado formado y en activo<\/h3>\n<\/div><\/div><div class=\"wpb_text_column\"><div class=\"wpb_wrapper\"><p>Un equipo docente preparado para ense\u00f1ar con criterio, acompa\u00f1ar al alumnado y gestionar el aula con eficacia, con experiencia real en el sector.<\/p>\n<\/div><\/div><\/div><\/div><\/div><\/div><div class=\"g-cols wpb_row tarjeta-key via_grid cols_1 laptops-cols_inherit tablets-cols_inherit mobiles-cols_1 valign_top type_default stacking_default\" style=\"--columns-gap:3rem;\"><div class=\"wpb_column vc_column_container\"><div class=\"vc_column-inner\"><div class=\"w-hwrapper us_custom_2a0a8338 KeyPoint valign_top align_none\"><div class=\"wpb_text_column\"><div class=\"wpb_wrapper\"><h2>4<\/h2>\n<\/div><\/div><div class=\"wpb_text_column\"><div class=\"wpb_wrapper\"><h3>Herramientas profesionales<\/h3>\n<\/div><\/div><div class=\"wpb_text_column\"><div class=\"wpb_wrapper\"><p>Trabaja como un\/a profesional desde el primer d\u00eda con ordenadores de alto rendimiento y tabletas gr\u00e1ficas de 22\u201d.<\/p>\n<\/div><\/div><\/div><\/div><\/div><\/div><div class=\"g-cols wpb_row tarjeta-key via_grid cols_1 laptops-cols_inherit tablets-cols_inherit mobiles-cols_1 valign_top type_default stacking_default\" style=\"--columns-gap:3rem;\"><div class=\"wpb_column vc_column_container\"><div class=\"vc_column-inner\"><div class=\"w-hwrapper us_custom_2a0a8338 KeyPoint valign_top align_none\"><div class=\"wpb_text_column\"><div class=\"wpb_wrapper\"><h2>5<\/h2>\n<\/div><\/div><div class=\"wpb_text_column\"><div class=\"wpb_wrapper\"><h3>Precio cerrado, sin sorpresas<\/h3>\n<\/div><\/div><div class=\"wpb_text_column\"><div class=\"wpb_wrapper\"><p>El precio se mantiene estable desde la matr\u00edcula hasta el final de los estudios. Sin incrementos ni costes ocultos.<\/p>\n<\/div><\/div><\/div><\/div><\/div><\/div><div class=\"g-cols wpb_row tarjeta-key via_grid cols_1 laptops-cols_inherit tablets-cols_inherit mobiles-cols_1 valign_top type_default stacking_default\" style=\"--columns-gap:3rem;\"><div class=\"wpb_column vc_column_container\"><div class=\"vc_column-inner\"><div class=\"w-hwrapper us_custom_2a0a8338 KeyPoint valign_top align_none\"><div class=\"wpb_text_column\"><div class=\"wpb_wrapper\"><h2>6<\/h2>\n<\/div><\/div><div class=\"wpb_text_column\"><div class=\"wpb_wrapper\"><h3>Residencia para estudiantes<\/h3>\n<\/div><\/div><div class=\"wpb_text_column\"><div class=\"wpb_wrapper\"><p>Residencia con todas las comodidades, situada a solo 5 minutos de la escuela.<\/p>\n<\/div><\/div><\/div><\/div><\/div><\/div><div class=\"g-cols wpb_row tarjeta-key via_grid cols_1 laptops-cols_inherit tablets-cols_inherit mobiles-cols_1 valign_top type_default stacking_default\" style=\"--columns-gap:3rem;\"><div class=\"wpb_column vc_column_container\"><div class=\"vc_column-inner\"><div class=\"w-hwrapper us_custom_2a0a8338 KeyPoint valign_top align_none\"><div class=\"wpb_text_column\"><div class=\"wpb_wrapper\"><h2>7<\/h2>\n<\/div><\/div><div class=\"wpb_text_column\"><div class=\"wpb_wrapper\"><h3>Atenci\u00f3n a necesidades espec\u00edficas<\/h3>\n<\/div><\/div><div class=\"wpb_text_column\"><div class=\"wpb_wrapper\"><p>Apoyo personalizado para estudiantes con requerimientos particulares, para garantizar una experiencia formativa adecuada.<\/p>\n<\/div><\/div><\/div><\/div><\/div><\/div><div class=\"g-cols wpb_row tarjeta-key via_grid cols_1 laptops-cols_inherit tablets-cols_inherit mobiles-cols_1 valign_top type_default stacking_default\" style=\"--columns-gap:3rem;\"><div class=\"wpb_column vc_column_container\"><div class=\"vc_column-inner\"><div class=\"w-hwrapper us_custom_2a0a8338 KeyPoint valign_top align_none\"><div class=\"wpb_text_column\"><div class=\"wpb_wrapper\"><h2>8<\/h2>\n<\/div><\/div><div class=\"wpb_text_column\"><div class=\"wpb_wrapper\"><h3>Comunidad Alumni<\/h3>\n<\/div><\/div><div class=\"wpb_text_column\"><div class=\"wpb_wrapper\"><p>Acompa\u00f1amiento profesional una vez finalizados los estudios: bolsa de trabajo, orientaci\u00f3n laboral y representaci\u00f3n art\u00edstica.<\/p>\n<\/div><\/div><\/div><\/div><\/div><\/div><\/div><\/div><\/div><\/div><\/section><section class=\"l-section wpb_row height_large\" id=\"FaQ\"><div class=\"l-section-overlay\" style=\"background:#FBF8F4\"><\/div><div class=\"l-section-h i-cf\"><div class=\"g-cols vc_row via_grid cols_1 laptops-cols_inherit tablets-cols_inherit mobiles-cols_1 valign_top type_default stacking_default\"><div data-us-scroll=\"{&quot;from_initial_position&quot;:&quot;0&quot;,&quot;start_position&quot;:&quot;0%&quot;,&quot;end_position&quot;:&quot;50%&quot;,&quot;delay&quot;:&quot;0.1s&quot;,&quot;scale_direction&quot;:&quot;up&quot;,&quot;scale_speed&quot;:&quot;0.3x&quot;}\" class=\"wpb_column vc_column_container has_scroll_effects has_scale\"><div class=\"vc_column-inner\"><div class=\"wpb_text_column us_custom_9c33410b\"><div class=\"wpb_wrapper\"><h3>\u00bfTodav\u00eda tienes dudas?<\/h3>\n<\/div><\/div><div class=\"w-tabs us_custom_af6a9b6a Acr style_default switch_click accordion has_scrolling\"><div class=\"w-tabs-sections titles-align_none icon_triangle cpos_right\"><div class=\"w-tabs-section active\" id=\"ia5e\"><button class=\"w-tabs-section-header active\" aria-controls=\"content-ia5e\" aria-expanded=\"true\"><h6 class=\"w-tabs-section-title\">\u00bfLa escuela est\u00e1 bien conectada con el transporte p\u00fablico?<\/h6><div class=\"w-tabs-section-control\"><\/div><\/button><div  class=\"w-tabs-section-content\" id=\"content-ia5e\"><div class=\"w-tabs-section-content-h i-cf\"><div class=\"wpb_text_column\"><div class=\"wpb_wrapper\"><p>La escuela est\u00e1 en Granollers, a 5 minutos a pie de la estaci\u00f3n de tren de Granollers Centre. El trayecto desde el centro de Barcelona es de 30 minutos y con trenes cada 15 minutos los d\u00edas laborables.<\/p>\n<p>La estaci\u00f3n de autobuses queda a 15 minutos a pie de la escuela.<\/p>\n<\/div><\/div><\/div><\/div><\/div><div class=\"w-tabs-section\" id=\"tc29\"><button class=\"w-tabs-section-header\" aria-controls=\"content-tc29\" aria-expanded=\"false\"><h6 class=\"w-tabs-section-title\">\u00bfPuedo visitar la escuela antes de inscribirme en alg\u00fan curso?<\/h6><div class=\"w-tabs-section-control\"><\/div><\/button><div  class=\"w-tabs-section-content\" id=\"content-tc29\"><div class=\"w-tabs-section-content-h i-cf\"><div class=\"wpb_text_column\"><div class=\"wpb_wrapper\"><p>Por supuesto. Nos encanta que la gente nos venga a visitar y conocernos personalmente. Tienes dos opciones: o bien te apuntas a alguna de las sesiones de puertas abiertas que hacemos durante la primera mitad del a\u00f1o, o nos env\u00edas un correo o rellenas el formulario y nos pides venir. Buscaremos un momento y una hora en que te podamos atender y ense\u00f1ar todas las instalaciones.<\/p>\n<\/div><\/div><\/div><\/div><\/div><div class=\"w-tabs-section\" id=\"zdd7\"><button class=\"w-tabs-section-header\" aria-controls=\"content-zdd7\" aria-expanded=\"false\"><h6 class=\"w-tabs-section-title\">\u00bfQu\u00e9 pasa si tengo alguna necesidad especial?<\/h6><div class=\"w-tabs-section-control\"><\/div><\/button><div  class=\"w-tabs-section-content\" id=\"content-zdd7\"><div class=\"w-tabs-section-content-h i-cf\"><div class=\"wpb_text_column\"><div class=\"wpb_wrapper\"><p>Absolutamente nada. La escuela es un entorno totalmente inclusivo e intentamos facilitar las cosas al m\u00e1ximo a todo el que quiera venir a estudiar. De hecho, en el momento de la matr\u00edcula pedimos saber aquella informaci\u00f3n importante para tratar adecuadamente a los alumnos y evitarles situaciones inc\u00f3modas. Adem\u00e1s, el profesorado recibe anualmente formaci\u00f3n especializada para gestionar los casos con necesidades especiales.<\/p>\n<\/div><\/div><\/div><\/div><\/div><div class=\"w-tabs-section\" id=\"jfa1\"><button class=\"w-tabs-section-header\" aria-controls=\"content-jfa1\" aria-expanded=\"false\"><h6 class=\"w-tabs-section-title\">\u00bfMe tengo que comprar material adicional?<\/h6><div class=\"w-tabs-section-control\"><\/div><\/button><div  class=\"w-tabs-section-content\" id=\"content-jfa1\"><div class=\"w-tabs-section-content-h i-cf\"><div class=\"wpb_text_column\"><div class=\"wpb_wrapper\"><p>La escuela te pondr\u00e1 todo lo que necesites para formarte como ilustrador\/a. Dicho esto, recomendamos al alumnado del Grado y los M\u00e1steres, que tengan las herramientas necesarias para poder continuar dibujando en casa y aprovechar al m\u00e1ximo su paso por IBoix. Todo y que no es imprescindible, s\u00ed que aconsejamos tener una tableta gr\u00e1fica y un software de dibujo tipo Photoshop si quieres trabajar en la industria del entretenimiento.<\/p>\n<\/div><\/div><\/div><\/div><\/div><div class=\"w-tabs-section\" id=\"p1be\"><button class=\"w-tabs-section-header\" aria-controls=\"content-p1be\" aria-expanded=\"false\"><h6 class=\"w-tabs-section-title\">\u00bfTen\u00e9is becas y ayudas?<\/h6><div class=\"w-tabs-section-control\"><\/div><\/button><div  class=\"w-tabs-section-content\" id=\"content-p1be\"><div class=\"w-tabs-section-content-h i-cf\"><div class=\"wpb_text_column\"><div class=\"wpb_wrapper\"><p>Tenemos una beca, premios y diferentes ayudas al estudio.<\/p>\n<ul>\n<li>La <b>beca al talento<\/b><span style=\"font-weight: 400;\"> va dirigida a personas interesadas en estudiar en la escuela y es un descuento del 20% del coste del primer a\u00f1o del Grado o del Programa de Acceso al Grado (un ahorro de 1.100 \u20ac). Si te interesa nos tienes que enviar tu portafolio antes del 7 de marzo y a principios de abril se comunicar\u00e1 qu\u00e9 artistas han obtenido la beca.<\/span><\/li>\n<li>Los <b>premios al rendimiento<\/b> van dirigidos a los alumnos que m\u00e1s han progresado y m\u00e1s se han esforzado durante el curso. Son suscripciones anuales a licencias de Adobe Photoshop o Creative Cloud para seguir dibujando en casa con las herramientas m\u00e1s profesionales. Se otorgan el d\u00eda de la graduaci\u00f3n a los estudiantes m\u00e1s destacados de cada curso.<\/li>\n<li>Finalmente tambi\u00e9n ofrecemos una <b>ayuda<\/b> en forma del 50% de descuento en la matr\u00edcula para familias numerosas y monoparentales.<\/li>\n<\/ul>\n<p>Ah\u2026 y si haces el pago anual, en lugar de mensual, tendr\u00e1s un descuento directo del 7% del coste total del curso<\/p>\n<\/div><\/div><\/div><\/div><\/div><\/div><\/div><\/div><\/div><\/div><\/div><\/section><section class=\"l-section wpb_row Frm height_medium color_alternate with_img parallax_ver\" id=\"Prllx\"><div class=\"l-section-img\" role=\"img\" aria-label=\"IBOIX LAB\" data-img-width=\"1920\" data-img-height=\"1047\" style=\"background-image: url(https:\/\/escolaiboix.com\/wp-content\/uploads\/2026\/01\/dudas-bg.jpg);background-repeat: no-repeat;\"><\/div><div class=\"l-section-h i-cf\"><div class=\"g-cols vc_row via_grid cols_1 laptops-cols_inherit tablets-cols_inherit mobiles-cols_1 valign_top type_default stacking_default\"><div data-us-scroll=\"{&quot;from_initial_position&quot;:&quot;0&quot;,&quot;start_position&quot;:&quot;0%&quot;,&quot;end_position&quot;:&quot;50%&quot;,&quot;delay&quot;:&quot;0.1s&quot;,&quot;opacity_direction&quot;:&quot;out-in&quot;,&quot;scale_direction&quot;:&quot;up&quot;,&quot;scale_speed&quot;:&quot;0.3x&quot;}\" class=\"wpb_column vc_column_container has_scroll_effects has_opacity has_scale\"><div class=\"vc_column-inner\"><div class=\"w-hwrapper us_custom_8d5aa4e2 valign_middle align_left\" style=\"--hwrapper-gap:1rem\"><div class=\"w-image align_left\"><div class=\"w-image-h\"><img decoding=\"async\" src=\"https:\/\/escolaiboix.com\/wp-content\/uploads\/2026\/01\/Logoiboix-escola.svg\" class=\"attachment-full size-full\" alt=\"IBOIX escola\" loading=\"lazy\" \/><\/div><\/div><div class=\"w-vwrapper align_left valign_top\" style=\"--vwrapper-gap:5px\"><div class=\"wpb_text_column us_custom_064d3121\"><div class=\"wpb_wrapper\"><h5>CONTACTO<\/h5>\n<\/div><\/div><\/div><\/div>\n<div class=\"wpcf7 no-js\" id=\"wpcf7-f2773-o1\" lang=\"es-ES\" dir=\"ltr\" data-wpcf7-id=\"2773\">\n<div class=\"screen-reader-response\"><p role=\"status\" aria-live=\"polite\" aria-atomic=\"true\"><\/p> <ul><\/ul><\/div>\n<form action=\"\/es\/wp-json\/wp\/v2\/pages\/2203#wpcf7-f2773-o1\" method=\"post\" class=\"wpcf7-form init\" aria-label=\"Formulario de contacto\" novalidate=\"novalidate\" data-status=\"init\">\n<fieldset class=\"hidden-fields-container\"><input type=\"hidden\" name=\"_wpcf7\" value=\"2773\" \/><input type=\"hidden\" name=\"_wpcf7_version\" value=\"6.1.5\" \/><input type=\"hidden\" name=\"_wpcf7_locale\" value=\"es_ES\" \/><input type=\"hidden\" name=\"_wpcf7_unit_tag\" value=\"wpcf7-f2773-o1\" \/><input type=\"hidden\" name=\"_wpcf7_container_post\" value=\"0\" \/><input type=\"hidden\" name=\"_wpcf7_posted_data_hash\" value=\"\" \/>\n<\/fieldset>\n<div class=\"wpcf7-turnstile cf-turnstile\" data-sitekey=\"0x4AAAAAACBvqEpAYeOzeVJh\" data-response-field-name=\"_wpcf7_turnstile_response\"><\/div>\n\n<div class=\"hlf\">\n\t<p><span class=\"wpcf7-form-control-wrap\" data-name=\"your-name\"><input size=\"40\" maxlength=\"400\" class=\"wpcf7-form-control wpcf7-text wpcf7-validates-as-required\" aria-required=\"true\" aria-invalid=\"false\" placeholder=\"Nombre y apellidos*\" value=\"\" type=\"text\" name=\"your-name\" \/><\/span><span class=\"wpcf7-form-control-wrap\" data-name=\"your-email\"><input size=\"40\" maxlength=\"400\" class=\"wpcf7-form-control wpcf7-email wpcf7-validates-as-required wpcf7-text wpcf7-validates-as-email\" aria-required=\"true\" aria-invalid=\"false\" placeholder=\"Email*\" value=\"\" type=\"email\" name=\"your-email\" \/><\/span>\n\t<\/p>\n<\/div>\n<div class=\"hlf\">\n\t<p><span class=\"wpcf7-form-control-wrap\" data-name=\"your-phone\"><input size=\"40\" maxlength=\"400\" class=\"wpcf7-form-control wpcf7-tel wpcf7-validates-as-required wpcf7-text wpcf7-validates-as-tel\" aria-required=\"true\" aria-invalid=\"false\" placeholder=\"Tel\u00e9fono*\" value=\"\" type=\"tel\" name=\"your-phone\" \/><\/span><span class=\"wpcf7-form-control-wrap\" data-name=\"select-acom\"><select class=\"wpcf7-form-control wpcf7-select wpcf7-validates-as-required\" aria-required=\"true\" aria-invalid=\"false\" name=\"select-acom\"><option value=\"\">Curso de inter\u00e9s<\/option><option value=\"Grado de Ilustraci\u00f3n Profesional\">Grado de Ilustraci\u00f3n Profesional<\/option><option value=\"M\u00e1ster en Arte para Animaci\u00f3n y Videojuegos\">M\u00e1ster en Arte para Animaci\u00f3n y Videojuegos<\/option><option value=\"M\u00e1ster en Ilustraci\u00f3n profesional\">M\u00e1ster en Ilustraci\u00f3n profesional<\/option><option value=\"Curso de Ilustraci\u00f3n Digital\">Curso de Ilustraci\u00f3n Digital<\/option><option value=\"Curso de arte tradicional\">Curso de arte tradicional<\/option><option value=\"Cursos de verano\">Cursos de verano<\/option><option value=\"Extraescolar de dibujo digital\">Extraescolar de dibujo digital<\/option><option value=\"Otros\">Otros<\/option><\/select><\/span>\n\t<\/p>\n<\/div>\n<div class=\"one\">\n\t<p><span class=\"wpcf7-form-control-wrap\" data-name=\"your-textarea\"><textarea cols=\"40\" rows=\"10\" maxlength=\"2000\" class=\"wpcf7-form-control wpcf7-textarea\" aria-invalid=\"false\" placeholder=\"Comentarios\" name=\"your-textarea\"><\/textarea><\/span>\n\t<\/p>\n<\/div>\n<div class=\"legal_sb\">\n\t<div class=\"legal\">\n\t\t<p><span class=\"wpcf7-form-control-wrap\" data-name=\"acceptance-645\"><span class=\"wpcf7-form-control wpcf7-acceptance optional\"><span class=\"wpcf7-list-item\"><input type=\"checkbox\" name=\"acceptance-645\" value=\"1\" aria-invalid=\"false\" \/><\/span><\/span><\/span>\n\t\t<\/p>\n\t\t<p>*He le\u00eddo y acepto <a href=\"https:\/\/escolaiboix.com\/politica-de-privacitat\/\" target=\"blank\">la pol\u00edtica de privacidad<\/a> y el tratamiento de mis datos personales para gestionar mi solicitud y recibir comunicaciones informativas de IBOIX Escola\n\t\t<\/p>\n\t<\/div>\n\t<div class=\"send\">\n\t\t<p><input class=\"wpcf7-form-control wpcf7-submit has-spinner\" type=\"submit\" value=\"Enviar\" \/>\n\t\t<\/p>\n\t<\/div>\n<\/div>\n<p style=\"margin:0; padding:0; line-height: 0; Height:0;\"><span id=\"wpcf7-69f76520e9c2b-wrapper\" class=\"wpcf7-form-control-wrap honeypot-781-wrap\" style=\"display:none !important; visibility:hidden !important;\"><label for=\"hddn-form\" class=\"hp-message\">Por favor, deja este campo vac\u00edo.<\/label><input id=\"hddn-form\"  class=\"wpcf7-form-control wpcf7-text\" type=\"text\" name=\"honeypot-781\" value=\"\" size=\"40\" tabindex=\"-1\" autocomplete=\"new-password\" \/><\/span>\n<\/p><div class=\"wpcf7-response-output\" aria-hidden=\"true\"><\/div>\n<\/form>\n<\/div>\n\n<\/div><\/div><\/div><\/div><\/section>\n","protected":false},"excerpt":{"rendered":"Extraescolar de dibujo digital Y por la tarde\u2026 \u00a1a dibujar! Inicio: De septiembre a junio Edad m\u00ednima: De 10 a 16 a\u00f1os Matr\u00edcula: 120 \u20ac Horario: Lu a Vi de 17.30h a 19h Pago mensual: 50 \u20ac x 1 d\u00eda\/sem, 90 \u20ac x 2 d\u00edas, 120 \u20ac x 3 d\u00edas Nivel iniciaci\u00f3n Un espacio creativo...","protected":false},"author":1,"featured_media":0,"parent":0,"menu_order":0,"comment_status":"closed","ping_status":"closed","template":"","meta":{"footnotes":"","_links_to":"","_links_to_target":""},"class_list":["post-2203","page","type-page","status-publish","hentry"],"yoast_head":"<!-- This site is optimized with the Yoast SEO plugin v27.2 - https:\/\/yoast.com\/product\/yoast-seo-wordpress\/ -->\n<title>Escuela IBOIX - Ideas, proyectos, oportunidades<\/title>\n<meta name=\"description\" content=\"En la Escola IBOIX las ideas se transforman en proyectos reales, y los proyectos en oportunidades profesionales. Te conectamos con la industria\" \/>\n<meta name=\"robots\" content=\"index, follow, max-snippet:-1, max-image-preview:large, max-video-preview:-1\" \/>\n<link rel=\"canonical\" href=\"https:\/\/escolaiboix.com\/es\/escuela\/\" \/>\n<meta property=\"og:locale\" content=\"es_ES\" \/>\n<meta property=\"og:type\" content=\"article\" \/>\n<meta property=\"og:title\" content=\"Escuela IBOIX - Ideas, proyectos, oportunidades\" \/>\n<meta property=\"og:description\" content=\"En la Escola IBOIX las ideas se transforman en proyectos reales, y los proyectos en oportunidades profesionales. Te conectamos con la industria\" \/>\n<meta property=\"og:url\" content=\"https:\/\/escolaiboix.com\/es\/escuela\/\" \/>\n<meta property=\"og:site_name\" content=\"IBOIX\" \/>\n<meta property=\"article:modified_time\" content=\"2026-03-19T15:01:40+00:00\" \/>\n<meta name=\"twitter:card\" content=\"summary_large_image\" \/>\n<meta name=\"twitter:label1\" content=\"Tiempo de lectura\" \/>\n\t<meta name=\"twitter:data1\" content=\"7 minutos\" \/>\n<script type=\"application\/ld+json\" class=\"yoast-schema-graph\">{\"@context\":\"https:\/\/schema.org\",\"@graph\":[{\"@type\":\"WebPage\",\"@id\":\"https:\/\/escolaiboix.com\/es\/escuela\/\",\"url\":\"https:\/\/escolaiboix.com\/es\/escuela\/\",\"name\":\"Escuela IBOIX - Ideas, proyectos, oportunidades\",\"isPartOf\":{\"@id\":\"https:\/\/escolaiboix.com\/#website\"},\"datePublished\":\"2025-12-31T11:51:27+00:00\",\"dateModified\":\"2026-03-19T15:01:40+00:00\",\"description\":\"En la Escola IBOIX las ideas se transforman en proyectos reales, y los proyectos en oportunidades profesionales. Te conectamos con la industria\",\"breadcrumb\":{\"@id\":\"https:\/\/escolaiboix.com\/es\/escuela\/#breadcrumb\"},\"inLanguage\":\"es\",\"potentialAction\":[{\"@type\":\"ReadAction\",\"target\":[\"https:\/\/escolaiboix.com\/es\/escuela\/\"]}]},{\"@type\":\"BreadcrumbList\",\"@id\":\"https:\/\/escolaiboix.com\/es\/escuela\/#breadcrumb\",\"itemListElement\":[{\"@type\":\"ListItem\",\"position\":1,\"name\":\"Inici\",\"item\":\"https:\/\/escolaiboix.com\/es\/\"},{\"@type\":\"ListItem\",\"position\":2,\"name\":\"Escuela\"}]},{\"@type\":\"WebSite\",\"@id\":\"https:\/\/escolaiboix.com\/#website\",\"url\":\"https:\/\/escolaiboix.com\/\",\"name\":\"IBOIX\",\"description\":\"Dibuixa!\",\"potentialAction\":[{\"@type\":\"SearchAction\",\"target\":{\"@type\":\"EntryPoint\",\"urlTemplate\":\"https:\/\/escolaiboix.com\/?s={search_term_string}\"},\"query-input\":{\"@type\":\"PropertyValueSpecification\",\"valueRequired\":true,\"valueName\":\"search_term_string\"}}],\"inLanguage\":\"es\"}]}<\/script>\n<!-- \/ Yoast SEO plugin. -->","yoast_head_json":{"title":"Escuela IBOIX - Ideas, proyectos, oportunidades","description":"En la Escola IBOIX las ideas se transforman en proyectos reales, y los proyectos en oportunidades profesionales. Te conectamos con la industria","robots":{"index":"index","follow":"follow","max-snippet":"max-snippet:-1","max-image-preview":"max-image-preview:large","max-video-preview":"max-video-preview:-1"},"canonical":"https:\/\/escolaiboix.com\/es\/escuela\/","og_locale":"es_ES","og_type":"article","og_title":"Escuela IBOIX - Ideas, proyectos, oportunidades","og_description":"En la Escola IBOIX las ideas se transforman en proyectos reales, y los proyectos en oportunidades profesionales. Te conectamos con la industria","og_url":"https:\/\/escolaiboix.com\/es\/escuela\/","og_site_name":"IBOIX","article_modified_time":"2026-03-19T15:01:40+00:00","twitter_card":"summary_large_image","twitter_misc":{"Tiempo de lectura":"7 minutos"},"schema":{"@context":"https:\/\/schema.org","@graph":[{"@type":"WebPage","@id":"https:\/\/escolaiboix.com\/es\/escuela\/","url":"https:\/\/escolaiboix.com\/es\/escuela\/","name":"Escuela IBOIX - Ideas, proyectos, oportunidades","isPartOf":{"@id":"https:\/\/escolaiboix.com\/#website"},"datePublished":"2025-12-31T11:51:27+00:00","dateModified":"2026-03-19T15:01:40+00:00","description":"En la Escola IBOIX las ideas se transforman en proyectos reales, y los proyectos en oportunidades profesionales. Te conectamos con la industria","breadcrumb":{"@id":"https:\/\/escolaiboix.com\/es\/escuela\/#breadcrumb"},"inLanguage":"es","potentialAction":[{"@type":"ReadAction","target":["https:\/\/escolaiboix.com\/es\/escuela\/"]}]},{"@type":"BreadcrumbList","@id":"https:\/\/escolaiboix.com\/es\/escuela\/#breadcrumb","itemListElement":[{"@type":"ListItem","position":1,"name":"Inici","item":"https:\/\/escolaiboix.com\/es\/"},{"@type":"ListItem","position":2,"name":"Escuela"}]},{"@type":"WebSite","@id":"https:\/\/escolaiboix.com\/#website","url":"https:\/\/escolaiboix.com\/","name":"IBOIX","description":"Dibuixa!","potentialAction":[{"@type":"SearchAction","target":{"@type":"EntryPoint","urlTemplate":"https:\/\/escolaiboix.com\/?s={search_term_string}"},"query-input":{"@type":"PropertyValueSpecification","valueRequired":true,"valueName":"search_term_string"}}],"inLanguage":"es"}]}},"_links":{"self":[{"href":"https:\/\/escolaiboix.com\/es\/wp-json\/wp\/v2\/pages\/2203","targetHints":{"allow":["GET"]}}],"collection":[{"href":"https:\/\/escolaiboix.com\/es\/wp-json\/wp\/v2\/pages"}],"about":[{"href":"https:\/\/escolaiboix.com\/es\/wp-json\/wp\/v2\/types\/page"}],"author":[{"embeddable":true,"href":"https:\/\/escolaiboix.com\/es\/wp-json\/wp\/v2\/users\/1"}],"replies":[{"embeddable":true,"href":"https:\/\/escolaiboix.com\/es\/wp-json\/wp\/v2\/comments?post=2203"}],"version-history":[{"count":14,"href":"https:\/\/escolaiboix.com\/es\/wp-json\/wp\/v2\/pages\/2203\/revisions"}],"predecessor-version":[{"id":2841,"href":"https:\/\/escolaiboix.com\/es\/wp-json\/wp\/v2\/pages\/2203\/revisions\/2841"}],"wp:attachment":[{"href":"https:\/\/escolaiboix.com\/es\/wp-json\/wp\/v2\/media?parent=2203"}],"curies":[{"name":"wp","href":"https:\/\/api.w.org\/{rel}","templated":true}]}}